{"id":8446,"date":"2019-11-28T14:53:26","date_gmt":"2019-11-28T13:53:26","guid":{"rendered":"https:\/\/www.escolatrac.com\/premio-tat-vila-2\/"},"modified":"2026-04-24T14:05:32","modified_gmt":"2026-04-24T12:05:32","slug":"premio-tat-vila","status":"publish","type":"page","link":"https:\/\/www.escolatrac.com\/es\/premio-tat-vila\/","title":{"rendered":"Premio Tat Vil\u00e0"},"content":{"rendered":"\n<div class=\"wp-block-columns has-2-columns is-layout-flex wp-container-core-columns-is-layout-9d6595d7 wp-block-columns-is-layout-flex\">\n<div class=\"wp-block-column is-layout-flow wp-block-column-is-layout-flow\">\n<p>Este junio abrimos las inscripciones de la S\u00e9ptima Edici\u00f3n de nuestro Premio Pintura&nbsp;Tat&nbsp;Vil\u00e0 2026<\/p>\n\n\n\n<p>Este premio de pintura naci\u00f3 como una iniciativa de la Escuela Tra\u00e7 en homenaje a Tat Vil\u00e0, que dej\u00f3 su impronta como artista y maestra de la escuela durante m\u00e1s de 25 a\u00f1os.<\/p>\n\n\n\n<p>El objetivo del premio es promocionar creadoras y creadores contempor\u00e1neos y hacer difusi\u00f3n de su obra, dando continuidad al empuj\u00f3n y al entusiasmo de la&nbsp;Tat&nbsp;Vil\u00e0 y generando un espacio de relaci\u00f3n, de aprendizaje, creaci\u00f3n y difusi\u00f3n art\u00edstica.<\/p>\n\n\n\n<p><strong>Restultado Premi Tat Vil\u00e0 2025<\/strong><br>Primer Premio: Enric Servara (Un missatge de la mar)<\/p>\n\n\n\n<p><strong>Resultado Premi Pintura Tat Vil\u00e0 2024<\/strong><br>Primer Premio: Eul\u00e0lia Llopart (Re-Escriure la hist\u00f2ria)<\/p>\n\n\n\n<p><strong>Resultado Premi Pintura Tat&nbsp;Vil\u00e0 2023<\/strong><\/p>\n\n\n\n<p>Primer Premio: Marius Sala&nbsp;(Serenor de vesprada)<br>Menci\u00f3n Especial: Sol Vida&nbsp;(Habitar el espacio II)<\/p>\n\n\n\n<p><strong>Resultado Premi Pintura Tat&nbsp;Vil\u00e0 2022<\/strong><\/p>\n\n\n\n<p>Primer Premio: Berta&nbsp;Auser\u00e9&nbsp;(La Xarxa)<br>Menci\u00f3n Especial: Enric&nbsp;Servera&nbsp;(La Ona que ve)<\/p>\n\n\n\n<p><strong>Resultado Premi Pintura Tat Vil\u00e0 2019:<\/strong><br>Primer Premio: Josy Malagrida (S\/T)<br>Menci\u00f3n Especial: Berta Auser\u00e9 (L&#8217;Esquerda)<br><a href=\"https:\/\/www.escolatrac.com\/es\/exposiciones\/2a-edicio-premi-de-pintura-tat-vila\/\">Finalistas 2019<\/a><\/p>\n\n\n\n<p><strong>Premi Pintura Tat Vil\u00e0 2018<\/strong><br>Primer Premio: Mar\u00e7 Rabal (El joc)<br>Menci\u00f3n Especial: Gorka Pinyol (Esto vende)<br><br><\/p>\n\n\n\n<p><\/p>\n<\/div>\n\n\n\n<div class=\"wp-block-column is-layout-flow wp-block-column-is-layout-flow\">\n  <div class=\"uk-visible-toggle uk-position-relative\" uk-slider=\"finite: true; center: true; animation: push; ratio: 16:9;\">\n    <div class=\"uk-position-relative uk-visible-toggle\" tabindex=\"-1\">\n      <ul class=\"uk-slider-items\">\n                      <li class=\"uk-width-1-1\">\n                              <img decoding=\"async\" width=\"1024\" height=\"564\" src=\"https:\/\/www.escolatrac.com\/wp-content\/uploads\/2019\/03\/Tat-Vila\u0300.png\" class=\"attachment-large size-large lazyload\" alt=\"Premi Tat Vil\u00e0 Barcelona\" data-size=\"auto\" data-src=\"https:\/\/www.escolatrac.com\/wp-content\/uploads\/2019\/03\/Tat-Vila\u0300.png\" \/>              \n              <div class=\"uk-flex-inline uk-flex-between uk-width-1-1\">\n                <h4 class=\"uk-h5 uk-margin-remove uk-text-muted\"><\/h4>\n                <h4 class=\"uk-h5 uk-margin-remove uk-text-muted\"><\/h4>\n              <\/div>\n            <\/li>\n                <\/ul>\n\n      <a class=\"c-slidenav uk-position-center-left uk-position-small uk-padding-small\" href=\"#\" uk-slidenav-previous uk-slider-item=\"previous\"><\/a>\n      <a class=\"c-slidenav uk-position-center-right uk-position-small uk-padding-small\" href=\"#\" uk-slidenav-next uk-slider-item=\"next\"><\/a>\n    <\/div>\n\n    <ul class=\"uk-slider-nav uk-position-bottom uk-light uk-dotnav uk-flex-center uk-margin uk-margin-large-bottom\"><\/ul>\n  <\/div>\n<\/div>\n<\/div>\n\n\n<style>.kb-row-layout-wrap.wp-block-kadence-rowlayout.kb-row-layout-id8446_7cd26c-53{margin-top:70px;margin-bottom:99px;}.kb-row-layout-id8446_7cd26c-53 > .kt-row-column-wrap{align-content:start;}:where(.kb-row-layout-id8446_7cd26c-53 > .kt-row-column-wrap) > .wp-block-kadence-column{justify-content:start;}.kb-row-layout-id8446_7cd26c-53 > .kt-row-column-wrap{column-gap:var(--global-kb-gap-md, 2rem);row-gap:var(--global-kb-gap-md, 2rem);max-width:1280px;margin-left:auto;margin-right:auto;padding-top:80px;padding-bottom:90px;grid-template-columns:minmax(0, 1fr);}.kb-row-layout-id8446_7cd26c-53{background-color:#f0f0f0;}.kb-row-layout-id8446_7cd26c-53 > .kt-row-layout-overlay{opacity:0.30;}.kb-row-layout-id8446_7cd26c-53 .kt-row-layout-bottom-sep{height:100px;}.kb-row-layout-id8446_7cd26c-53 .kt-row-layout-bottom-sep svg{width:100%;}.kb-row-layout-id8446_7cd26c-53 .kt-row-layout-bottom-sep svg{fill:#ffffff!important;}@media all and (max-width: 1024px){.kb-row-layout-id8446_7cd26c-53 > .kt-row-column-wrap{grid-template-columns:minmax(0, 1fr);}}@media all and (max-width: 1024px){.kb-row-layout-id8446_7cd26c-53 .kt-row-layout-bottom-sep{height:px;}}@media all and (max-width: 1024px){.kb-row-layout-id8446_7cd26c-53 .kt-row-layout-bottom-sep svg{width:%;}}@media all and (max-width: 767px){.kb-row-layout-id8446_7cd26c-53 > .kt-row-column-wrap{grid-template-columns:minmax(0, 1fr);}.kb-row-layout-id8446_7cd26c-53 .kt-row-layout-bottom-sep{height:px;}.kb-row-layout-id8446_7cd26c-53 .kt-row-layout-bottom-sep svg{width:%;}}<\/style><div class=\"kb-row-layout-wrap kb-row-layout-id8446_7cd26c-53 alignfull kt-row-has-bg wp-block-kadence-rowlayout\"><div class=\"kt-row-column-wrap kt-has-1-columns kt-row-layout-equal kt-tab-layout-inherit kt-mobile-layout-row kt-row-valign-top\">\n<style>.kadence-column8446_49e2ac-60 > .kt-inside-inner-col,.kadence-column8446_49e2ac-60 > .kt-inside-inner-col:before{border-top-left-radius:0px;border-top-right-radius:0px;border-bottom-right-radius:0px;border-bottom-left-radius:0px;}.kadence-column8446_49e2ac-60 > .kt-inside-inner-col{column-gap:var(--global-kb-gap-sm, 1rem);}.kadence-column8446_49e2ac-60 > .kt-inside-inner-col{flex-direction:column;}.kadence-column8446_49e2ac-60 > .kt-inside-inner-col > .aligncenter{width:100%;}.kadence-column8446_49e2ac-60 > .kt-inside-inner-col:before{opacity:0.3;}.kadence-column8446_49e2ac-60{position:relative;}@media all and (max-width: 1024px){.kadence-column8446_49e2ac-60 > .kt-inside-inner-col{flex-direction:column;justify-content:center;}}@media all and (max-width: 767px){.kadence-column8446_49e2ac-60 > .kt-inside-inner-col{flex-direction:column;justify-content:center;}}<\/style>\n<div class=\"wp-block-kadence-column kadence-column8446_49e2ac-60 inner-column-1\"><div class=\"kt-inside-inner-col\">\n<p>Consulta las <a href=\"https:\/\/www.escolatrac.com\/es\/premio-tat-vila\/bases-premio-pintura-tat-vila-2019\/\" target=\"_blank\" rel=\"noreferrer noopener\">BASES DEL PREMIO.<\/a> El formulario estar\u00e1 activo el pr\u00f3ximo 1 de junio el 2026<\/p>\n\n\n\n<p><\/p>\n\n\n<style>.wp-block-kadence-spacer.kt-block-spacer-8446_68e575-d4 .kt-block-spacer{height:20px;}.wp-block-kadence-spacer.kt-block-spacer-8446_68e575-d4 .kt-divider{border-top-width:1px;height:1px;border-top-color:#eee;width:80%;border-top-style:solid;}<\/style>\n<div class=\"wp-block-kadence-spacer aligncenter kt-block-spacer-8446_68e575-d4\"><div class=\"kt-block-spacer kt-block-spacer-halign-center\"><hr class=\"kt-divider\"\/><\/div><\/div>\n\n\n<div class=\"caldera-grid\" id=\"caldera_form_1\" data-cf-ver=\"1.9.7\" data-cf-form-id=\"CF5cae1f1405340\"><div id=\"caldera_notices_1\" data-spinner=\"https:\/\/www.escolatrac.com\/wp-admin\/images\/spinner.gif\"><\/div><form data-instance=\"1\" class=\"CF5cae1f1405340 caldera_forms_form cfajax-trigger\" method=\"POST\" enctype=\"multipart\/form-data\" id=\"CF5cae1f1405340_1\" data-form-id=\"CF5cae1f1405340\" aria-label=\"PREMI TAT VIL&Agrave; - ES\" data-target=\"#caldera_notices_1\" data-template=\"#cfajax_CF5cae1f1405340-tmpl\" data-cfajax=\"CF5cae1f1405340\" data-load-element=\"_parent\" data-load-class=\"cf_processing\" data-post-disable=\"0\" data-action=\"cf_process_ajax_submit\" data-request=\"https:\/\/www.escolatrac.com\/es\/\/cf-api\/CF5cae1f1405340\" data-hiderows=\"true\">\r\n<input type=\"hidden\" id=\"_cf_verify_CF5cae1f1405340\" name=\"_cf_verify\" value=\"145394f507\"  data-nonce-time=\"1777544221\" \/><input type=\"hidden\" name=\"_wp_http_referer\" value=\"\/es\/wp-json\/wp\/v2\/pages\/8446\" \/><div id=\"cf2-CF5cae1f1405340_1\"><\/div><input type=\"hidden\" name=\"_cf_frm_id\" value=\"CF5cae1f1405340\">\r\n<input type=\"hidden\" name=\"_cf_frm_ct\" value=\"1\">\r\n<input type=\"hidden\" name=\"cfajax\" value=\"CF5cae1f1405340\">\r\n<input type=\"hidden\" name=\"_cf_cr_pst\" value=\"8446\">\r\n<div class=\"hide\" style=\"display:none; overflow:hidden;height:0;width:0;\">\r\n<label>Order Number<\/label><input type=\"text\" name=\"order_number\" value=\"\" autocomplete=\"off\">\r\n<\/div><div id=\"CF5cae1f1405340_1-row-1\"  class=\"row  single\"><div  class=\"col-sm-6  first_col\"><div class=\"\"><h3>DATOS PERSONALES<\/h3>\n<\/div><div data-field-wrapper=\"fld_8768091\" class=\"form-group\" id=\"fld_8768091_1-wrap\">\r\n\t<label id=\"fld_8768091Label\" for=\"fld_8768091_1\" class=\"control-label\">Nombre y apellidos <span aria-hidden=\"true\" role=\"presentation\" class=\"field_required\" style=\"color:#ee0000;\">*<\/span><\/label>\r\n\t<div class=\"\">\r\n\t\t<input   required type=\"text\" data-field=\"fld_8768091\" class=\" form-control\" id=\"fld_8768091_1\" name=\"fld_8768091\" value=\"\" data-type=\"text\" aria-required=\"true\"   aria-labelledby=\"fld_8768091Label\" >\t\t\t<\/div>\r\n<\/div>\r\n<div data-field-wrapper=\"fld_7864921\" class=\"form-group\" id=\"fld_7864921_1-wrap\">\r\n\t<label id=\"fld_7864921Label\" for=\"fld_7864921_1\" class=\"control-label\">Tel\u00e9fono <span aria-hidden=\"true\" role=\"presentation\" class=\"field_required\" style=\"color:#ee0000;\">*<\/span><\/label>\r\n\t<div class=\"\">\r\n\t\t<input  data-inputmask=\"'mask': '999-999-999'\"  required type=\"phone\" data-field=\"fld_7864921\" class=\" form-control\" id=\"fld_7864921_1\" name=\"fld_7864921\" value=\"\" data-type=\"phone\" aria-required=\"true\"   aria-labelledby=\"fld_7864921Label\" >\t\t\t<\/div>\r\n<\/div>\r\n<div data-field-wrapper=\"fld_6009157\" class=\"form-group\" id=\"fld_6009157_1-wrap\">\r\n\t<label id=\"fld_6009157Label\" for=\"fld_6009157_1\" class=\"control-label\">E-mail <span aria-hidden=\"true\" role=\"presentation\" class=\"field_required\" style=\"color:#ee0000;\">*<\/span><\/label>\r\n\t<div class=\"\">\r\n\t\t<input   required type=\"email\" data-field=\"fld_6009157\" class=\" form-control\" id=\"fld_6009157_1\" name=\"fld_6009157\" value=\"\" data-type=\"email\" aria-required=\"true\"   aria-labelledby=\"fld_6009157Label\" >\t\t\t<\/div>\r\n<\/div>\r\n<div data-field-wrapper=\"fld_4899096\" class=\"form-group\" id=\"fld_4899096_1-wrap\">\r\n\t<label id=\"fld_4899096Label\" for=\"fld_4899096_1\" class=\"control-label\">DNI\/NIE\/Pasaporte <span aria-hidden=\"true\" role=\"presentation\" class=\"field_required\" style=\"color:#ee0000;\">*<\/span><\/label>\r\n\t<div class=\"\">\r\n\t\t<input   required type=\"text\" data-field=\"fld_4899096\" class=\" form-control\" id=\"fld_4899096_1\" name=\"fld_4899096\" value=\"\" data-type=\"text\" aria-required=\"true\"   aria-labelledby=\"fld_4899096Label\" >\t\t\t<\/div>\r\n<\/div>\r\n<div data-field-wrapper=\"fld_8645771\" class=\"form-group\" id=\"fld_8645771_1-wrap\">\r\n\t<label id=\"fld_8645771Label\" for=\"fld_8645771_1\" class=\"control-label\">Direcci\u00f3n <span aria-hidden=\"true\" role=\"presentation\" class=\"field_required\" style=\"color:#ee0000;\">*<\/span><\/label>\r\n\t<div class=\"\">\r\n\t\t<input   required type=\"text\" data-field=\"fld_8645771\" class=\" form-control\" id=\"fld_8645771_1\" name=\"fld_8645771\" value=\"\" data-type=\"text\" aria-required=\"true\"   aria-labelledby=\"fld_8645771Label\" >\t\t\t<\/div>\r\n<\/div>\r\n<div data-field-wrapper=\"fld_8259691\" class=\"form-group\" id=\"fld_8259691_1-wrap\">\r\n\t<label id=\"fld_8259691Label\" for=\"fld_8259691_1\" class=\"control-label\">Pa\u00eds <span aria-hidden=\"true\" role=\"presentation\" class=\"field_required\" style=\"color:#ee0000;\">*<\/span><\/label>\r\n\t<div class=\"\">\r\n\t\t<input   required type=\"text\" data-field=\"fld_8259691\" class=\" form-control\" id=\"fld_8259691_1\" name=\"fld_8259691\" value=\"\" data-type=\"text\" aria-required=\"true\"   aria-labelledby=\"fld_8259691Label\" >\t\t\t<\/div>\r\n<\/div>\r\n<div data-field-wrapper=\"fld_3118504\" class=\"form-group\" id=\"fld_3118504_1-wrap\">\r\n\t<label id=\"fld_3118504Label\" for=\"fld_3118504_1\" class=\"control-label\">Curr\u00edculum del artista (Formato aceptado: PDF) <span aria-hidden=\"true\" role=\"presentation\" class=\"field_required\" style=\"color:#ee0000;\">*<\/span><\/label>\r\n\t<div class=\"file-prevent-overflow\">\r\n\t\t<div id=\"fld_3118504_1_file_list\" class=\"cf-multi-uploader-list\"><\/div>\n\t\t\t\t<input type=\"file\" name=\"fld_3118504\" value=\"\" data-field=\"fld_3118504\" class=\"\" id=\"fld_3118504_1\" data-controlid=\"trupl69f32c1d92da5\"   required=\"required\"   aria-labelledby=\"fld_3118504Label\">\n\t\t<input type=\"hidden\" name=\"fld_3118504\" value=\"trupl69f32c1d92da5\">\n\t\t\t<\/div>\r\n<\/div>\r\n<div data-field-wrapper=\"fld_972086\" class=\"form-group\" id=\"fld_972086_1-wrap\">\r\n\t<label id=\"fld_972086Label\" for=\"fld_972086_1\" class=\"control-label\">Justificante transferencia Tasa Inscripci\u00f3n <span aria-hidden=\"true\" role=\"presentation\" class=\"field_required\" style=\"color:#ee0000;\">*<\/span><\/label>\r\n\t<div class=\"file-prevent-overflow\">\r\n\t\t<div id=\"fld_972086_1_file_list\" class=\"cf-multi-uploader-list\"><\/div>\n\t\t\t\t<input type=\"file\" name=\"fld_972086\" value=\"\" data-field=\"fld_972086\" class=\"\" id=\"fld_972086_1\" data-controlid=\"trupl69f32c1d92f45\"   required=\"required\"   aria-labelledby=\"fld_972086Label\">\n\t\t<input type=\"hidden\" name=\"fld_972086\" value=\"trupl69f32c1d92f45\">\n\t\t\t<\/div>\r\n<\/div>\r\n<\/div><div  class=\"col-sm-6  last_col\"><div class=\"\"><h3>SOBRE LA OBRA<\/h3>\n<\/div><div data-field-wrapper=\"fld_4956776\" class=\"form-group\" id=\"fld_4956776_1-wrap\">\r\n\t<label id=\"fld_4956776Label\" for=\"fld_4956776_1\" class=\"control-label\">T\u00edtulo de la obra <span aria-hidden=\"true\" role=\"presentation\" class=\"field_required\" style=\"color:#ee0000;\">*<\/span><\/label>\r\n\t<div class=\"\">\r\n\t\t<input   required type=\"text\" data-field=\"fld_4956776\" class=\" form-control\" id=\"fld_4956776_1\" name=\"fld_4956776\" value=\"\" data-type=\"text\" aria-required=\"true\"   aria-labelledby=\"fld_4956776Label\" >\t\t\t<\/div>\r\n<\/div>\r\n<div data-field-wrapper=\"fld_542447\" class=\"form-group\" id=\"fld_542447_1-wrap\">\r\n\t<label id=\"fld_542447Label\" for=\"fld_542447_1\" class=\"control-label\">Ficha t\u00e9cnica <span aria-hidden=\"true\" role=\"presentation\" class=\"field_required\" style=\"color:#ee0000;\">*<\/span><\/label>\r\n\t<div class=\"\">\r\n\t\t<textarea name=\"fld_542447\" value=\"\" data-field=\"fld_542447\" class=\"form-control\" id=\"fld_542447_1\" rows=\"4\"  required=\"required\"  aria-labelledby=\"fld_542447Label\" ><\/textarea>\n\t\t\t<\/div>\r\n<\/div>\r\n<div data-field-wrapper=\"fld_8162449\" class=\"form-group\" id=\"fld_8162449_1-wrap\">\r\n\t<label id=\"fld_8162449Label\" for=\"fld_8162449_1\" class=\"control-label\">Breve memoria de la obra (opcional)<\/label>\r\n\t<div class=\"\">\r\n\t\t<textarea name=\"fld_8162449\" value=\"\" data-field=\"fld_8162449\" class=\"form-control\" id=\"fld_8162449_1\" rows=\"4\"    aria-labelledby=\"fld_8162449Label\" ><\/textarea>\n\t\t\t<\/div>\r\n<\/div>\r\n<div data-field-wrapper=\"fld_9946980\" class=\"form-group\" id=\"fld_9946980_1-wrap\">\r\n\t<label id=\"fld_9946980Label\" for=\"fld_9946980_1\" class=\"control-label\">Imagen de la obra (Adjuntar imagen de la obra, Medida m\u00e1xima de la imagen 10MB. Formatos aceptados: TIFF, JPG, PNG) <span aria-hidden=\"true\" role=\"presentation\" class=\"field_required\" style=\"color:#ee0000;\">*<\/span><\/label>\r\n\t<div class=\"file-prevent-overflow\">\r\n\t\t<div id=\"fld_9946980_1_file_list\" class=\"cf-multi-uploader-list\"><\/div>\n\t\t\t\t<input type=\"file\" name=\"fld_9946980\" value=\"\" data-field=\"fld_9946980\" class=\"\" id=\"fld_9946980_1\" data-controlid=\"trupl69f32c1d938e9\"   required=\"required\"   aria-labelledby=\"fld_9946980Label\">\n\t\t<input type=\"hidden\" name=\"fld_9946980\" value=\"trupl69f32c1d938e9\">\n\t\t\t<\/div>\r\n<\/div>\r\n<div data-field-wrapper=\"fld_9896006\" class=\"form-group\" id=\"fld_9896006_1-wrap\">\r\n<div class=\"\">\r\n\n<div class=\"checkbox-inline caldera-forms-consent-field\">\n    <input data-parsley-required=\"true\" data-parsley-group=\"fld_9896006_1\" data-parsley-multiple=\"fld_9896006_1\"        type=\"checkbox\" data-label=\"Estoy de acuerdo\"\n        data-field=\"fld_9896006\"\n        id=\"fld_9896006_1\"\n        class=\"fld_9896006_1 option-required\"\n        name=\"fld_9896006\"\n        value=\"1\"\n        data-type=\"checkbox\"\n        data-checkbox-field=\"fld_9896006_1\"\n    >\n    <label for=\"fld_9896006_1\"\n           class=\"caldera-forms-gdpr-field-label\"\n           style=\"display:inline; margin-left: 0.5rem;\"\n    >\n        Estoy de acuerdo        <p\n            class=\"caldera-forms-consent-field-agreement\"\n        >\n            con        <\/p>\n        <a href=\"https:\/\/www.escolatrac.com\/politica-de-privacidad\/\"\n           target=\"_blank\"\n                title=\"la pol\u00edtica de privacidad\"\n            class=\"caldera-forms-consent-field-linked_text\"\n            >\n            la pol\u00edtica de privacidad        <\/a>\n    <\/label>\n    <span style=\"color:#ff0000;\">*<\/span>\n<\/div>\n\n<\/div>\r\n<\/div>\r\n<div data-field-wrapper=\"fld_9974787\" class=\"form-group\" id=\"fld_9974787_1-wrap\">\r\n<label id=\"fld_9974787Label\" for=\"fld_9974787_1\" class=\"control-label\">Cedo los derechos de imagen de la obra para el archivo p\u00fablico de Tra\u00e7 Centre D'Expressi\u00f3 Pl\u00e0stica SL <span aria-hidden=\"true\" role=\"presentation\" class=\"field_required\" style=\"color:#ee0000;\">*<\/span><\/label>\r\n<div class=\"\">\r\n\t\t\t\t\t<div class=\"radio\">\n\t\t\t\t<label data-label=\"Si\" for=\"fld_9974787_1_opt1535681\"><input type=\"radio\" id=\"fld_9974787_1_opt1535681\" data-field=\"fld_9974787\" class=\"fld_9974787_1 option-required\" name=\"fld_9974787\" value=\"Si\"   required=\"required\" data-radio-field=\"fld_9974787_1\" data-type=\"radio\" data-calc-value=\"Si\" \/>\n\t\t\tSi\t\t<\/label>\n\t\t\t\t\t<\/div>\n\t\t\t\t\t\t\t\t\t<div class=\"radio\">\n\t\t\t\t<label data-label=\"No\" for=\"fld_9974787_1_opt1371515\"><input type=\"radio\" id=\"fld_9974787_1_opt1371515\" data-field=\"fld_9974787\" class=\"fld_9974787_1 option-required\" name=\"fld_9974787\" value=\"No\"   required=\"required\" data-radio-field=\"fld_9974787_1\" data-type=\"radio\" data-calc-value=\"No\" \/>\n\t\t\tNo\t\t<\/label>\n\t\t\t\t\t<\/div>\n\t\t\t\t<\/div>\r\n<\/div>\r\n<div data-field-wrapper=\"fld_7908577\" class=\"form-group\" id=\"fld_7908577_1-wrap\">\r\n<div class=\"\">\r\n\t<input  class=\"btn btn-default\" type=\"submit\" name=\"fld_7908577\" id=\"fld_7908577_1\" value=\"Enviar\" data-field=\"fld_7908577\"  >\n<\/div>\r\n<\/div>\r\n\t<input class=\"button_trigger_1\" type=\"hidden\" name=\"fld_7908577\" id=\"fld_7908577_1_btn\" value=\"\" data-field=\"fld_7908577\"  \/>\n<\/div><\/div><\/form>\r\n<\/div>\r\n\n<\/div><\/div>\n\n<\/div><\/div>\n\n      <section id=\"gallery-images-block_68082bbaa9b29c2d430815db02b56be9\" class=\"uk-margin-large-bottom\">\n      <div class=\"uk-container\">\n        <h3 class=\"uk-h4 uk-text-uppercase\">Premio Tat Vil\u00e0 2025<\/h3>\n\n        <div class=\"uk-grid-collapse uk-child-width-1-3@s\" uk-lightbox uk-grid=\"margin: uk-margin-top\">\n                            <div>\n                    <a href=\"https:\/\/www.escolatrac.com\/wp-content\/uploads\/2025\/09\/UN-MISSATGE-DE-LA-MAR_Enric-Servera-Carreras.jpg\" class=\"uk-position-relative\">\n                        <img decoding=\"async\" width=\"768\" height=\"432\" src=\"https:\/\/www.escolatrac.com\/wp-content\/uploads\/2025\/09\/UN-MISSATGE-DE-LA-MAR_Enric-Servera-Carreras-300x168.jpg\" class=\"attachment-medium_large size-medium_large lazyload\" alt=\"\" srcset=\"\" sizes=\"(max-width: 768px) 100vw, 768px\" data-size=\"auto\" data-src=\"https:\/\/www.escolatrac.com\/wp-content\/uploads\/2025\/09\/UN-MISSATGE-DE-LA-MAR_Enric-Servera-Carreras-768x432.jpg\" data-srcset=\"https:\/\/www.escolatrac.com\/wp-content\/uploads\/2025\/09\/UN-MISSATGE-DE-LA-MAR_Enric-Servera-Carreras-768x432.jpg 768w, https:\/\/www.escolatrac.com\/wp-content\/uploads\/2025\/09\/UN-MISSATGE-DE-LA-MAR_Enric-Servera-Carreras-300x168.jpg 300w, https:\/\/www.escolatrac.com\/wp-content\/uploads\/2025\/09\/UN-MISSATGE-DE-LA-MAR_Enric-Servera-Carreras-1024x576.jpg 1024w, https:\/\/www.escolatrac.com\/wp-content\/uploads\/2025\/09\/UN-MISSATGE-DE-LA-MAR_Enric-Servera-Carreras-453x255.jpg 453w\" \/>\n                                                    <h4 class=\"uk-margin-small-top\">Un missatge de la Mar<\/h4>\n                                            <\/a>\n                <\/div>\n                            <div>\n                    <a href=\"https:\/\/www.escolatrac.com\/wp-content\/uploads\/2026\/03\/PXL_20251004_084343757.MP_.jpg\" class=\"uk-position-relative\">\n                        <img decoding=\"async\" width=\"768\" height=\"432\" src=\"https:\/\/www.escolatrac.com\/wp-content\/uploads\/2026\/03\/PXL_20251004_084343757.MP_-300x168.jpg\" class=\"attachment-medium_large size-medium_large lazyload\" alt=\"\" srcset=\"\" sizes=\"(max-width: 768px) 100vw, 768px\" data-size=\"auto\" data-src=\"https:\/\/www.escolatrac.com\/wp-content\/uploads\/2026\/03\/PXL_20251004_084343757.MP_-768x432.jpg\" data-srcset=\"https:\/\/www.escolatrac.com\/wp-content\/uploads\/2026\/03\/PXL_20251004_084343757.MP_-768x432.jpg 768w, https:\/\/www.escolatrac.com\/wp-content\/uploads\/2026\/03\/PXL_20251004_084343757.MP_-300x168.jpg 300w, https:\/\/www.escolatrac.com\/wp-content\/uploads\/2026\/03\/PXL_20251004_084343757.MP_-1024x576.jpg 1024w, https:\/\/www.escolatrac.com\/wp-content\/uploads\/2026\/03\/PXL_20251004_084343757.MP_-453x255.jpg 453w\" \/>\n                                            <\/a>\n                <\/div>\n                            <div>\n                    <a href=\"https:\/\/www.escolatrac.com\/wp-content\/uploads\/2026\/03\/PXL_20251004_090602585.jpg\" class=\"uk-position-relative\">\n                        <img decoding=\"async\" width=\"768\" height=\"432\" src=\"https:\/\/www.escolatrac.com\/wp-content\/uploads\/2026\/03\/PXL_20251004_090602585-300x168.jpg\" class=\"attachment-medium_large size-medium_large lazyload\" alt=\"\" srcset=\"\" sizes=\"(max-width: 768px) 100vw, 768px\" data-size=\"auto\" data-src=\"https:\/\/www.escolatrac.com\/wp-content\/uploads\/2026\/03\/PXL_20251004_090602585-768x432.jpg\" data-srcset=\"https:\/\/www.escolatrac.com\/wp-content\/uploads\/2026\/03\/PXL_20251004_090602585-768x432.jpg 768w, https:\/\/www.escolatrac.com\/wp-content\/uploads\/2026\/03\/PXL_20251004_090602585-300x168.jpg 300w, https:\/\/www.escolatrac.com\/wp-content\/uploads\/2026\/03\/PXL_20251004_090602585-1024x576.jpg 1024w, https:\/\/www.escolatrac.com\/wp-content\/uploads\/2026\/03\/PXL_20251004_090602585-453x255.jpg 453w\" \/>\n                                                    <h4 class=\"uk-margin-small-top\">Menci\u00f3n especial: La ona que ve<\/h4>\n                                            <\/a>\n                <\/div>\n                    <\/div>\n\n                <\/div>\n    <\/section>\n\n\n      <section id=\"gallery-images-block_0e99e41171b9a350abbf46668ac378a0\" class=\"uk-margin-large-bottom\">\n      <div class=\"uk-container\">\n        <h3 class=\"uk-h4 uk-text-uppercase\">Premio Tat Vil\u00e0 2024<\/h3>\n\n        <div class=\"uk-grid-collapse uk-child-width-1-3@s\" uk-lightbox uk-grid=\"margin: uk-margin-top\">\n                            <div>\n                    <a href=\"https:\/\/www.escolatrac.com\/wp-content\/uploads\/2026\/03\/reEscriure-la-historia_EulaliaLlopart-2.jpg\" class=\"uk-position-relative\">\n                        <img decoding=\"async\" width=\"768\" height=\"432\" src=\"https:\/\/www.escolatrac.com\/wp-content\/uploads\/2026\/03\/reEscriure-la-historia_EulaliaLlopart-2-300x168.jpg\" class=\"attachment-medium_large size-medium_large lazyload\" alt=\"\" srcset=\"\" sizes=\"(max-width: 768px) 100vw, 768px\" data-size=\"auto\" data-src=\"https:\/\/www.escolatrac.com\/wp-content\/uploads\/2026\/03\/reEscriure-la-historia_EulaliaLlopart-2-768x432.jpg\" data-srcset=\"https:\/\/www.escolatrac.com\/wp-content\/uploads\/2026\/03\/reEscriure-la-historia_EulaliaLlopart-2-768x432.jpg 768w, https:\/\/www.escolatrac.com\/wp-content\/uploads\/2026\/03\/reEscriure-la-historia_EulaliaLlopart-2-300x168.jpg 300w, https:\/\/www.escolatrac.com\/wp-content\/uploads\/2026\/03\/reEscriure-la-historia_EulaliaLlopart-2-1024x576.jpg 1024w, https:\/\/www.escolatrac.com\/wp-content\/uploads\/2026\/03\/reEscriure-la-historia_EulaliaLlopart-2-453x255.jpg 453w\" \/>\n                                                    <h4 class=\"uk-margin-small-top\">re-Escriure la hist\u00f2ria<\/h4>\n                                            <\/a>\n                <\/div>\n                            <div>\n                    <a href=\"https:\/\/www.escolatrac.com\/wp-content\/uploads\/2026\/03\/PXL_20241005_112949155.jpg\" class=\"uk-position-relative\">\n                        <img decoding=\"async\" width=\"768\" height=\"432\" src=\"https:\/\/www.escolatrac.com\/wp-content\/uploads\/2026\/03\/PXL_20241005_112949155-300x168.jpg\" class=\"attachment-medium_large size-medium_large lazyload\" alt=\"\" srcset=\"\" sizes=\"(max-width: 768px) 100vw, 768px\" data-size=\"auto\" data-src=\"https:\/\/www.escolatrac.com\/wp-content\/uploads\/2026\/03\/PXL_20241005_112949155-768x432.jpg\" data-srcset=\"https:\/\/www.escolatrac.com\/wp-content\/uploads\/2026\/03\/PXL_20241005_112949155-768x432.jpg 768w, https:\/\/www.escolatrac.com\/wp-content\/uploads\/2026\/03\/PXL_20241005_112949155-300x168.jpg 300w, https:\/\/www.escolatrac.com\/wp-content\/uploads\/2026\/03\/PXL_20241005_112949155-1024x576.jpg 1024w, https:\/\/www.escolatrac.com\/wp-content\/uploads\/2026\/03\/PXL_20241005_112949155-453x255.jpg 453w, https:\/\/www.escolatrac.com\/wp-content\/uploads\/2026\/03\/PXL_20241005_112949155-600x338.jpg 600w, https:\/\/www.escolatrac.com\/wp-content\/uploads\/2026\/03\/PXL_20241005_112949155.jpg 1200w\" \/>\n                                            <\/a>\n                <\/div>\n                            <div>\n                    <a href=\"https:\/\/www.escolatrac.com\/wp-content\/uploads\/2026\/03\/PXL_20241005_111950862.jpg\" class=\"uk-position-relative\">\n                        <img decoding=\"async\" width=\"768\" height=\"432\" src=\"https:\/\/www.escolatrac.com\/wp-content\/uploads\/2026\/03\/PXL_20241005_111950862-300x168.jpg\" class=\"attachment-medium_large size-medium_large lazyload\" alt=\"\" srcset=\"\" sizes=\"(max-width: 768px) 100vw, 768px\" data-size=\"auto\" data-src=\"https:\/\/www.escolatrac.com\/wp-content\/uploads\/2026\/03\/PXL_20241005_111950862-768x432.jpg\" data-srcset=\"https:\/\/www.escolatrac.com\/wp-content\/uploads\/2026\/03\/PXL_20241005_111950862-768x432.jpg 768w, https:\/\/www.escolatrac.com\/wp-content\/uploads\/2026\/03\/PXL_20241005_111950862-300x168.jpg 300w, https:\/\/www.escolatrac.com\/wp-content\/uploads\/2026\/03\/PXL_20241005_111950862-1024x576.jpg 1024w, https:\/\/www.escolatrac.com\/wp-content\/uploads\/2026\/03\/PXL_20241005_111950862-453x255.jpg 453w, https:\/\/www.escolatrac.com\/wp-content\/uploads\/2026\/03\/PXL_20241005_111950862-600x338.jpg 600w, https:\/\/www.escolatrac.com\/wp-content\/uploads\/2026\/03\/PXL_20241005_111950862.jpg 1200w\" \/>\n                                                    <h4 class=\"uk-margin-small-top\">Menci\u00f3n especial: La ona que ve<\/h4>\n                                            <\/a>\n                <\/div>\n                    <\/div>\n\n                <\/div>\n    <\/section>\n\n\n      <section id=\"gallery-images-block_2ab27aeef680d324b6b11ca642a3acc5\" class=\"uk-margin-large-bottom\">\n      <div class=\"uk-container\">\n        <h3 class=\"uk-h4 uk-text-uppercase\">Premio Tat Vil\u00e0 2023<\/h3>\n\n        <div class=\"uk-grid-collapse uk-child-width-1-3@s\" uk-lightbox uk-grid=\"margin: uk-margin-top\">\n                            <div>\n                    <a href=\"https:\/\/www.escolatrac.com\/wp-content\/uploads\/2026\/03\/Marius-sala-serenor-low.jpg\" class=\"uk-position-relative\">\n                        <img decoding=\"async\" width=\"768\" height=\"432\" src=\"https:\/\/www.escolatrac.com\/wp-content\/uploads\/2026\/03\/Marius-sala-serenor-low-300x168.jpg\" class=\"attachment-medium_large size-medium_large lazyload\" alt=\"\" srcset=\"\" sizes=\"(max-width: 768px) 100vw, 768px\" data-size=\"auto\" data-src=\"https:\/\/www.escolatrac.com\/wp-content\/uploads\/2026\/03\/Marius-sala-serenor-low-768x432.jpg\" data-srcset=\"https:\/\/www.escolatrac.com\/wp-content\/uploads\/2026\/03\/Marius-sala-serenor-low-768x432.jpg 768w, https:\/\/www.escolatrac.com\/wp-content\/uploads\/2026\/03\/Marius-sala-serenor-low-300x168.jpg 300w, https:\/\/www.escolatrac.com\/wp-content\/uploads\/2026\/03\/Marius-sala-serenor-low-453x255.jpg 453w\" \/>\n                                                    <h4 class=\"uk-margin-small-top\">Serenor de Vesprada<\/h4>\n                                            <\/a>\n                <\/div>\n                            <div>\n                    <a href=\"https:\/\/www.escolatrac.com\/wp-content\/uploads\/2026\/03\/IMG_20230930_132530.jpg\" class=\"uk-position-relative\">\n                        <img decoding=\"async\" width=\"768\" height=\"432\" src=\"https:\/\/www.escolatrac.com\/wp-content\/uploads\/2026\/03\/IMG_20230930_132530-300x168.jpg\" class=\"attachment-medium_large size-medium_large lazyload\" alt=\"\" srcset=\"\" sizes=\"(max-width: 768px) 100vw, 768px\" data-size=\"auto\" data-src=\"https:\/\/www.escolatrac.com\/wp-content\/uploads\/2026\/03\/IMG_20230930_132530-768x432.jpg\" data-srcset=\"https:\/\/www.escolatrac.com\/wp-content\/uploads\/2026\/03\/IMG_20230930_132530-768x432.jpg 768w, https:\/\/www.escolatrac.com\/wp-content\/uploads\/2026\/03\/IMG_20230930_132530-300x168.jpg 300w, https:\/\/www.escolatrac.com\/wp-content\/uploads\/2026\/03\/IMG_20230930_132530-1024x576.jpg 1024w, https:\/\/www.escolatrac.com\/wp-content\/uploads\/2026\/03\/IMG_20230930_132530-453x255.jpg 453w\" \/>\n                                            <\/a>\n                <\/div>\n                            <div>\n                    <a href=\"https:\/\/www.escolatrac.com\/wp-content\/uploads\/2026\/03\/IMG_20230930_131917.jpg\" class=\"uk-position-relative\">\n                        <img decoding=\"async\" width=\"768\" height=\"432\" src=\"https:\/\/www.escolatrac.com\/wp-content\/uploads\/2026\/03\/IMG_20230930_131917-300x168.jpg\" class=\"attachment-medium_large size-medium_large lazyload\" alt=\"\" srcset=\"\" sizes=\"(max-width: 768px) 100vw, 768px\" data-size=\"auto\" data-src=\"https:\/\/www.escolatrac.com\/wp-content\/uploads\/2026\/03\/IMG_20230930_131917-768x432.jpg\" data-srcset=\"https:\/\/www.escolatrac.com\/wp-content\/uploads\/2026\/03\/IMG_20230930_131917-768x432.jpg 768w, https:\/\/www.escolatrac.com\/wp-content\/uploads\/2026\/03\/IMG_20230930_131917-300x168.jpg 300w, https:\/\/www.escolatrac.com\/wp-content\/uploads\/2026\/03\/IMG_20230930_131917-1024x576.jpg 1024w, https:\/\/www.escolatrac.com\/wp-content\/uploads\/2026\/03\/IMG_20230930_131917-453x255.jpg 453w\" \/>\n                                                    <h4 class=\"uk-margin-small-top\">Menci\u00f3n especial: La ona que ve<\/h4>\n                                            <\/a>\n                <\/div>\n                    <\/div>\n\n                <\/div>\n    <\/section>\n\n\n      <section id=\"gallery-images-block_8c45157af89e4d77fab13f221150fa88\" class=\"uk-margin-large-bottom\">\n      <div class=\"uk-container\">\n        <h3 class=\"uk-h4 uk-text-uppercase\">Premio Tat Vil\u00e0 2022<\/h3>\n\n        <div class=\"uk-grid-collapse uk-child-width-1-3@s\" uk-lightbox uk-grid=\"margin: uk-margin-top\">\n                            <div>\n                    <a href=\"https:\/\/www.escolatrac.com\/wp-content\/uploads\/2026\/03\/XARXA-1024x576.jpg.webp\" class=\"uk-position-relative\">\n                        <img decoding=\"async\" width=\"768\" height=\"432\" src=\"https:\/\/www.escolatrac.com\/wp-content\/uploads\/2026\/03\/XARXA-1024x576.jpg-300x168.webp\" class=\"attachment-medium_large size-medium_large lazyload\" alt=\"\" srcset=\"\" sizes=\"(max-width: 768px) 100vw, 768px\" data-size=\"auto\" data-src=\"https:\/\/www.escolatrac.com\/wp-content\/uploads\/2026\/03\/XARXA-1024x576.jpg-768x432.webp\" data-srcset=\"https:\/\/www.escolatrac.com\/wp-content\/uploads\/2026\/03\/XARXA-1024x576.jpg-768x432.webp 768w, https:\/\/www.escolatrac.com\/wp-content\/uploads\/2026\/03\/XARXA-1024x576.jpg-300x168.webp 300w, https:\/\/www.escolatrac.com\/wp-content\/uploads\/2026\/03\/XARXA-1024x576.jpg-453x255.webp 453w, https:\/\/www.escolatrac.com\/wp-content\/uploads\/2026\/03\/XARXA-1024x576.jpg-600x338.webp 600w, https:\/\/www.escolatrac.com\/wp-content\/uploads\/2026\/03\/XARXA-1024x576.jpg.webp 1024w\" \/>\n                                                    <h4 class=\"uk-margin-small-top\">La Xarxa<\/h4>\n                                            <\/a>\n                <\/div>\n                            <div>\n                    <a href=\"https:\/\/www.escolatrac.com\/wp-content\/uploads\/2026\/03\/IMG-20221003-WA0003-1.jpg\" class=\"uk-position-relative\">\n                        <img decoding=\"async\" width=\"598\" height=\"432\" src=\"https:\/\/www.escolatrac.com\/wp-content\/uploads\/2026\/03\/IMG-20221003-WA0003-1-300x168.jpg\" class=\"attachment-medium_large size-medium_large lazyload\" alt=\"\" data-size=\"auto\" data-src=\"https:\/\/www.escolatrac.com\/wp-content\/uploads\/2026\/03\/IMG-20221003-WA0003-1-598x432.jpg\" \/>\n                                            <\/a>\n                <\/div>\n                            <div>\n                    <a href=\"https:\/\/www.escolatrac.com\/wp-content\/uploads\/2023\/06\/DSC_9446-lOnada-infinita.jpg\" class=\"uk-position-relative\">\n                        <img decoding=\"async\" width=\"768\" height=\"432\" src=\"https:\/\/www.escolatrac.com\/wp-content\/uploads\/2023\/06\/DSC_9446-lOnada-infinita-300x168.jpg\" class=\"attachment-medium_large size-medium_large lazyload\" alt=\"\" srcset=\"\" sizes=\"(max-width: 768px) 100vw, 768px\" data-size=\"auto\" data-src=\"https:\/\/www.escolatrac.com\/wp-content\/uploads\/2023\/06\/DSC_9446-lOnada-infinita-768x432.jpg\" data-srcset=\"https:\/\/www.escolatrac.com\/wp-content\/uploads\/2023\/06\/DSC_9446-lOnada-infinita-768x432.jpg 768w, https:\/\/www.escolatrac.com\/wp-content\/uploads\/2023\/06\/DSC_9446-lOnada-infinita-300x168.jpg 300w, https:\/\/www.escolatrac.com\/wp-content\/uploads\/2023\/06\/DSC_9446-lOnada-infinita-1024x576.jpg 1024w, https:\/\/www.escolatrac.com\/wp-content\/uploads\/2023\/06\/DSC_9446-lOnada-infinita-453x255.jpg 453w\" \/>\n                                                    <h4 class=\"uk-margin-small-top\">Menci\u00f3n especial: La ona que ve<\/h4>\n                                            <\/a>\n                <\/div>\n                    <\/div>\n\n                <\/div>\n    <\/section>\n\n\n      <section id=\"gallery-images-block_3cc7fbb299a504b670188d518b039399\" class=\"uk-margin-large-bottom\">\n      <div class=\"uk-container\">\n        <h3 class=\"uk-h4 uk-text-uppercase\">Premio Tat Vil\u00e0 2019<\/h3>\n\n        <div class=\"uk-grid-collapse uk-child-width-1-3@s\" uk-lightbox uk-grid=\"margin: uk-margin-top\">\n                            <div>\n                    <a href=\"https:\/\/www.escolatrac.com\/wp-content\/uploads\/2019\/10\/9.Sense-Titol-T\u00e8cnica-mixtacollagei-paper-Jap\u00f3-pintat-a-loli.jpg\" class=\"uk-position-relative\">\n                        <img decoding=\"async\" width=\"768\" height=\"432\" src=\"https:\/\/www.escolatrac.com\/wp-content\/uploads\/2019\/10\/9.Sense-Titol-T\u00e8cnica-mixtacollagei-paper-Jap\u00f3-pintat-a-loli-300x168.jpg\" class=\"attachment-medium_large size-medium_large lazyload\" alt=\"\" srcset=\"\" sizes=\"(max-width: 768px) 100vw, 768px\" data-size=\"auto\" data-src=\"https:\/\/www.escolatrac.com\/wp-content\/uploads\/2019\/10\/9.Sense-Titol-T\u00e8cnica-mixtacollagei-paper-Jap\u00f3-pintat-a-loli-768x432.jpg\" data-srcset=\"https:\/\/www.escolatrac.com\/wp-content\/uploads\/2019\/10\/9.Sense-Titol-T\u00e8cnica-mixtacollagei-paper-Jap\u00f3-pintat-a-loli-768x432.jpg 768w, https:\/\/www.escolatrac.com\/wp-content\/uploads\/2019\/10\/9.Sense-Titol-T\u00e8cnica-mixtacollagei-paper-Jap\u00f3-pintat-a-loli-300x168.jpg 300w, https:\/\/www.escolatrac.com\/wp-content\/uploads\/2019\/10\/9.Sense-Titol-T\u00e8cnica-mixtacollagei-paper-Jap\u00f3-pintat-a-loli-1024x576.jpg 1024w, https:\/\/www.escolatrac.com\/wp-content\/uploads\/2019\/10\/9.Sense-Titol-T\u00e8cnica-mixtacollagei-paper-Jap\u00f3-pintat-a-loli-453x255.jpg 453w\" \/>\n                                            <\/a>\n                <\/div>\n                            <div>\n                    <a href=\"https:\/\/www.escolatrac.com\/wp-content\/uploads\/2019\/10\/29.ESQUERDA-Incisi\u00f3-directa-sobre-fusta-120x120cm-scaled.jpg\" class=\"uk-position-relative\">\n                        <img decoding=\"async\" width=\"436\" height=\"432\" src=\"https:\/\/www.escolatrac.com\/wp-content\/uploads\/2019\/10\/29.ESQUERDA-Incisi\u00f3-directa-sobre-fusta-120x120cm-scaled.jpg\" class=\"attachment-medium_large size-medium_large lazyload\" alt=\"escuela de arte barcelona\" data-size=\"auto\" data-src=\"https:\/\/www.escolatrac.com\/wp-content\/uploads\/2019\/10\/29.ESQUERDA-Incisi\u00f3-directa-sobre-fusta-120x120cm-scaled.jpg\" \/>\n                                            <\/a>\n                <\/div>\n                            <div>\n                    <a href=\"https:\/\/www.escolatrac.com\/wp-content\/uploads\/2019\/10\/IMG_2866-scaled.jpg\" class=\"uk-position-relative\">\n                        <img decoding=\"async\" width=\"324\" height=\"432\" src=\"https:\/\/www.escolatrac.com\/wp-content\/uploads\/2019\/10\/IMG_2866-scaled.jpg\" class=\"attachment-medium_large size-medium_large lazyload\" alt=\"taller arte Barcelona\" data-size=\"auto\" data-src=\"https:\/\/www.escolatrac.com\/wp-content\/uploads\/2019\/10\/IMG_2866-scaled.jpg\" \/>\n                                            <\/a>\n                <\/div>\n                    <\/div>\n\n                <\/div>\n    <\/section>\n\n\n      <section id=\"gallery-images-block_4358fc2e1b6d8e820fd3bee37d6c911c\" class=\"uk-margin-large-bottom\">\n      <div class=\"uk-container\">\n        <h3 class=\"uk-h4 uk-text-uppercase\">Premio Tat Vil\u00e0 2018<\/h3>\n\n        <div class=\"uk-grid-collapse uk-child-width-1-3@s\" uk-lightbox uk-grid=\"margin: uk-margin-top\">\n                            <div>\n                    <a href=\"https:\/\/www.escolatrac.com\/wp-content\/uploads\/2019\/03\/43.Esto-vende.jpg\" class=\"uk-position-relative\">\n                        <img decoding=\"async\" width=\"768\" height=\"432\" src=\"https:\/\/www.escolatrac.com\/wp-content\/uploads\/2019\/03\/43.Esto-vende-300x168.jpg\" class=\"attachment-medium_large size-medium_large lazyload\" alt=\"\" srcset=\"\" sizes=\"(max-width: 768px) 100vw, 768px\" data-size=\"auto\" data-src=\"https:\/\/www.escolatrac.com\/wp-content\/uploads\/2019\/03\/43.Esto-vende-768x432.jpg\" data-srcset=\"https:\/\/www.escolatrac.com\/wp-content\/uploads\/2019\/03\/43.Esto-vende-768x432.jpg 768w, https:\/\/www.escolatrac.com\/wp-content\/uploads\/2019\/03\/43.Esto-vende-300x168.jpg 300w, https:\/\/www.escolatrac.com\/wp-content\/uploads\/2019\/03\/43.Esto-vende-1024x576.jpg 1024w, https:\/\/www.escolatrac.com\/wp-content\/uploads\/2019\/03\/43.Esto-vende-453x255.jpg 453w\" \/>\n                                            <\/a>\n                <\/div>\n                            <div>\n                    <a href=\"https:\/\/www.escolatrac.com\/wp-content\/uploads\/2019\/03\/IMG-20190206-WA0018.jpg\" class=\"uk-position-relative\">\n                        <img decoding=\"async\" width=\"768\" height=\"432\" src=\"https:\/\/www.escolatrac.com\/wp-content\/uploads\/2019\/03\/IMG-20190206-WA0018.jpg\" class=\"attachment-medium_large size-medium_large lazyload\" alt=\"\" data-size=\"auto\" data-src=\"https:\/\/www.escolatrac.com\/wp-content\/uploads\/2019\/03\/IMG-20190206-WA0018.jpg\" \/>\n                                            <\/a>\n                <\/div>\n                            <div>\n                    <a href=\"https:\/\/www.escolatrac.com\/wp-content\/uploads\/2019\/03\/IMG-20190206-WA0021.jpg\" class=\"uk-position-relative\">\n                        <img decoding=\"async\" width=\"768\" height=\"432\" src=\"https:\/\/www.escolatrac.com\/wp-content\/uploads\/2019\/03\/IMG-20190206-WA0021.jpg\" class=\"attachment-medium_large size-medium_large lazyload\" alt=\"\" data-size=\"auto\" data-src=\"https:\/\/www.escolatrac.com\/wp-content\/uploads\/2019\/03\/IMG-20190206-WA0021.jpg\" \/>\n                                            <\/a>\n                <\/div>\n                            <div>\n                    <a href=\"https:\/\/www.escolatrac.com\/wp-content\/uploads\/2019\/03\/IMG-20190206-WA0019.jpg\" class=\"uk-position-relative\">\n                        <img decoding=\"async\" width=\"768\" height=\"432\" src=\"https:\/\/www.escolatrac.com\/wp-content\/uploads\/2019\/03\/IMG-20190206-WA0019.jpg\" class=\"attachment-medium_large size-medium_large lazyload\" alt=\"\" data-size=\"auto\" data-src=\"https:\/\/www.escolatrac.com\/wp-content\/uploads\/2019\/03\/IMG-20190206-WA0019.jpg\" \/>\n                                            <\/a>\n                <\/div>\n                            <div>\n                    <a href=\"https:\/\/www.escolatrac.com\/wp-content\/uploads\/2019\/03\/IMG-20190206-WA0020.jpg\" class=\"uk-position-relative\">\n                        <img decoding=\"async\" width=\"768\" height=\"432\" src=\"https:\/\/www.escolatrac.com\/wp-content\/uploads\/2019\/03\/IMG-20190206-WA0020.jpg\" class=\"attachment-medium_large size-medium_large lazyload\" alt=\"\" data-size=\"auto\" data-src=\"https:\/\/www.escolatrac.com\/wp-content\/uploads\/2019\/03\/IMG-20190206-WA0020.jpg\" \/>\n                                            <\/a>\n                <\/div>\n                            <div>\n                    <a href=\"\" class=\"uk-position-relative\">\n                        \n                                            <\/a>\n                <\/div>\n                    <\/div>\n\n                <\/div>\n    <\/section>\n","protected":false},"excerpt":{"rendered":"<p>Este junio abrimos las inscripciones de la S\u00e9ptima Edici\u00f3n de nuestro Premio Pintura&nbsp;Tat&nbsp;Vil\u00e0 2026 Este premio de pintura naci\u00f3 como una iniciativa de la Escuela Tra\u00e7 en homenaje a Tat Vil\u00e0, que dej\u00f3 su impronta como artista y maestra de la escuela durante m\u00e1s de 25 a\u00f1os. El objetivo del premio es promocionar creadoras y &hellip; <a href=\"https:\/\/www.escolatrac.com\/es\/premio-tat-vila\/\">Continued<\/a><\/p>\n","protected":false},"author":2,"featured_media":4882,"parent":0,"menu_order":0,"comment_status":"closed","ping_status":"closed","template":"","meta":{"_acf_changed":false,"footnotes":""},"class_list":["post-8446","page","type-page","status-publish","has-post-thumbnail","hentry"],"acf":[],"yoast_head":"<!-- This site is optimized with the Yoast SEO plugin v27.3 - https:\/\/yoast.com\/product\/yoast-seo-wordpress\/ -->\n<title>Premio Tat Vil\u00e0 - Escola Tra\u00e7<\/title>\n<meta name=\"robots\" content=\"index, follow, max-snippet:-1, max-image-preview:large, max-video-preview:-1\" \/>\n<link rel=\"canonical\" href=\"https:\/\/www.escolatrac.com\/es\/premio-tat-vila\/\" \/>\n<meta property=\"og:locale\" content=\"es_ES\" \/>\n<meta property=\"og:type\" content=\"article\" \/>\n<meta property=\"og:title\" content=\"Premio Tat Vil\u00e0 - Escola Tra\u00e7\" \/>\n<meta property=\"og:description\" content=\"Este junio abrimos las inscripciones de la S\u00e9ptima Edici\u00f3n de nuestro Premio Pintura&nbsp;Tat&nbsp;Vil\u00e0 2026 Este premio de pintura naci\u00f3 como una iniciativa de la Escuela Tra\u00e7 en homenaje a Tat Vil\u00e0, que dej\u00f3 su impronta como artista y maestra de la escuela durante m\u00e1s de 25 a\u00f1os. El objetivo del premio es promocionar creadoras y &hellip; Continued\" \/>\n<meta property=\"og:url\" content=\"https:\/\/www.escolatrac.com\/es\/premio-tat-vila\/\" \/>\n<meta property=\"og:site_name\" content=\"Escola Tra\u00e7\" \/>\n<meta property=\"article:modified_time\" content=\"2026-04-24T12:05:32+00:00\" \/>\n<meta property=\"og:image\" content=\"https:\/\/www.escolatrac.com\/wp-content\/uploads\/2019\/04\/Tat-cap\u00e7alera.jpeg\" \/>\n\t<meta property=\"og:image:width\" content=\"1600\" \/>\n\t<meta property=\"og:image:height\" content=\"1005\" \/>\n\t<meta property=\"og:image:type\" content=\"image\/jpeg\" \/>\n<meta name=\"twitter:card\" content=\"summary_large_image\" \/>\n<meta name=\"twitter:label1\" content=\"Tiempo de lectura\" \/>\n\t<meta name=\"twitter:data1\" content=\"2 minutos\" \/>\n<script type=\"application\/ld+json\" class=\"yoast-schema-graph\">{\"@context\":\"https:\\\/\\\/schema.org\",\"@graph\":[{\"@type\":\"WebPage\",\"@id\":\"https:\\\/\\\/www.escolatrac.com\\\/es\\\/premio-tat-vila\\\/\",\"url\":\"https:\\\/\\\/www.escolatrac.com\\\/es\\\/premio-tat-vila\\\/\",\"name\":\"Premio Tat Vil\u00e0 - Escola Tra\u00e7\",\"isPartOf\":{\"@id\":\"https:\\\/\\\/www.escolatrac.com\\\/#website\"},\"primaryImageOfPage\":{\"@id\":\"https:\\\/\\\/www.escolatrac.com\\\/es\\\/premio-tat-vila\\\/#primaryimage\"},\"image\":{\"@id\":\"https:\\\/\\\/www.escolatrac.com\\\/es\\\/premio-tat-vila\\\/#primaryimage\"},\"thumbnailUrl\":\"https:\\\/\\\/www.escolatrac.com\\\/wp-content\\\/uploads\\\/2019\\\/04\\\/Tat-cap\u00e7alera.jpeg\",\"datePublished\":\"2019-11-28T13:53:26+00:00\",\"dateModified\":\"2026-04-24T12:05:32+00:00\",\"breadcrumb\":{\"@id\":\"https:\\\/\\\/www.escolatrac.com\\\/es\\\/premio-tat-vila\\\/#breadcrumb\"},\"inLanguage\":\"es\",\"potentialAction\":[{\"@type\":\"ReadAction\",\"target\":[\"https:\\\/\\\/www.escolatrac.com\\\/es\\\/premio-tat-vila\\\/\"]}]},{\"@type\":\"ImageObject\",\"inLanguage\":\"es\",\"@id\":\"https:\\\/\\\/www.escolatrac.com\\\/es\\\/premio-tat-vila\\\/#primaryimage\",\"url\":\"https:\\\/\\\/www.escolatrac.com\\\/wp-content\\\/uploads\\\/2019\\\/04\\\/Tat-cap\u00e7alera.jpeg\",\"contentUrl\":\"https:\\\/\\\/www.escolatrac.com\\\/wp-content\\\/uploads\\\/2019\\\/04\\\/Tat-cap\u00e7alera.jpeg\",\"width\":1600,\"height\":1005},{\"@type\":\"BreadcrumbList\",\"@id\":\"https:\\\/\\\/www.escolatrac.com\\\/es\\\/premio-tat-vila\\\/#breadcrumb\",\"itemListElement\":[{\"@type\":\"ListItem\",\"position\":1,\"name\":\"Inici\",\"item\":\"https:\\\/\\\/www.escolatrac.com\\\/es\\\/\"},{\"@type\":\"ListItem\",\"position\":2,\"name\":\"Premio Tat Vil\u00e0\"}]},{\"@type\":\"WebSite\",\"@id\":\"https:\\\/\\\/www.escolatrac.com\\\/#website\",\"url\":\"https:\\\/\\\/www.escolatrac.com\\\/\",\"name\":\"Escola Tra\u00e7\",\"description\":\"\",\"potentialAction\":[{\"@type\":\"SearchAction\",\"target\":{\"@type\":\"EntryPoint\",\"urlTemplate\":\"https:\\\/\\\/www.escolatrac.com\\\/?s={search_term_string}\"},\"query-input\":{\"@type\":\"PropertyValueSpecification\",\"valueRequired\":true,\"valueName\":\"search_term_string\"}}],\"inLanguage\":\"es\"}]}<\/script>\n<!-- \/ Yoast SEO plugin. -->","yoast_head_json":{"title":"Premio Tat Vil\u00e0 - Escola Tra\u00e7","robots":{"index":"index","follow":"follow","max-snippet":"max-snippet:-1","max-image-preview":"max-image-preview:large","max-video-preview":"max-video-preview:-1"},"canonical":"https:\/\/www.escolatrac.com\/es\/premio-tat-vila\/","og_locale":"es_ES","og_type":"article","og_title":"Premio Tat Vil\u00e0 - Escola Tra\u00e7","og_description":"Este junio abrimos las inscripciones de la S\u00e9ptima Edici\u00f3n de nuestro Premio Pintura&nbsp;Tat&nbsp;Vil\u00e0 2026 Este premio de pintura naci\u00f3 como una iniciativa de la Escuela Tra\u00e7 en homenaje a Tat Vil\u00e0, que dej\u00f3 su impronta como artista y maestra de la escuela durante m\u00e1s de 25 a\u00f1os. El objetivo del premio es promocionar creadoras y &hellip; Continued","og_url":"https:\/\/www.escolatrac.com\/es\/premio-tat-vila\/","og_site_name":"Escola Tra\u00e7","article_modified_time":"2026-04-24T12:05:32+00:00","og_image":[{"width":1600,"height":1005,"url":"https:\/\/www.escolatrac.com\/wp-content\/uploads\/2019\/04\/Tat-cap\u00e7alera.jpeg","type":"image\/jpeg"}],"twitter_card":"summary_large_image","twitter_misc":{"Tiempo de lectura":"2 minutos"},"schema":{"@context":"https:\/\/schema.org","@graph":[{"@type":"WebPage","@id":"https:\/\/www.escolatrac.com\/es\/premio-tat-vila\/","url":"https:\/\/www.escolatrac.com\/es\/premio-tat-vila\/","name":"Premio Tat Vil\u00e0 - Escola Tra\u00e7","isPartOf":{"@id":"https:\/\/www.escolatrac.com\/#website"},"primaryImageOfPage":{"@id":"https:\/\/www.escolatrac.com\/es\/premio-tat-vila\/#primaryimage"},"image":{"@id":"https:\/\/www.escolatrac.com\/es\/premio-tat-vila\/#primaryimage"},"thumbnailUrl":"https:\/\/www.escolatrac.com\/wp-content\/uploads\/2019\/04\/Tat-cap\u00e7alera.jpeg","datePublished":"2019-11-28T13:53:26+00:00","dateModified":"2026-04-24T12:05:32+00:00","breadcrumb":{"@id":"https:\/\/www.escolatrac.com\/es\/premio-tat-vila\/#breadcrumb"},"inLanguage":"es","potentialAction":[{"@type":"ReadAction","target":["https:\/\/www.escolatrac.com\/es\/premio-tat-vila\/"]}]},{"@type":"ImageObject","inLanguage":"es","@id":"https:\/\/www.escolatrac.com\/es\/premio-tat-vila\/#primaryimage","url":"https:\/\/www.escolatrac.com\/wp-content\/uploads\/2019\/04\/Tat-cap\u00e7alera.jpeg","contentUrl":"https:\/\/www.escolatrac.com\/wp-content\/uploads\/2019\/04\/Tat-cap\u00e7alera.jpeg","width":1600,"height":1005},{"@type":"BreadcrumbList","@id":"https:\/\/www.escolatrac.com\/es\/premio-tat-vila\/#breadcrumb","itemListElement":[{"@type":"ListItem","position":1,"name":"Inici","item":"https:\/\/www.escolatrac.com\/es\/"},{"@type":"ListItem","position":2,"name":"Premio Tat Vil\u00e0"}]},{"@type":"WebSite","@id":"https:\/\/www.escolatrac.com\/#website","url":"https:\/\/www.escolatrac.com\/","name":"Escola Tra\u00e7","description":"","potentialAction":[{"@type":"SearchAction","target":{"@type":"EntryPoint","urlTemplate":"https:\/\/www.escolatrac.com\/?s={search_term_string}"},"query-input":{"@type":"PropertyValueSpecification","valueRequired":true,"valueName":"search_term_string"}}],"inLanguage":"es"}]}},"_links":{"self":[{"href":"https:\/\/www.escolatrac.com\/es\/wp-json\/wp\/v2\/pages\/8446","targetHints":{"allow":["GET"]}}],"collection":[{"href":"https:\/\/www.escolatrac.com\/es\/wp-json\/wp\/v2\/pages"}],"about":[{"href":"https:\/\/www.escolatrac.com\/es\/wp-json\/wp\/v2\/types\/page"}],"author":[{"embeddable":true,"href":"https:\/\/www.escolatrac.com\/es\/wp-json\/wp\/v2\/users\/2"}],"replies":[{"embeddable":true,"href":"https:\/\/www.escolatrac.com\/es\/wp-json\/wp\/v2\/comments?post=8446"}],"version-history":[{"count":20,"href":"https:\/\/www.escolatrac.com\/es\/wp-json\/wp\/v2\/pages\/8446\/revisions"}],"predecessor-version":[{"id":39203,"href":"https:\/\/www.escolatrac.com\/es\/wp-json\/wp\/v2\/pages\/8446\/revisions\/39203"}],"wp:featuredmedia":[{"embeddable":true,"href":"https:\/\/www.escolatrac.com\/es\/wp-json\/wp\/v2\/media\/4882"}],"wp:attachment":[{"href":"https:\/\/www.escolatrac.com\/es\/wp-json\/wp\/v2\/media?parent=8446"}],"curies":[{"name":"wp","href":"https:\/\/api.w.org\/{rel}","templated":true}]}}