{"id":8207,"date":"2019-11-19T14:37:23","date_gmt":"2019-11-19T13:37:23","guid":{"rendered":"https:\/\/www.escolatrac.com\/?page_id=8207"},"modified":"2020-09-20T14:45:54","modified_gmt":"2020-09-20T12:45:54","slug":"regala-trac-a-un-nino-nina","status":"publish","type":"page","link":"https:\/\/www.escolatrac.com\/es\/regala-trac-a-un-nino-nina\/","title":{"rendered":"Regala Tra\u00e7 a un ni\u00f1o\/ni\u00f1a"},"content":{"rendered":"\n<div class=\"wp-block-columns has-2-columns is-layout-flex wp-container-core-columns-is-layout-9d6595d7 wp-block-columns-is-layout-flex\">\n<div class=\"wp-block-column is-layout-flow wp-block-column-is-layout-flow\">\n<p>Quieres sacar una sonrisa a tu hijo, hija, sobrina, sobrino, nieta nieto, ahijado o ahijada?<br>No lo pienses m\u00e1s y regala uno delos intensivo que impartimos durante el curso regular.<\/p>\n\n\n\n<p>Contacta con nosotros <a href=\"https:\/\/www.escolatrac.com\/contacte\/\">aqu\u00ed <\/a>o ll\u00e1manos al tel\u00e9fono 932 806 323 en horario de secretaria (de lunes a viernes) <\/p>\n\n\n\n<p><strong>Casal Navidad 2020<\/strong><br>Del 22 al 24 de diciembre 2020<br>Del 28  al 31 de diciembre 2020<br>4 y 5 de enero 2021<br>De 9.00h a 13.00h<br><\/p>\n<\/div>\n\n\n\n<div class=\"wp-block-column is-layout-flow wp-block-column-is-layout-flow\">\n<p><strong>Casal Semana Santa 2021<\/strong><br>Del 29 de marzo al 1 de abril (4 d\u00edas)<br>De 9.00h a 13.00h<br><\/p>\n\n\n\n<p><strong>Semanas Blancas curso 2020\/2021<\/strong><br>Pendiente actualizaci\u00f3n<\/p>\n\n\n\n<p><\/p>\n<\/div>\n<\/div>\n\n\n      <section id=\"gallery-images-block_5dd3b908b248d\" class=\"uk-margin-large-bottom\">\n      <div class=\"uk-container\">\n        <h3 class=\"uk-h4 uk-text-uppercase\"><\/h3>\n\n        <div class=\"uk-grid-collapse uk-child-width-1-3@s\" uk-lightbox uk-grid=\"margin: uk-margin-top\">\n                            <div>\n                    <a href=\"https:\/\/www.escolatrac.com\/wp-content\/uploads\/2019\/11\/IMG_20191031_113536-scaled.jpg\" class=\"uk-position-relative\">\n                        <img decoding=\"async\" width=\"768\" height=\"432\" src=\"https:\/\/www.escolatrac.com\/wp-content\/uploads\/2019\/11\/IMG_20191031_113536-scaled.jpg\" class=\"attachment-medium_large size-medium_large lazyload\" alt=\"intensivo manualidades\" data-size=\"auto\" data-src=\"https:\/\/www.escolatrac.com\/wp-content\/uploads\/2019\/11\/IMG_20191031_113536-scaled.jpg\" \/>\n                                            <\/a>\n                <\/div>\n                            <div>\n                    <a href=\"https:\/\/www.escolatrac.com\/wp-content\/uploads\/2019\/03\/IMG_20181220_192338-scaled.jpg\" class=\"uk-position-relative\">\n                        <img decoding=\"async\" width=\"768\" height=\"432\" src=\"https:\/\/www.escolatrac.com\/wp-content\/uploads\/2019\/03\/IMG_20181220_192338-scaled.jpg\" class=\"attachment-medium_large size-medium_large lazyload\" alt=\"casal nadal barcelona\" data-size=\"auto\" data-src=\"https:\/\/www.escolatrac.com\/wp-content\/uploads\/2019\/03\/IMG_20181220_192338-scaled.jpg\" \/>\n                                            <\/a>\n                <\/div>\n                            <div>\n                    <a href=\"https:\/\/www.escolatrac.com\/wp-content\/uploads\/2019\/03\/nadal_2-e1634122547176.jpg\" class=\"uk-position-relative\">\n                        <img decoding=\"async\" width=\"610\" height=\"335\" src=\"https:\/\/www.escolatrac.com\/wp-content\/uploads\/2019\/03\/nadal_2-e1634122547176.jpg\" class=\"attachment-medium_large size-medium_large lazyload\" alt=\"\" data-size=\"auto\" data-src=\"https:\/\/www.escolatrac.com\/wp-content\/uploads\/2019\/03\/nadal_2-e1634122547176.jpg\" \/>\n                                            <\/a>\n                <\/div>\n                            <div>\n                    <a href=\"https:\/\/www.escolatrac.com\/wp-content\/uploads\/2019\/03\/escuela-arte-ni\u00f1os-barcelona-scaled.jpg\" class=\"uk-position-relative\">\n                        <img decoding=\"async\" width=\"576\" height=\"432\" src=\"https:\/\/www.escolatrac.com\/wp-content\/uploads\/2019\/03\/escuela-arte-ni\u00f1os-barcelona-scaled.jpg\" class=\"attachment-medium_large size-medium_large lazyload\" alt=\"\" data-size=\"auto\" data-src=\"https:\/\/www.escolatrac.com\/wp-content\/uploads\/2019\/03\/escuela-arte-ni\u00f1os-barcelona-scaled.jpg\" \/>\n                                            <\/a>\n                <\/div>\n                            <div>\n                    <a href=\"https:\/\/www.escolatrac.com\/wp-content\/uploads\/2019\/03\/IMG_20181023_190122-scaled.jpg\" class=\"uk-position-relative\">\n                        <img decoding=\"async\" width=\"576\" height=\"432\" src=\"https:\/\/www.escolatrac.com\/wp-content\/uploads\/2019\/03\/IMG_20181023_190122-scaled.jpg\" class=\"attachment-medium_large size-medium_large lazyload\" alt=\"escuela arte barcelona\" data-size=\"auto\" data-src=\"https:\/\/www.escolatrac.com\/wp-content\/uploads\/2019\/03\/IMG_20181023_190122-scaled.jpg\" \/>\n                                            <\/a>\n                <\/div>\n                            <div>\n                    <a href=\"https:\/\/www.escolatrac.com\/wp-content\/uploads\/2019\/03\/manualidades-ni\u00f3s-barcelona-scaled.jpg\" class=\"uk-position-relative\">\n                        <img decoding=\"async\" width=\"324\" height=\"432\" src=\"https:\/\/www.escolatrac.com\/wp-content\/uploads\/2019\/03\/manualidades-ni\u00f3s-barcelona-scaled.jpg\" class=\"attachment-medium_large size-medium_large lazyload\" alt=\"manualidades barcelona\" data-size=\"auto\" data-src=\"https:\/\/www.escolatrac.com\/wp-content\/uploads\/2019\/03\/manualidades-ni\u00f3s-barcelona-scaled.jpg\" \/>\n                                            <\/a>\n                <\/div>\n                    <\/div>\n\n                <\/div>\n    <\/section>\n\n\n\n<p><\/p>\n","protected":false},"excerpt":{"rendered":"<p>Quieres sacar una sonrisa a tu hijo, hija, sobrina, sobrino, nieta nieto, ahijado o ahijada?No lo pienses m\u00e1s y regala uno delos intensivo que impartimos durante el curso regular. Contacta con nosotros aqu\u00ed o ll\u00e1manos al tel\u00e9fono 932 806 323 en horario de secretaria (de lunes a viernes) Casal Navidad 2020Del 22 al 24 de &hellip; <a href=\"https:\/\/www.escolatrac.com\/es\/regala-trac-a-un-nino-nina\/\">Continued<\/a><\/p>\n","protected":false},"author":4,"featured_media":8486,"parent":0,"menu_order":0,"comment_status":"closed","ping_status":"closed","template":"views\/small-container.blade.php","meta":{"_acf_changed":false,"footnotes":""},"class_list":["post-8207","page","type-page","status-publish","has-post-thumbnail","hentry"],"acf":[],"yoast_head":"<!-- This site is optimized with the Yoast SEO plugin v27.3 - https:\/\/yoast.com\/product\/yoast-seo-wordpress\/ -->\n<title>Regala Tra\u00e7 a un ni\u00f1o\/ni\u00f1a - Escola Tra\u00e7<\/title>\n<meta name=\"robots\" content=\"index, follow, max-snippet:-1, max-image-preview:large, max-video-preview:-1\" \/>\n<link rel=\"canonical\" href=\"https:\/\/www.escolatrac.com\/regala-trac-a-un-infant\/\" \/>\n<meta property=\"og:locale\" content=\"es_ES\" \/>\n<meta property=\"og:type\" content=\"article\" \/>\n<meta property=\"og:title\" content=\"Regala Tra\u00e7 a un ni\u00f1o\/ni\u00f1a - Escola Tra\u00e7\" \/>\n<meta property=\"og:description\" content=\"Quieres sacar una sonrisa a tu hijo, hija, sobrina, sobrino, nieta nieto, ahijado o ahijada?No lo pienses m\u00e1s y regala uno delos intensivo que impartimos durante el curso regular. Contacta con nosotros aqu\u00ed o ll\u00e1manos al tel\u00e9fono 932 806 323 en horario de secretaria (de lunes a viernes) Casal Navidad 2020Del 22 al 24 de &hellip; Continued\" \/>\n<meta property=\"og:url\" content=\"https:\/\/www.escolatrac.com\/regala-trac-a-un-infant\/\" \/>\n<meta property=\"og:site_name\" content=\"Escola Tra\u00e7\" \/>\n<meta property=\"article:modified_time\" content=\"2020-09-20T12:45:54+00:00\" \/>\n<meta property=\"og:image\" content=\"https:\/\/www.escolatrac.com\/wp-content\/uploads\/2019\/11\/banner_nensXEC.jpg\" \/>\n\t<meta property=\"og:image:width\" content=\"2560\" \/>\n\t<meta property=\"og:image:height\" content=\"434\" \/>\n\t<meta property=\"og:image:type\" content=\"image\/jpeg\" \/>\n<meta name=\"twitter:card\" content=\"summary_large_image\" \/>\n<script type=\"application\/ld+json\" class=\"yoast-schema-graph\">{\"@context\":\"https:\\\/\\\/schema.org\",\"@graph\":[{\"@type\":\"WebPage\",\"@id\":\"https:\\\/\\\/www.escolatrac.com\\\/regala-trac-a-un-infant\\\/\",\"url\":\"https:\\\/\\\/www.escolatrac.com\\\/regala-trac-a-un-infant\\\/\",\"name\":\"Regala Tra\u00e7 a un ni\u00f1o\\\/ni\u00f1a - Escola Tra\u00e7\",\"isPartOf\":{\"@id\":\"https:\\\/\\\/www.escolatrac.com\\\/#website\"},\"primaryImageOfPage\":{\"@id\":\"https:\\\/\\\/www.escolatrac.com\\\/regala-trac-a-un-infant\\\/#primaryimage\"},\"image\":{\"@id\":\"https:\\\/\\\/www.escolatrac.com\\\/regala-trac-a-un-infant\\\/#primaryimage\"},\"thumbnailUrl\":\"https:\\\/\\\/www.escolatrac.com\\\/wp-content\\\/uploads\\\/2019\\\/11\\\/banner_nensXEC.jpg\",\"datePublished\":\"2019-11-19T13:37:23+00:00\",\"dateModified\":\"2020-09-20T12:45:54+00:00\",\"breadcrumb\":{\"@id\":\"https:\\\/\\\/www.escolatrac.com\\\/regala-trac-a-un-infant\\\/#breadcrumb\"},\"inLanguage\":\"es\",\"potentialAction\":[{\"@type\":\"ReadAction\",\"target\":[\"https:\\\/\\\/www.escolatrac.com\\\/regala-trac-a-un-infant\\\/\"]}]},{\"@type\":\"ImageObject\",\"inLanguage\":\"es\",\"@id\":\"https:\\\/\\\/www.escolatrac.com\\\/regala-trac-a-un-infant\\\/#primaryimage\",\"url\":\"https:\\\/\\\/www.escolatrac.com\\\/wp-content\\\/uploads\\\/2019\\\/11\\\/banner_nensXEC.jpg\",\"contentUrl\":\"https:\\\/\\\/www.escolatrac.com\\\/wp-content\\\/uploads\\\/2019\\\/11\\\/banner_nensXEC.jpg\",\"width\":2560,\"height\":434},{\"@type\":\"BreadcrumbList\",\"@id\":\"https:\\\/\\\/www.escolatrac.com\\\/regala-trac-a-un-infant\\\/#breadcrumb\",\"itemListElement\":[{\"@type\":\"ListItem\",\"position\":1,\"name\":\"Inici\",\"item\":\"https:\\\/\\\/www.escolatrac.com\\\/es\\\/\"},{\"@type\":\"ListItem\",\"position\":2,\"name\":\"Regala Tra\u00e7 a un ni\u00f1o\\\/ni\u00f1a\"}]},{\"@type\":\"WebSite\",\"@id\":\"https:\\\/\\\/www.escolatrac.com\\\/#website\",\"url\":\"https:\\\/\\\/www.escolatrac.com\\\/\",\"name\":\"Escola Tra\u00e7\",\"description\":\"\",\"potentialAction\":[{\"@type\":\"SearchAction\",\"target\":{\"@type\":\"EntryPoint\",\"urlTemplate\":\"https:\\\/\\\/www.escolatrac.com\\\/?s={search_term_string}\"},\"query-input\":{\"@type\":\"PropertyValueSpecification\",\"valueRequired\":true,\"valueName\":\"search_term_string\"}}],\"inLanguage\":\"es\"}]}<\/script>\n<!-- \/ Yoast SEO plugin. -->","yoast_head_json":{"title":"Regala Tra\u00e7 a un ni\u00f1o\/ni\u00f1a - Escola Tra\u00e7","robots":{"index":"index","follow":"follow","max-snippet":"max-snippet:-1","max-image-preview":"max-image-preview:large","max-video-preview":"max-video-preview:-1"},"canonical":"https:\/\/www.escolatrac.com\/regala-trac-a-un-infant\/","og_locale":"es_ES","og_type":"article","og_title":"Regala Tra\u00e7 a un ni\u00f1o\/ni\u00f1a - Escola Tra\u00e7","og_description":"Quieres sacar una sonrisa a tu hijo, hija, sobrina, sobrino, nieta nieto, ahijado o ahijada?No lo pienses m\u00e1s y regala uno delos intensivo que impartimos durante el curso regular. Contacta con nosotros aqu\u00ed o ll\u00e1manos al tel\u00e9fono 932 806 323 en horario de secretaria (de lunes a viernes) Casal Navidad 2020Del 22 al 24 de &hellip; Continued","og_url":"https:\/\/www.escolatrac.com\/regala-trac-a-un-infant\/","og_site_name":"Escola Tra\u00e7","article_modified_time":"2020-09-20T12:45:54+00:00","og_image":[{"width":2560,"height":434,"url":"https:\/\/www.escolatrac.com\/wp-content\/uploads\/2019\/11\/banner_nensXEC.jpg","type":"image\/jpeg"}],"twitter_card":"summary_large_image","schema":{"@context":"https:\/\/schema.org","@graph":[{"@type":"WebPage","@id":"https:\/\/www.escolatrac.com\/regala-trac-a-un-infant\/","url":"https:\/\/www.escolatrac.com\/regala-trac-a-un-infant\/","name":"Regala Tra\u00e7 a un ni\u00f1o\/ni\u00f1a - Escola Tra\u00e7","isPartOf":{"@id":"https:\/\/www.escolatrac.com\/#website"},"primaryImageOfPage":{"@id":"https:\/\/www.escolatrac.com\/regala-trac-a-un-infant\/#primaryimage"},"image":{"@id":"https:\/\/www.escolatrac.com\/regala-trac-a-un-infant\/#primaryimage"},"thumbnailUrl":"https:\/\/www.escolatrac.com\/wp-content\/uploads\/2019\/11\/banner_nensXEC.jpg","datePublished":"2019-11-19T13:37:23+00:00","dateModified":"2020-09-20T12:45:54+00:00","breadcrumb":{"@id":"https:\/\/www.escolatrac.com\/regala-trac-a-un-infant\/#breadcrumb"},"inLanguage":"es","potentialAction":[{"@type":"ReadAction","target":["https:\/\/www.escolatrac.com\/regala-trac-a-un-infant\/"]}]},{"@type":"ImageObject","inLanguage":"es","@id":"https:\/\/www.escolatrac.com\/regala-trac-a-un-infant\/#primaryimage","url":"https:\/\/www.escolatrac.com\/wp-content\/uploads\/2019\/11\/banner_nensXEC.jpg","contentUrl":"https:\/\/www.escolatrac.com\/wp-content\/uploads\/2019\/11\/banner_nensXEC.jpg","width":2560,"height":434},{"@type":"BreadcrumbList","@id":"https:\/\/www.escolatrac.com\/regala-trac-a-un-infant\/#breadcrumb","itemListElement":[{"@type":"ListItem","position":1,"name":"Inici","item":"https:\/\/www.escolatrac.com\/es\/"},{"@type":"ListItem","position":2,"name":"Regala Tra\u00e7 a un ni\u00f1o\/ni\u00f1a"}]},{"@type":"WebSite","@id":"https:\/\/www.escolatrac.com\/#website","url":"https:\/\/www.escolatrac.com\/","name":"Escola Tra\u00e7","description":"","potentialAction":[{"@type":"SearchAction","target":{"@type":"EntryPoint","urlTemplate":"https:\/\/www.escolatrac.com\/?s={search_term_string}"},"query-input":{"@type":"PropertyValueSpecification","valueRequired":true,"valueName":"search_term_string"}}],"inLanguage":"es"}]}},"_links":{"self":[{"href":"https:\/\/www.escolatrac.com\/es\/wp-json\/wp\/v2\/pages\/8207","targetHints":{"allow":["GET"]}}],"collection":[{"href":"https:\/\/www.escolatrac.com\/es\/wp-json\/wp\/v2\/pages"}],"about":[{"href":"https:\/\/www.escolatrac.com\/es\/wp-json\/wp\/v2\/types\/page"}],"author":[{"embeddable":true,"href":"https:\/\/www.escolatrac.com\/es\/wp-json\/wp\/v2\/users\/4"}],"replies":[{"embeddable":true,"href":"https:\/\/www.escolatrac.com\/es\/wp-json\/wp\/v2\/comments?post=8207"}],"version-history":[{"count":5,"href":"https:\/\/www.escolatrac.com\/es\/wp-json\/wp\/v2\/pages\/8207\/revisions"}],"predecessor-version":[{"id":10150,"href":"https:\/\/www.escolatrac.com\/es\/wp-json\/wp\/v2\/pages\/8207\/revisions\/10150"}],"wp:featuredmedia":[{"embeddable":true,"href":"https:\/\/www.escolatrac.com\/es\/wp-json\/wp\/v2\/media\/8486"}],"wp:attachment":[{"href":"https:\/\/www.escolatrac.com\/es\/wp-json\/wp\/v2\/media?parent=8207"}],"curies":[{"name":"wp","href":"https:\/\/api.w.org\/{rel}","templated":true}]}}