{"id":13775,"date":"2022-03-21T13:00:37","date_gmt":"2022-03-21T12:00:37","guid":{"rendered":"https:\/\/www.escolatrac.com\/?page_id=13775"},"modified":"2022-03-21T13:15:56","modified_gmt":"2022-03-21T12:15:56","slug":"talleres-hechos-a-medida-para-claustro-de-profesorado","status":"publish","type":"page","link":"https:\/\/www.escolatrac.com\/es\/talleres-hechos-a-medida-para-claustro-de-profesorado\/","title":{"rendered":"Talleres hechos a medida para claustro de profesorado"},"content":{"rendered":"\n<div class=\"wp-block-columns is-layout-flex wp-container-core-columns-is-layout-9d6595d7 wp-block-columns-is-layout-flex\">\n<div class=\"wp-block-column is-layout-flow wp-block-column-is-layout-flow\">\n<p>Se trata de sesiones art\u00edsticas para claustros de profesorado (tanto para primaria como secundaria) dise\u00f1adas para poder utilizar el arte como una herramienta que tiene que permitir a los ni\u00f1os y ni\u00f1as desarrollar su potencial creativo y contribuir a su crecimiento como personas: aprender a conocer, aprender a hacer (para poder actuar sobre el entorno), aprender a convivir (para participar y cooperar) y aprender a ser.<\/p>\n\n\n\n<p>Os proponemos los siguientes  Bloques  Tem\u00e1ticos:<\/p>\n\n\n\n<ul class=\"wp-block-list\"><li>\u00bfC\u00f3mo podemos utilizar el arte como elemento transformador en el aula?<\/li><li>El Arte en la escuela en momentos de pandemia. Recursos art\u00edsticos para abordar el momento actual.<\/li><li>Arte y emociones.<\/li><li>Creatividad y conflicto.<\/li><\/ul>\n\n\n\n<p>Tambi\u00e9n <strong>nos  pod\u00e9is solicitar una formaci\u00f3n a medida<\/strong> y nosotros adaptaremos la propuesta las necesidades de vuestro centro,<\/p>\n\n\n\n<p>Si est\u00e1is interesados\/as enviad un mail a marta.mercade@escolatrac.com<\/p>\n<\/div>\n<\/div>\n\n\n      <section id=\"gallery-images-block_623470adc8d0b\" class=\"uk-margin-large-bottom\">\n      <div class=\"uk-container\">\n        <h3 class=\"uk-h4 uk-text-uppercase\"><\/h3>\n\n        <div class=\"uk-grid-collapse uk-child-width-1-3@s\" uk-lightbox uk-grid=\"margin: uk-margin-top\">\n                            <div>\n                    <a href=\"https:\/\/www.escolatrac.com\/wp-content\/uploads\/2022\/03\/20210511_132936-1-scaled.jpg\" class=\"uk-position-relative\">\n                        <img decoding=\"async\" width=\"768\" height=\"432\" src=\"https:\/\/www.escolatrac.com\/wp-content\/uploads\/2022\/03\/20210511_132936-1-300x168.jpg\" class=\"attachment-medium_large size-medium_large lazyload\" alt=\"\" srcset=\"\" sizes=\"(max-width: 768px) 100vw, 768px\" data-size=\"auto\" data-src=\"https:\/\/www.escolatrac.com\/wp-content\/uploads\/2022\/03\/20210511_132936-1-768x432.jpg\" data-srcset=\"https:\/\/www.escolatrac.com\/wp-content\/uploads\/2022\/03\/20210511_132936-1-768x432.jpg 768w, https:\/\/www.escolatrac.com\/wp-content\/uploads\/2022\/03\/20210511_132936-1-300x168.jpg 300w, https:\/\/www.escolatrac.com\/wp-content\/uploads\/2022\/03\/20210511_132936-1-1024x576.jpg 1024w, https:\/\/www.escolatrac.com\/wp-content\/uploads\/2022\/03\/20210511_132936-1-453x255.jpg 453w\" \/>\n                                            <\/a>\n                <\/div>\n                            <div>\n                    <a href=\"https:\/\/www.escolatrac.com\/wp-content\/uploads\/2022\/03\/20210521_191938-scaled.jpg\" class=\"uk-position-relative\">\n                        <img decoding=\"async\" width=\"768\" height=\"432\" src=\"https:\/\/www.escolatrac.com\/wp-content\/uploads\/2022\/03\/20210521_191938-300x168.jpg\" class=\"attachment-medium_large size-medium_large lazyload\" alt=\"\" srcset=\"\" sizes=\"(max-width: 768px) 100vw, 768px\" data-size=\"auto\" data-src=\"https:\/\/www.escolatrac.com\/wp-content\/uploads\/2022\/03\/20210521_191938-768x432.jpg\" data-srcset=\"https:\/\/www.escolatrac.com\/wp-content\/uploads\/2022\/03\/20210521_191938-768x432.jpg 768w, https:\/\/www.escolatrac.com\/wp-content\/uploads\/2022\/03\/20210521_191938-300x168.jpg 300w, https:\/\/www.escolatrac.com\/wp-content\/uploads\/2022\/03\/20210521_191938-1024x576.jpg 1024w, https:\/\/www.escolatrac.com\/wp-content\/uploads\/2022\/03\/20210521_191938-453x255.jpg 453w\" \/>\n                                            <\/a>\n                <\/div>\n                            <div>\n                    <a href=\"https:\/\/www.escolatrac.com\/wp-content\/uploads\/2022\/03\/20210521_191609-scaled.jpg\" class=\"uk-position-relative\">\n                        <img decoding=\"async\" width=\"768\" height=\"432\" src=\"https:\/\/www.escolatrac.com\/wp-content\/uploads\/2022\/03\/20210521_191609-300x168.jpg\" class=\"attachment-medium_large size-medium_large lazyload\" alt=\"\" srcset=\"\" sizes=\"(max-width: 768px) 100vw, 768px\" data-size=\"auto\" data-src=\"https:\/\/www.escolatrac.com\/wp-content\/uploads\/2022\/03\/20210521_191609-768x432.jpg\" data-srcset=\"https:\/\/www.escolatrac.com\/wp-content\/uploads\/2022\/03\/20210521_191609-768x432.jpg 768w, https:\/\/www.escolatrac.com\/wp-content\/uploads\/2022\/03\/20210521_191609-300x168.jpg 300w, https:\/\/www.escolatrac.com\/wp-content\/uploads\/2022\/03\/20210521_191609-1024x576.jpg 1024w, https:\/\/www.escolatrac.com\/wp-content\/uploads\/2022\/03\/20210521_191609-453x255.jpg 453w\" \/>\n                                            <\/a>\n                <\/div>\n                            <div>\n                    <a href=\"https:\/\/www.escolatrac.com\/wp-content\/uploads\/2022\/03\/20210511_132936-scaled.jpg\" class=\"uk-position-relative\">\n                        <img decoding=\"async\" width=\"768\" height=\"432\" src=\"https:\/\/www.escolatrac.com\/wp-content\/uploads\/2022\/03\/20210511_132936-300x168.jpg\" class=\"attachment-medium_large size-medium_large lazyload\" alt=\"\" srcset=\"\" sizes=\"(max-width: 768px) 100vw, 768px\" data-size=\"auto\" data-src=\"https:\/\/www.escolatrac.com\/wp-content\/uploads\/2022\/03\/20210511_132936-768x432.jpg\" data-srcset=\"https:\/\/www.escolatrac.com\/wp-content\/uploads\/2022\/03\/20210511_132936-768x432.jpg 768w, https:\/\/www.escolatrac.com\/wp-content\/uploads\/2022\/03\/20210511_132936-300x168.jpg 300w, https:\/\/www.escolatrac.com\/wp-content\/uploads\/2022\/03\/20210511_132936-1024x576.jpg 1024w, https:\/\/www.escolatrac.com\/wp-content\/uploads\/2022\/03\/20210511_132936-453x255.jpg 453w\" \/>\n                                            <\/a>\n                <\/div>\n                            <div>\n                    <a href=\"https:\/\/www.escolatrac.com\/wp-content\/uploads\/2022\/03\/20210429_163829-scaled.jpg\" class=\"uk-position-relative\">\n                        <img decoding=\"async\" width=\"768\" height=\"432\" src=\"https:\/\/www.escolatrac.com\/wp-content\/uploads\/2022\/03\/20210429_163829-300x168.jpg\" class=\"attachment-medium_large size-medium_large lazyload\" alt=\"\" srcset=\"\" sizes=\"(max-width: 768px) 100vw, 768px\" data-size=\"auto\" data-src=\"https:\/\/www.escolatrac.com\/wp-content\/uploads\/2022\/03\/20210429_163829-768x432.jpg\" data-srcset=\"https:\/\/www.escolatrac.com\/wp-content\/uploads\/2022\/03\/20210429_163829-768x432.jpg 768w, https:\/\/www.escolatrac.com\/wp-content\/uploads\/2022\/03\/20210429_163829-300x168.jpg 300w, https:\/\/www.escolatrac.com\/wp-content\/uploads\/2022\/03\/20210429_163829-1024x576.jpg 1024w, https:\/\/www.escolatrac.com\/wp-content\/uploads\/2022\/03\/20210429_163829-453x255.jpg 453w\" \/>\n                                            <\/a>\n                <\/div>\n                            <div>\n                    <a href=\"https:\/\/www.escolatrac.com\/wp-content\/uploads\/2022\/03\/20210429_163814-scaled.jpg\" class=\"uk-position-relative\">\n                        <img decoding=\"async\" width=\"768\" height=\"432\" src=\"https:\/\/www.escolatrac.com\/wp-content\/uploads\/2022\/03\/20210429_163814-300x168.jpg\" class=\"attachment-medium_large size-medium_large lazyload\" alt=\"\" srcset=\"\" sizes=\"(max-width: 768px) 100vw, 768px\" data-size=\"auto\" data-src=\"https:\/\/www.escolatrac.com\/wp-content\/uploads\/2022\/03\/20210429_163814-768x432.jpg\" data-srcset=\"https:\/\/www.escolatrac.com\/wp-content\/uploads\/2022\/03\/20210429_163814-768x432.jpg 768w, https:\/\/www.escolatrac.com\/wp-content\/uploads\/2022\/03\/20210429_163814-300x168.jpg 300w, https:\/\/www.escolatrac.com\/wp-content\/uploads\/2022\/03\/20210429_163814-1024x576.jpg 1024w, https:\/\/www.escolatrac.com\/wp-content\/uploads\/2022\/03\/20210429_163814-453x255.jpg 453w\" \/>\n                                            <\/a>\n                <\/div>\n                    <\/div>\n\n                <\/div>\n    <\/section>\n","protected":false},"excerpt":{"rendered":"<p>Se trata de sesiones art\u00edsticas para claustros de profesorado (tanto para primaria como secundaria) dise\u00f1adas para poder utilizar el arte como una herramienta que tiene que permitir a los ni\u00f1os y ni\u00f1as desarrollar su potencial creativo y contribuir a su crecimiento como personas: aprender a conocer, aprender a hacer (para poder actuar sobre el entorno), &hellip; <a href=\"https:\/\/www.escolatrac.com\/es\/talleres-hechos-a-medida-para-claustro-de-profesorado\/\">Continued<\/a><\/p>\n","protected":false},"author":4,"featured_media":13738,"parent":0,"menu_order":0,"comment_status":"closed","ping_status":"closed","template":"views\/template-custom.blade.php","meta":{"_acf_changed":false,"footnotes":""},"class_list":["post-13775","page","type-page","status-publish","has-post-thumbnail","hentry"],"acf":[],"yoast_head":"<!-- This site is optimized with the Yoast SEO plugin v27.3 - https:\/\/yoast.com\/product\/yoast-seo-wordpress\/ -->\n<title>Talleres hechos a medida para claustro de profesorado - Escola Tra\u00e7<\/title>\n<meta name=\"robots\" content=\"index, follow, max-snippet:-1, max-image-preview:large, max-video-preview:-1\" \/>\n<link rel=\"canonical\" href=\"https:\/\/www.escolatrac.com\/formacio-per-a-claustre-professorat\/\" \/>\n<meta property=\"og:locale\" content=\"es_ES\" \/>\n<meta property=\"og:type\" content=\"article\" \/>\n<meta property=\"og:title\" content=\"Talleres hechos a medida para claustro de profesorado - Escola Tra\u00e7\" \/>\n<meta property=\"og:description\" content=\"Se trata de sesiones art\u00edsticas para claustros de profesorado (tanto para primaria como secundaria) dise\u00f1adas para poder utilizar el arte como una herramienta que tiene que permitir a los ni\u00f1os y ni\u00f1as desarrollar su potencial creativo y contribuir a su crecimiento como personas: aprender a conocer, aprender a hacer (para poder actuar sobre el entorno), &hellip; Continued\" \/>\n<meta property=\"og:url\" content=\"https:\/\/www.escolatrac.com\/formacio-per-a-claustre-professorat\/\" \/>\n<meta property=\"og:site_name\" content=\"Escola Tra\u00e7\" \/>\n<meta property=\"article:modified_time\" content=\"2022-03-21T12:15:56+00:00\" \/>\n<meta property=\"og:image\" content=\"https:\/\/www.escolatrac.com\/wp-content\/uploads\/2022\/03\/20210521_194257_capcalera-1-scaled.jpg\" \/>\n\t<meta property=\"og:image:width\" content=\"2560\" \/>\n\t<meta property=\"og:image:height\" content=\"751\" \/>\n\t<meta property=\"og:image:type\" content=\"image\/jpeg\" \/>\n<meta name=\"twitter:card\" content=\"summary_large_image\" \/>\n<meta name=\"twitter:label1\" content=\"Tiempo de lectura\" \/>\n\t<meta name=\"twitter:data1\" content=\"1 minuto\" \/>\n<script type=\"application\/ld+json\" class=\"yoast-schema-graph\">{\"@context\":\"https:\\\/\\\/schema.org\",\"@graph\":[{\"@type\":\"WebPage\",\"@id\":\"https:\\\/\\\/www.escolatrac.com\\\/formacio-per-a-claustre-professorat\\\/\",\"url\":\"https:\\\/\\\/www.escolatrac.com\\\/formacio-per-a-claustre-professorat\\\/\",\"name\":\"Talleres hechos a medida para claustro de profesorado - Escola Tra\u00e7\",\"isPartOf\":{\"@id\":\"https:\\\/\\\/www.escolatrac.com\\\/#website\"},\"primaryImageOfPage\":{\"@id\":\"https:\\\/\\\/www.escolatrac.com\\\/formacio-per-a-claustre-professorat\\\/#primaryimage\"},\"image\":{\"@id\":\"https:\\\/\\\/www.escolatrac.com\\\/formacio-per-a-claustre-professorat\\\/#primaryimage\"},\"thumbnailUrl\":\"https:\\\/\\\/www.escolatrac.com\\\/wp-content\\\/uploads\\\/2022\\\/03\\\/20210521_194257_capcalera-1-scaled.jpg\",\"datePublished\":\"2022-03-21T12:00:37+00:00\",\"dateModified\":\"2022-03-21T12:15:56+00:00\",\"breadcrumb\":{\"@id\":\"https:\\\/\\\/www.escolatrac.com\\\/formacio-per-a-claustre-professorat\\\/#breadcrumb\"},\"inLanguage\":\"es\",\"potentialAction\":[{\"@type\":\"ReadAction\",\"target\":[\"https:\\\/\\\/www.escolatrac.com\\\/formacio-per-a-claustre-professorat\\\/\"]}]},{\"@type\":\"ImageObject\",\"inLanguage\":\"es\",\"@id\":\"https:\\\/\\\/www.escolatrac.com\\\/formacio-per-a-claustre-professorat\\\/#primaryimage\",\"url\":\"https:\\\/\\\/www.escolatrac.com\\\/wp-content\\\/uploads\\\/2022\\\/03\\\/20210521_194257_capcalera-1-scaled.jpg\",\"contentUrl\":\"https:\\\/\\\/www.escolatrac.com\\\/wp-content\\\/uploads\\\/2022\\\/03\\\/20210521_194257_capcalera-1-scaled.jpg\",\"width\":2560,\"height\":751},{\"@type\":\"BreadcrumbList\",\"@id\":\"https:\\\/\\\/www.escolatrac.com\\\/formacio-per-a-claustre-professorat\\\/#breadcrumb\",\"itemListElement\":[{\"@type\":\"ListItem\",\"position\":1,\"name\":\"Inici\",\"item\":\"https:\\\/\\\/www.escolatrac.com\\\/es\\\/\"},{\"@type\":\"ListItem\",\"position\":2,\"name\":\"Talleres hechos a medida para claustro de profesorado\"}]},{\"@type\":\"WebSite\",\"@id\":\"https:\\\/\\\/www.escolatrac.com\\\/#website\",\"url\":\"https:\\\/\\\/www.escolatrac.com\\\/\",\"name\":\"Escola Tra\u00e7\",\"description\":\"\",\"potentialAction\":[{\"@type\":\"SearchAction\",\"target\":{\"@type\":\"EntryPoint\",\"urlTemplate\":\"https:\\\/\\\/www.escolatrac.com\\\/?s={search_term_string}\"},\"query-input\":{\"@type\":\"PropertyValueSpecification\",\"valueRequired\":true,\"valueName\":\"search_term_string\"}}],\"inLanguage\":\"es\"}]}<\/script>\n<!-- \/ Yoast SEO plugin. -->","yoast_head_json":{"title":"Talleres hechos a medida para claustro de profesorado - Escola Tra\u00e7","robots":{"index":"index","follow":"follow","max-snippet":"max-snippet:-1","max-image-preview":"max-image-preview:large","max-video-preview":"max-video-preview:-1"},"canonical":"https:\/\/www.escolatrac.com\/formacio-per-a-claustre-professorat\/","og_locale":"es_ES","og_type":"article","og_title":"Talleres hechos a medida para claustro de profesorado - Escola Tra\u00e7","og_description":"Se trata de sesiones art\u00edsticas para claustros de profesorado (tanto para primaria como secundaria) dise\u00f1adas para poder utilizar el arte como una herramienta que tiene que permitir a los ni\u00f1os y ni\u00f1as desarrollar su potencial creativo y contribuir a su crecimiento como personas: aprender a conocer, aprender a hacer (para poder actuar sobre el entorno), &hellip; Continued","og_url":"https:\/\/www.escolatrac.com\/formacio-per-a-claustre-professorat\/","og_site_name":"Escola Tra\u00e7","article_modified_time":"2022-03-21T12:15:56+00:00","og_image":[{"width":2560,"height":751,"url":"https:\/\/www.escolatrac.com\/wp-content\/uploads\/2022\/03\/20210521_194257_capcalera-1-scaled.jpg","type":"image\/jpeg"}],"twitter_card":"summary_large_image","twitter_misc":{"Tiempo de lectura":"1 minuto"},"schema":{"@context":"https:\/\/schema.org","@graph":[{"@type":"WebPage","@id":"https:\/\/www.escolatrac.com\/formacio-per-a-claustre-professorat\/","url":"https:\/\/www.escolatrac.com\/formacio-per-a-claustre-professorat\/","name":"Talleres hechos a medida para claustro de profesorado - Escola Tra\u00e7","isPartOf":{"@id":"https:\/\/www.escolatrac.com\/#website"},"primaryImageOfPage":{"@id":"https:\/\/www.escolatrac.com\/formacio-per-a-claustre-professorat\/#primaryimage"},"image":{"@id":"https:\/\/www.escolatrac.com\/formacio-per-a-claustre-professorat\/#primaryimage"},"thumbnailUrl":"https:\/\/www.escolatrac.com\/wp-content\/uploads\/2022\/03\/20210521_194257_capcalera-1-scaled.jpg","datePublished":"2022-03-21T12:00:37+00:00","dateModified":"2022-03-21T12:15:56+00:00","breadcrumb":{"@id":"https:\/\/www.escolatrac.com\/formacio-per-a-claustre-professorat\/#breadcrumb"},"inLanguage":"es","potentialAction":[{"@type":"ReadAction","target":["https:\/\/www.escolatrac.com\/formacio-per-a-claustre-professorat\/"]}]},{"@type":"ImageObject","inLanguage":"es","@id":"https:\/\/www.escolatrac.com\/formacio-per-a-claustre-professorat\/#primaryimage","url":"https:\/\/www.escolatrac.com\/wp-content\/uploads\/2022\/03\/20210521_194257_capcalera-1-scaled.jpg","contentUrl":"https:\/\/www.escolatrac.com\/wp-content\/uploads\/2022\/03\/20210521_194257_capcalera-1-scaled.jpg","width":2560,"height":751},{"@type":"BreadcrumbList","@id":"https:\/\/www.escolatrac.com\/formacio-per-a-claustre-professorat\/#breadcrumb","itemListElement":[{"@type":"ListItem","position":1,"name":"Inici","item":"https:\/\/www.escolatrac.com\/es\/"},{"@type":"ListItem","position":2,"name":"Talleres hechos a medida para claustro de profesorado"}]},{"@type":"WebSite","@id":"https:\/\/www.escolatrac.com\/#website","url":"https:\/\/www.escolatrac.com\/","name":"Escola Tra\u00e7","description":"","potentialAction":[{"@type":"SearchAction","target":{"@type":"EntryPoint","urlTemplate":"https:\/\/www.escolatrac.com\/?s={search_term_string}"},"query-input":{"@type":"PropertyValueSpecification","valueRequired":true,"valueName":"search_term_string"}}],"inLanguage":"es"}]}},"_links":{"self":[{"href":"https:\/\/www.escolatrac.com\/es\/wp-json\/wp\/v2\/pages\/13775","targetHints":{"allow":["GET"]}}],"collection":[{"href":"https:\/\/www.escolatrac.com\/es\/wp-json\/wp\/v2\/pages"}],"about":[{"href":"https:\/\/www.escolatrac.com\/es\/wp-json\/wp\/v2\/types\/page"}],"author":[{"embeddable":true,"href":"https:\/\/www.escolatrac.com\/es\/wp-json\/wp\/v2\/users\/4"}],"replies":[{"embeddable":true,"href":"https:\/\/www.escolatrac.com\/es\/wp-json\/wp\/v2\/comments?post=13775"}],"version-history":[{"count":3,"href":"https:\/\/www.escolatrac.com\/es\/wp-json\/wp\/v2\/pages\/13775\/revisions"}],"predecessor-version":[{"id":13779,"href":"https:\/\/www.escolatrac.com\/es\/wp-json\/wp\/v2\/pages\/13775\/revisions\/13779"}],"wp:featuredmedia":[{"embeddable":true,"href":"https:\/\/www.escolatrac.com\/es\/wp-json\/wp\/v2\/media\/13738"}],"wp:attachment":[{"href":"https:\/\/www.escolatrac.com\/es\/wp-json\/wp\/v2\/media?parent=13775"}],"curies":[{"name":"wp","href":"https:\/\/api.w.org\/{rel}","templated":true}]}}