{"id":10690,"date":"2020-10-20T12:02:46","date_gmt":"2020-10-20T10:02:46","guid":{"rendered":"https:\/\/www.escolatrac.com\/?page_id=10690"},"modified":"2022-03-21T13:29:52","modified_gmt":"2022-03-21T12:29:52","slug":"profesorado","status":"publish","type":"page","link":"https:\/\/www.escolatrac.com\/es\/profesorado\/","title":{"rendered":"Tra\u00e7Forma&#8217;t"},"content":{"rendered":"\n<div class=\"wp-block-columns is-layout-flex wp-container-core-columns-is-layout-9d6595d7 wp-block-columns-is-layout-flex\">\n<div class=\"wp-block-column is-layout-flow wp-block-column-is-layout-flow\">\n<p>Desde Tra\u00e7 ofrecemos formaci\u00f3n y asesoramiento, homologados por el departamento de educaci\u00f3n, para profesorado para acercar el arte en las escuelas y poder compartir experiencias, reflexiones y recursos creativos con el personal docente y personas interesadas en la tem\u00e1tica .<\/p>\n\n\n\n<p>Desde&nbsp;Tra\u00e7Forma\u2019t&nbsp;os proponemos tres tipolog\u00edas de talleres: <a href=\"https:\/\/www.escolatrac.com\/es\/taller-de-creatividad-y-conflicto\/\">FORMACI\u00d3N CREATIVIDAD Y CONFLICTO<\/a>, <a href=\"https:\/\/www.escolatrac.com\/es\/talleres-hechos-a-medida-para-claustro-de-profesorado\/\" data-type=\"page\" data-id=\"13775\">TALLERES HECHOS A MEDIDA PARA CLAUSTROS<\/a> Y ASESORAMIENTO<\/p>\n\n\n\n<p><a href=\"https:\/\/www.escolatrac.com\/es\/taller-de-creatividad-y-conflicto\/\">FORMACI\u00d3N CREATIVIDAD Y CONFLICTO<\/a><\/p>\n\n\n\n<p>Se trata de un taller homologado, de 15 horas que ofrece herramientas art\u00edsticas, conceptuales y pedag\u00f3gicas para el acompa\u00f1amiento y la relaci\u00f3n entre  personas, grupos y equipos.<br>Inf\u00f3rmate <a href=\"https:\/\/www.escolatrac.com\/es\/taller-de-creatividad-y-conflicto\/\">aqu\u00ed<\/a><\/p>\n\n\n\n<p><a href=\"https:\/\/www.escolatrac.com\/es\/talleres-hechos-a-medida-para-claustro-de-profesorado\/\" data-type=\"page\" data-id=\"13775\">TALLERES HECHOS A MEDIDA PARA CLAUSTROS<\/a><\/p>\n\n\n\n<p>Sesiones art\u00edsticas para el claustro de profesorado (n\u00famero de sesiones a determinar), dise\u00f1adas para poder utilizar el arte como una herramienta que tiene que permitir a los ni\u00f1os y ni\u00f1as  desarrollar su potencial creativo y contribuir a su crecimiento como personas: aprender a conocer, aprender a hacer (para poder actuar sobre el entorno), aprender a convivir (para participar y cooperar) y aprender a ser.<br>Inf\u00f3rmate <a href=\"https:\/\/www.escolatrac.com\/es\/talleres-hechos-a-medida-para-claustro-de-profesorado\/\" data-type=\"page\" data-id=\"13775\">aqu\u00ed<\/a><\/p>\n\n\n\n<p>ASESORAMIENTO AL PROFESORADO<\/p>\n\n\n\n<p>Sesiones de Asesoramiento para el profesorado para acompa\u00f1ar necesidades espec\u00edficas de algunos grupos, o para dise\u00f1ar propuestas concretas para vuestra escuela (por ej. el d\u00eda de la Paz  y la&nbsp;No violencia, montaje de instalaciones art\u00edsticas u organizaci\u00f3n de&nbsp;eventos&nbsp;concretos).<\/p>\n\n\n\n<p>Para mayor informaci\u00f3n enviad un correo a marta.mercade@escolatrac.com <\/p>\n\n\n\n<p><\/p>\n\n\n\n<p><\/p>\n<\/div>\n\n\n\n<div class=\"wp-block-column is-layout-flow wp-block-column-is-layout-flow\"><style>.kb-gallery-id-_820dfc-33 .kadence-blocks-gallery-item .kb-gal-image-radius, .kb-gallery-id-_820dfc-33 .kb-slide-item .kb-gal-image-radius img{border-radius:0px 0px 0px 0px;;}.kb-gallery-wrap-id-_820dfc-33.wp-block-kadence-advancedgallery{overflow:visible;}.kb-gallery-wrap-id-_820dfc-33.wp-block-kadence-advancedgallery .kt-blocks-carousel{overflow:visible;}<\/style><div class=\"kb-gallery-wrap-id-_820dfc-33 alignwide alignwide wp-block-kadence-advancedgallery\"><div class=\"kb-gallery-ul kb-gallery-non-static kb-gallery-type-slider kb-gallery-id-_820dfc-33 kb-gallery-caption-style-bottom-hover kb-gallery-filter-none\" data-image-filter=\"none\" data-lightbox-caption=\"true\"><div class=\"kt-blocks-carousel splide kt-carousel-container-dotstyle-none kt-carousel-arrowstyle-whiteondark kt-carousel-dotstyle-none kb-slider-group-arrow kb-slider-arrow-position-center\" data-slider-anim-speed=\"470\" data-slider-scroll=\"1\" data-slider-arrows=\"true\" data-slider-fade=\"true\" data-slider-dots=\"false\" data-slider-type=\"slider\" data-slider-hover-pause=\"false\" data-slider-auto=\"1\" data-slider-speed=\"3130\" data-show-pause-button=\"false\"><div class=\"splide__track\"><ul class=\"kt-blocks-carousel-init kb-blocks-slider splide__list\"><li class=\"kb-slide-item kb-gallery-slide-item splide__slide\"><div class=\"kadence-blocks-gallery-item\"><div class=\"kadence-blocks-gallery-item-inner\"><figure class=\"kb-gallery-figure kadence-blocks-gallery-item-hide-caption\"><div class=\"kb-gal-image-radius\"><div class=\"kb-gallery-image-contain kadence-blocks-gallery-intrinsic kb-gallery-image-ratio-land32 kb-has-image-ratio-land32\" ><img decoding=\"async\" src=\"https:\/\/www.escolatrac.com\/wp-content\/uploads\/2020\/10\/20190910_133651-1024x576.jpg\" width=\"1024\" height=\"576\" alt=\"\" data-full-image=\"https:\/\/www.escolatrac.com\/wp-content\/uploads\/2020\/10\/20190910_133651.jpg\" data-light-image=\"https:\/\/www.escolatrac.com\/wp-content\/uploads\/2020\/10\/20190910_133651.jpg\" data-id=\"10527\" class=\"wp-image-10527 skip-lazy\" srcset=\"https:\/\/www.escolatrac.com\/wp-content\/uploads\/2020\/10\/20190910_133651-1024x576.jpg 1024w, https:\/\/www.escolatrac.com\/wp-content\/uploads\/2020\/10\/20190910_133651-600x338.jpg 600w, https:\/\/www.escolatrac.com\/wp-content\/uploads\/2020\/10\/20190910_133651-300x168.jpg 300w, https:\/\/www.escolatrac.com\/wp-content\/uploads\/2020\/10\/20190910_133651-768x432.jpg 768w, https:\/\/www.escolatrac.com\/wp-content\/uploads\/2020\/10\/20190910_133651-453x255.jpg 453w, https:\/\/www.escolatrac.com\/wp-content\/uploads\/2020\/10\/20190910_133651-1536x864.jpg 1536w, https:\/\/www.escolatrac.com\/wp-content\/uploads\/2020\/10\/20190910_133651.jpg 2048w\" sizes=\"(max-width: 1024px) 100vw, 1024px\" \/><\/div><\/div><\/figure><\/div><\/div><\/li><li class=\"kb-slide-item kb-gallery-slide-item splide__slide\"><div class=\"kadence-blocks-gallery-item\"><div class=\"kadence-blocks-gallery-item-inner\"><figure class=\"kb-gallery-figure kadence-blocks-gallery-item-hide-caption\"><div class=\"kb-gal-image-radius\"><div class=\"kb-gallery-image-contain kadence-blocks-gallery-intrinsic kb-gallery-image-ratio-land32 kb-has-image-ratio-land32\" ><img decoding=\"async\" src=\"https:\/\/www.escolatrac.com\/wp-content\/uploads\/2020\/10\/web3-1024x576.jpg\" width=\"1024\" height=\"576\" alt=\"\" data-full-image=\"https:\/\/www.escolatrac.com\/wp-content\/uploads\/2020\/10\/web3-scaled.jpg\" data-light-image=\"https:\/\/www.escolatrac.com\/wp-content\/uploads\/2020\/10\/web3-scaled.jpg\" data-id=\"10530\" class=\"wp-image-10530 skip-lazy\" srcset=\"https:\/\/www.escolatrac.com\/wp-content\/uploads\/2020\/10\/web3-1024x576.jpg 1024w, https:\/\/www.escolatrac.com\/wp-content\/uploads\/2020\/10\/web3-300x168.jpg 300w, https:\/\/www.escolatrac.com\/wp-content\/uploads\/2020\/10\/web3-768x432.jpg 768w, https:\/\/www.escolatrac.com\/wp-content\/uploads\/2020\/10\/web3-453x255.jpg 453w\" sizes=\"(max-width: 1024px) 100vw, 1024px\" \/><\/div><\/div><\/figure><\/div><\/div><\/li><li class=\"kb-slide-item kb-gallery-slide-item splide__slide\"><div class=\"kadence-blocks-gallery-item\"><div class=\"kadence-blocks-gallery-item-inner\"><figure class=\"kb-gallery-figure kadence-blocks-gallery-item-hide-caption\"><div class=\"kb-gal-image-radius\"><div class=\"kb-gallery-image-contain kadence-blocks-gallery-intrinsic kb-gallery-image-ratio-land32 kb-has-image-ratio-land32\" ><img decoding=\"async\" src=\"https:\/\/www.escolatrac.com\/wp-content\/uploads\/2020\/10\/web-3-1024x576.jpg\" width=\"1024\" height=\"576\" alt=\"\" data-full-image=\"https:\/\/www.escolatrac.com\/wp-content\/uploads\/2020\/10\/web-3-scaled.jpg\" data-light-image=\"https:\/\/www.escolatrac.com\/wp-content\/uploads\/2020\/10\/web-3-scaled.jpg\" data-id=\"10535\" class=\"wp-image-10535 skip-lazy\" srcset=\"https:\/\/www.escolatrac.com\/wp-content\/uploads\/2020\/10\/web-3-1024x576.jpg 1024w, https:\/\/www.escolatrac.com\/wp-content\/uploads\/2020\/10\/web-3-300x168.jpg 300w, https:\/\/www.escolatrac.com\/wp-content\/uploads\/2020\/10\/web-3-768x432.jpg 768w, https:\/\/www.escolatrac.com\/wp-content\/uploads\/2020\/10\/web-3-453x255.jpg 453w\" sizes=\"(max-width: 1024px) 100vw, 1024px\" \/><\/div><\/div><\/figure><\/div><\/div><\/li><li class=\"kb-slide-item kb-gallery-slide-item splide__slide\"><div class=\"kadence-blocks-gallery-item\"><div class=\"kadence-blocks-gallery-item-inner\"><figure class=\"kb-gallery-figure kadence-blocks-gallery-item-hide-caption\"><div class=\"kb-gal-image-radius\"><div class=\"kb-gallery-image-contain kadence-blocks-gallery-intrinsic kb-gallery-image-ratio-land32 kb-has-image-ratio-land32\" ><img decoding=\"async\" src=\"https:\/\/www.escolatrac.com\/wp-content\/uploads\/2020\/10\/web4-1024x576.jpg\" width=\"1024\" height=\"576\" alt=\"\" data-full-image=\"https:\/\/www.escolatrac.com\/wp-content\/uploads\/2020\/10\/web4-scaled.jpg\" data-light-image=\"https:\/\/www.escolatrac.com\/wp-content\/uploads\/2020\/10\/web4-scaled.jpg\" data-id=\"10538\" class=\"wp-image-10538 skip-lazy\" srcset=\"https:\/\/www.escolatrac.com\/wp-content\/uploads\/2020\/10\/web4-1024x576.jpg 1024w, https:\/\/www.escolatrac.com\/wp-content\/uploads\/2020\/10\/web4-300x168.jpg 300w, https:\/\/www.escolatrac.com\/wp-content\/uploads\/2020\/10\/web4-768x432.jpg 768w, https:\/\/www.escolatrac.com\/wp-content\/uploads\/2020\/10\/web4-453x255.jpg 453w\" sizes=\"(max-width: 1024px) 100vw, 1024px\" \/><\/div><\/div><\/figure><\/div><\/div><\/li><li class=\"kb-slide-item kb-gallery-slide-item splide__slide\"><div class=\"kadence-blocks-gallery-item\"><div class=\"kadence-blocks-gallery-item-inner\"><figure class=\"kb-gallery-figure kadence-blocks-gallery-item-hide-caption\"><div class=\"kb-gal-image-radius\"><div class=\"kb-gallery-image-contain kadence-blocks-gallery-intrinsic kb-gallery-image-ratio-land32 kb-has-image-ratio-land32\" ><img decoding=\"async\" src=\"https:\/\/www.escolatrac.com\/wp-content\/uploads\/2020\/10\/20200317_123531-1.70-1024x576.jpg\" width=\"1024\" height=\"576\" alt=\"\" data-full-image=\"https:\/\/www.escolatrac.com\/wp-content\/uploads\/2020\/10\/20200317_123531-1.70-scaled.jpg\" data-light-image=\"https:\/\/www.escolatrac.com\/wp-content\/uploads\/2020\/10\/20200317_123531-1.70-scaled.jpg\" data-id=\"10676\" class=\"wp-image-10676 skip-lazy\" srcset=\"https:\/\/www.escolatrac.com\/wp-content\/uploads\/2020\/10\/20200317_123531-1.70-1024x576.jpg 1024w, https:\/\/www.escolatrac.com\/wp-content\/uploads\/2020\/10\/20200317_123531-1.70-300x168.jpg 300w, https:\/\/www.escolatrac.com\/wp-content\/uploads\/2020\/10\/20200317_123531-1.70-768x432.jpg 768w, https:\/\/www.escolatrac.com\/wp-content\/uploads\/2020\/10\/20200317_123531-1.70-453x255.jpg 453w\" sizes=\"(max-width: 1024px) 100vw, 1024px\" \/><\/div><\/div><\/figure><\/div><\/div><\/li><\/ul><\/div><\/div><\/div><\/div><\/div>\n<\/div>\n\n\n\n<p><\/p>\n","protected":false},"excerpt":{"rendered":"<p>Desde Tra\u00e7 ofrecemos formaci\u00f3n y asesoramiento, homologados por el departamento de educaci\u00f3n, para profesorado para acercar el arte en las escuelas y poder compartir experiencias, reflexiones y recursos creativos con el personal docente y personas interesadas en la tem\u00e1tica . Desde&nbsp;Tra\u00e7Forma\u2019t&nbsp;os proponemos tres tipolog\u00edas de talleres: FORMACI\u00d3N CREATIVIDAD Y CONFLICTO, TALLERES HECHOS A MEDIDA PARA &hellip; <a href=\"https:\/\/www.escolatrac.com\/es\/profesorado\/\">Continued<\/a><\/p>\n","protected":false},"author":4,"featured_media":10669,"parent":0,"menu_order":0,"comment_status":"closed","ping_status":"closed","template":"views\/small-container.blade.php","meta":{"_acf_changed":false,"footnotes":""},"class_list":["post-10690","page","type-page","status-publish","has-post-thumbnail","hentry"],"acf":[],"yoast_head":"<!-- This site is optimized with the Yoast SEO plugin v27.3 - https:\/\/yoast.com\/product\/yoast-seo-wordpress\/ -->\n<title>Tra\u00e7Forma&#039;t - Escola Tra\u00e7<\/title>\n<meta name=\"robots\" content=\"index, follow, max-snippet:-1, max-image-preview:large, max-video-preview:-1\" \/>\n<link rel=\"canonical\" href=\"https:\/\/www.escolatrac.com\/professorat\/\" \/>\n<meta property=\"og:locale\" content=\"es_ES\" \/>\n<meta property=\"og:type\" content=\"article\" \/>\n<meta property=\"og:title\" content=\"Tra\u00e7Forma&#039;t - Escola Tra\u00e7\" \/>\n<meta property=\"og:description\" content=\"Desde Tra\u00e7 ofrecemos formaci\u00f3n y asesoramiento, homologados por el departamento de educaci\u00f3n, para profesorado para acercar el arte en las escuelas y poder compartir experiencias, reflexiones y recursos creativos con el personal docente y personas interesadas en la tem\u00e1tica . Desde&nbsp;Tra\u00e7Forma\u2019t&nbsp;os proponemos tres tipolog\u00edas de talleres: FORMACI\u00d3N CREATIVIDAD Y CONFLICTO, TALLERES HECHOS A MEDIDA PARA &hellip; Continued\" \/>\n<meta property=\"og:url\" content=\"https:\/\/www.escolatrac.com\/professorat\/\" \/>\n<meta property=\"og:site_name\" content=\"Escola Tra\u00e7\" \/>\n<meta property=\"article:modified_time\" content=\"2022-03-21T12:29:52+00:00\" \/>\n<meta property=\"og:image\" content=\"https:\/\/www.escolatrac.com\/wp-content\/uploads\/2020\/10\/20201020_100018-1-scaled.jpg\" \/>\n\t<meta property=\"og:image:width\" content=\"2560\" \/>\n\t<meta property=\"og:image:height\" content=\"697\" \/>\n\t<meta property=\"og:image:type\" content=\"image\/jpeg\" \/>\n<meta name=\"twitter:card\" content=\"summary_large_image\" \/>\n<meta name=\"twitter:label1\" content=\"Tiempo de lectura\" \/>\n\t<meta name=\"twitter:data1\" content=\"1 minuto\" \/>\n<script type=\"application\/ld+json\" class=\"yoast-schema-graph\">{\"@context\":\"https:\\\/\\\/schema.org\",\"@graph\":[{\"@type\":\"WebPage\",\"@id\":\"https:\\\/\\\/www.escolatrac.com\\\/professorat\\\/\",\"url\":\"https:\\\/\\\/www.escolatrac.com\\\/professorat\\\/\",\"name\":\"Tra\u00e7Forma't - Escola Tra\u00e7\",\"isPartOf\":{\"@id\":\"https:\\\/\\\/www.escolatrac.com\\\/#website\"},\"primaryImageOfPage\":{\"@id\":\"https:\\\/\\\/www.escolatrac.com\\\/professorat\\\/#primaryimage\"},\"image\":{\"@id\":\"https:\\\/\\\/www.escolatrac.com\\\/professorat\\\/#primaryimage\"},\"thumbnailUrl\":\"https:\\\/\\\/www.escolatrac.com\\\/wp-content\\\/uploads\\\/2020\\\/10\\\/20201020_100018-1-scaled.jpg\",\"datePublished\":\"2020-10-20T10:02:46+00:00\",\"dateModified\":\"2022-03-21T12:29:52+00:00\",\"breadcrumb\":{\"@id\":\"https:\\\/\\\/www.escolatrac.com\\\/professorat\\\/#breadcrumb\"},\"inLanguage\":\"es\",\"potentialAction\":[{\"@type\":\"ReadAction\",\"target\":[\"https:\\\/\\\/www.escolatrac.com\\\/professorat\\\/\"]}]},{\"@type\":\"ImageObject\",\"inLanguage\":\"es\",\"@id\":\"https:\\\/\\\/www.escolatrac.com\\\/professorat\\\/#primaryimage\",\"url\":\"https:\\\/\\\/www.escolatrac.com\\\/wp-content\\\/uploads\\\/2020\\\/10\\\/20201020_100018-1-scaled.jpg\",\"contentUrl\":\"https:\\\/\\\/www.escolatrac.com\\\/wp-content\\\/uploads\\\/2020\\\/10\\\/20201020_100018-1-scaled.jpg\",\"width\":2560,\"height\":697},{\"@type\":\"BreadcrumbList\",\"@id\":\"https:\\\/\\\/www.escolatrac.com\\\/professorat\\\/#breadcrumb\",\"itemListElement\":[{\"@type\":\"ListItem\",\"position\":1,\"name\":\"Inici\",\"item\":\"https:\\\/\\\/www.escolatrac.com\\\/es\\\/\"},{\"@type\":\"ListItem\",\"position\":2,\"name\":\"Tra\u00e7Forma&#8217;t\"}]},{\"@type\":\"WebSite\",\"@id\":\"https:\\\/\\\/www.escolatrac.com\\\/#website\",\"url\":\"https:\\\/\\\/www.escolatrac.com\\\/\",\"name\":\"Escola Tra\u00e7\",\"description\":\"\",\"potentialAction\":[{\"@type\":\"SearchAction\",\"target\":{\"@type\":\"EntryPoint\",\"urlTemplate\":\"https:\\\/\\\/www.escolatrac.com\\\/?s={search_term_string}\"},\"query-input\":{\"@type\":\"PropertyValueSpecification\",\"valueRequired\":true,\"valueName\":\"search_term_string\"}}],\"inLanguage\":\"es\"}]}<\/script>\n<!-- \/ Yoast SEO plugin. -->","yoast_head_json":{"title":"Tra\u00e7Forma't - Escola Tra\u00e7","robots":{"index":"index","follow":"follow","max-snippet":"max-snippet:-1","max-image-preview":"max-image-preview:large","max-video-preview":"max-video-preview:-1"},"canonical":"https:\/\/www.escolatrac.com\/professorat\/","og_locale":"es_ES","og_type":"article","og_title":"Tra\u00e7Forma't - Escola Tra\u00e7","og_description":"Desde Tra\u00e7 ofrecemos formaci\u00f3n y asesoramiento, homologados por el departamento de educaci\u00f3n, para profesorado para acercar el arte en las escuelas y poder compartir experiencias, reflexiones y recursos creativos con el personal docente y personas interesadas en la tem\u00e1tica . Desde&nbsp;Tra\u00e7Forma\u2019t&nbsp;os proponemos tres tipolog\u00edas de talleres: FORMACI\u00d3N CREATIVIDAD Y CONFLICTO, TALLERES HECHOS A MEDIDA PARA &hellip; Continued","og_url":"https:\/\/www.escolatrac.com\/professorat\/","og_site_name":"Escola Tra\u00e7","article_modified_time":"2022-03-21T12:29:52+00:00","og_image":[{"width":2560,"height":697,"url":"https:\/\/www.escolatrac.com\/wp-content\/uploads\/2020\/10\/20201020_100018-1-scaled.jpg","type":"image\/jpeg"}],"twitter_card":"summary_large_image","twitter_misc":{"Tiempo de lectura":"1 minuto"},"schema":{"@context":"https:\/\/schema.org","@graph":[{"@type":"WebPage","@id":"https:\/\/www.escolatrac.com\/professorat\/","url":"https:\/\/www.escolatrac.com\/professorat\/","name":"Tra\u00e7Forma't - Escola Tra\u00e7","isPartOf":{"@id":"https:\/\/www.escolatrac.com\/#website"},"primaryImageOfPage":{"@id":"https:\/\/www.escolatrac.com\/professorat\/#primaryimage"},"image":{"@id":"https:\/\/www.escolatrac.com\/professorat\/#primaryimage"},"thumbnailUrl":"https:\/\/www.escolatrac.com\/wp-content\/uploads\/2020\/10\/20201020_100018-1-scaled.jpg","datePublished":"2020-10-20T10:02:46+00:00","dateModified":"2022-03-21T12:29:52+00:00","breadcrumb":{"@id":"https:\/\/www.escolatrac.com\/professorat\/#breadcrumb"},"inLanguage":"es","potentialAction":[{"@type":"ReadAction","target":["https:\/\/www.escolatrac.com\/professorat\/"]}]},{"@type":"ImageObject","inLanguage":"es","@id":"https:\/\/www.escolatrac.com\/professorat\/#primaryimage","url":"https:\/\/www.escolatrac.com\/wp-content\/uploads\/2020\/10\/20201020_100018-1-scaled.jpg","contentUrl":"https:\/\/www.escolatrac.com\/wp-content\/uploads\/2020\/10\/20201020_100018-1-scaled.jpg","width":2560,"height":697},{"@type":"BreadcrumbList","@id":"https:\/\/www.escolatrac.com\/professorat\/#breadcrumb","itemListElement":[{"@type":"ListItem","position":1,"name":"Inici","item":"https:\/\/www.escolatrac.com\/es\/"},{"@type":"ListItem","position":2,"name":"Tra\u00e7Forma&#8217;t"}]},{"@type":"WebSite","@id":"https:\/\/www.escolatrac.com\/#website","url":"https:\/\/www.escolatrac.com\/","name":"Escola Tra\u00e7","description":"","potentialAction":[{"@type":"SearchAction","target":{"@type":"EntryPoint","urlTemplate":"https:\/\/www.escolatrac.com\/?s={search_term_string}"},"query-input":{"@type":"PropertyValueSpecification","valueRequired":true,"valueName":"search_term_string"}}],"inLanguage":"es"}]}},"_links":{"self":[{"href":"https:\/\/www.escolatrac.com\/es\/wp-json\/wp\/v2\/pages\/10690","targetHints":{"allow":["GET"]}}],"collection":[{"href":"https:\/\/www.escolatrac.com\/es\/wp-json\/wp\/v2\/pages"}],"about":[{"href":"https:\/\/www.escolatrac.com\/es\/wp-json\/wp\/v2\/types\/page"}],"author":[{"embeddable":true,"href":"https:\/\/www.escolatrac.com\/es\/wp-json\/wp\/v2\/users\/4"}],"replies":[{"embeddable":true,"href":"https:\/\/www.escolatrac.com\/es\/wp-json\/wp\/v2\/comments?post=10690"}],"version-history":[{"count":9,"href":"https:\/\/www.escolatrac.com\/es\/wp-json\/wp\/v2\/pages\/10690\/revisions"}],"predecessor-version":[{"id":13783,"href":"https:\/\/www.escolatrac.com\/es\/wp-json\/wp\/v2\/pages\/10690\/revisions\/13783"}],"wp:featuredmedia":[{"embeddable":true,"href":"https:\/\/www.escolatrac.com\/es\/wp-json\/wp\/v2\/media\/10669"}],"wp:attachment":[{"href":"https:\/\/www.escolatrac.com\/es\/wp-json\/wp\/v2\/media?parent=10690"}],"curies":[{"name":"wp","href":"https:\/\/api.w.org\/{rel}","templated":true}]}}