{"id":39136,"date":"2026-03-17T09:38:58","date_gmt":"2026-03-17T08:38:58","guid":{"rendered":"https:\/\/www.escolatrac.com\/exposicions\/el-batec-de-la-selva\/"},"modified":"2026-03-17T09:44:22","modified_gmt":"2026-03-17T08:44:22","slug":"el-batec-de-la-selva","status":"publish","type":"exposicions","link":"https:\/\/www.escolatrac.com\/es\/exposicions\/el-batec-de-la-selva\/","title":{"rendered":"El Latido de la Selva"},"content":{"rendered":"\n<div class=\"wp-block-columns is-layout-flex wp-container-core-columns-is-layout-9d6595d7 wp-block-columns-is-layout-flex\">\n<div class=\"wp-block-column is-layout-flow wp-block-column-is-layout-flow\">\n<p>La selva est\u00e1 llena de vida, donde los \u00e1rboles altos forman un techo verde que s\u00f3lo deja pasar peque\u00f1os rayos de la luz. El aire es h\u00famedo y caliente, y todo est\u00e1 rodeado de sonidos: el canto de los p\u00e1jaros, el zumbido de los insectos y el movimiento suave de las hojas. Entre las plantas espesas se esconden muchos animales, bichos, algunos visibles y otros dif\u00edciles de encontrar, que conviven en un equilibrio natural muy delicado\u2026<\/p>\n\n\n\n<p>Exposici\u00f3n realizada por el <strong>Taller de Pl\u00e1stica Peque\u00f1os, Ni\u00f1os de P5 y 1\u00ba de Primaria<\/strong>.<\/p>\n<\/div>\n\n\n\n<div class=\"wp-block-column is-layout-flow wp-block-column-is-layout-flow\">\n\n\n  <h3 class=\"uk-margin-remove-bottom\">Duraci\u00f3n<\/h3>\n  <ul class=\"uk-list uk-margin-remove-top\">\n      <li class=\"uk-margin-remove-bottom\">del 16 al 27 de mar\u00e7 del 2026<\/li>  <\/ul>\n\n\n  <div id=\"sharer\" data-url=\"https:\/\/www.escolatrac.com\/es\/exposicions\/el-batec-de-la-selva\/\"><\/div>\n<\/div>\n<\/div>\n\n\n\n\n\n      <section id=\"gallery-images-block_b5bdfa82c5b69b7118da1dd5c055553f\" class=\"uk-margin-large-bottom\">\n      <div class=\"uk-container\">\n        <h3 class=\"uk-h4 uk-text-uppercase\"><\/h3>\n\n        <div class=\"uk-grid-collapse uk-child-width-1-3@s\" uk-lightbox uk-grid=\"margin: uk-margin-top\">\n                            <div>\n                    <a href=\"https:\/\/www.escolatrac.com\/wp-content\/uploads\/2026\/03\/IMG_5590.jpg\" class=\"uk-position-relative\">\n                        <img decoding=\"async\" width=\"768\" height=\"432\" src=\"https:\/\/www.escolatrac.com\/wp-content\/uploads\/2026\/03\/IMG_5590-300x168.jpg\" class=\"attachment-medium_large size-medium_large lazyload\" alt=\"\" srcset=\"\" sizes=\"(max-width: 768px) 100vw, 768px\" data-size=\"auto\" data-src=\"https:\/\/www.escolatrac.com\/wp-content\/uploads\/2026\/03\/IMG_5590-768x432.jpg\" data-srcset=\"https:\/\/www.escolatrac.com\/wp-content\/uploads\/2026\/03\/IMG_5590-768x432.jpg 768w, https:\/\/www.escolatrac.com\/wp-content\/uploads\/2026\/03\/IMG_5590-300x168.jpg 300w, https:\/\/www.escolatrac.com\/wp-content\/uploads\/2026\/03\/IMG_5590-1024x576.jpg 1024w, https:\/\/www.escolatrac.com\/wp-content\/uploads\/2026\/03\/IMG_5590-453x255.jpg 453w\" \/>\n                                            <\/a>\n                <\/div>\n                            <div>\n                    <a href=\"https:\/\/www.escolatrac.com\/wp-content\/uploads\/2026\/03\/IMG_5595.jpg\" class=\"uk-position-relative\">\n                        <img decoding=\"async\" width=\"768\" height=\"432\" src=\"https:\/\/www.escolatrac.com\/wp-content\/uploads\/2026\/03\/IMG_5595-300x168.jpg\" class=\"attachment-medium_large size-medium_large lazyload\" alt=\"\" srcset=\"\" sizes=\"(max-width: 768px) 100vw, 768px\" data-size=\"auto\" data-src=\"https:\/\/www.escolatrac.com\/wp-content\/uploads\/2026\/03\/IMG_5595-768x432.jpg\" data-srcset=\"https:\/\/www.escolatrac.com\/wp-content\/uploads\/2026\/03\/IMG_5595-768x432.jpg 768w, https:\/\/www.escolatrac.com\/wp-content\/uploads\/2026\/03\/IMG_5595-300x168.jpg 300w, https:\/\/www.escolatrac.com\/wp-content\/uploads\/2026\/03\/IMG_5595-1024x576.jpg 1024w, https:\/\/www.escolatrac.com\/wp-content\/uploads\/2026\/03\/IMG_5595-453x255.jpg 453w\" \/>\n                                            <\/a>\n                <\/div>\n                            <div>\n                    <a href=\"https:\/\/www.escolatrac.com\/wp-content\/uploads\/2026\/03\/IMG_5594.jpg\" class=\"uk-position-relative\">\n                        <img decoding=\"async\" width=\"768\" height=\"432\" src=\"https:\/\/www.escolatrac.com\/wp-content\/uploads\/2026\/03\/IMG_5594-300x168.jpg\" class=\"attachment-medium_large size-medium_large lazyload\" alt=\"\" srcset=\"\" sizes=\"(max-width: 768px) 100vw, 768px\" data-size=\"auto\" data-src=\"https:\/\/www.escolatrac.com\/wp-content\/uploads\/2026\/03\/IMG_5594-768x432.jpg\" data-srcset=\"https:\/\/www.escolatrac.com\/wp-content\/uploads\/2026\/03\/IMG_5594-768x432.jpg 768w, https:\/\/www.escolatrac.com\/wp-content\/uploads\/2026\/03\/IMG_5594-300x168.jpg 300w, https:\/\/www.escolatrac.com\/wp-content\/uploads\/2026\/03\/IMG_5594-1024x576.jpg 1024w, https:\/\/www.escolatrac.com\/wp-content\/uploads\/2026\/03\/IMG_5594-453x255.jpg 453w\" \/>\n                                            <\/a>\n                <\/div>\n                            <div>\n                    <a href=\"https:\/\/www.escolatrac.com\/wp-content\/uploads\/2026\/03\/IMG_5593.jpg\" class=\"uk-position-relative\">\n                        <img decoding=\"async\" width=\"768\" height=\"432\" src=\"https:\/\/www.escolatrac.com\/wp-content\/uploads\/2026\/03\/IMG_5593-300x168.jpg\" class=\"attachment-medium_large size-medium_large lazyload\" alt=\"\" srcset=\"\" sizes=\"(max-width: 768px) 100vw, 768px\" data-size=\"auto\" data-src=\"https:\/\/www.escolatrac.com\/wp-content\/uploads\/2026\/03\/IMG_5593-768x432.jpg\" data-srcset=\"https:\/\/www.escolatrac.com\/wp-content\/uploads\/2026\/03\/IMG_5593-768x432.jpg 768w, https:\/\/www.escolatrac.com\/wp-content\/uploads\/2026\/03\/IMG_5593-300x168.jpg 300w, https:\/\/www.escolatrac.com\/wp-content\/uploads\/2026\/03\/IMG_5593-1024x576.jpg 1024w, https:\/\/www.escolatrac.com\/wp-content\/uploads\/2026\/03\/IMG_5593-453x255.jpg 453w\" \/>\n                                            <\/a>\n                <\/div>\n                            <div>\n                    <a href=\"https:\/\/www.escolatrac.com\/wp-content\/uploads\/2026\/03\/IMG_5592.jpg\" class=\"uk-position-relative\">\n                        <img decoding=\"async\" width=\"768\" height=\"432\" src=\"https:\/\/www.escolatrac.com\/wp-content\/uploads\/2026\/03\/IMG_5592-300x168.jpg\" class=\"attachment-medium_large size-medium_large lazyload\" alt=\"\" srcset=\"\" sizes=\"(max-width: 768px) 100vw, 768px\" data-size=\"auto\" data-src=\"https:\/\/www.escolatrac.com\/wp-content\/uploads\/2026\/03\/IMG_5592-768x432.jpg\" data-srcset=\"https:\/\/www.escolatrac.com\/wp-content\/uploads\/2026\/03\/IMG_5592-768x432.jpg 768w, https:\/\/www.escolatrac.com\/wp-content\/uploads\/2026\/03\/IMG_5592-300x168.jpg 300w, https:\/\/www.escolatrac.com\/wp-content\/uploads\/2026\/03\/IMG_5592-1024x576.jpg 1024w, https:\/\/www.escolatrac.com\/wp-content\/uploads\/2026\/03\/IMG_5592-453x255.jpg 453w\" \/>\n                                            <\/a>\n                <\/div>\n                            <div>\n                    <a href=\"https:\/\/www.escolatrac.com\/wp-content\/uploads\/2026\/03\/IMG_5591.jpg\" class=\"uk-position-relative\">\n                        <img decoding=\"async\" width=\"768\" height=\"432\" src=\"https:\/\/www.escolatrac.com\/wp-content\/uploads\/2026\/03\/IMG_5591-300x168.jpg\" class=\"attachment-medium_large size-medium_large lazyload\" alt=\"\" srcset=\"\" sizes=\"(max-width: 768px) 100vw, 768px\" data-size=\"auto\" data-src=\"https:\/\/www.escolatrac.com\/wp-content\/uploads\/2026\/03\/IMG_5591-768x432.jpg\" data-srcset=\"https:\/\/www.escolatrac.com\/wp-content\/uploads\/2026\/03\/IMG_5591-768x432.jpg 768w, https:\/\/www.escolatrac.com\/wp-content\/uploads\/2026\/03\/IMG_5591-300x168.jpg 300w, https:\/\/www.escolatrac.com\/wp-content\/uploads\/2026\/03\/IMG_5591-1024x576.jpg 1024w, https:\/\/www.escolatrac.com\/wp-content\/uploads\/2026\/03\/IMG_5591-453x255.jpg 453w\" \/>\n                                            <\/a>\n                <\/div>\n                    <\/div>\n\n                <\/div>\n    <\/section>\n\n\n\n\n","protected":false},"featured_media":39134,"template":"","exposicions_status":[],"class_list":["post-39136","exposicions","type-exposicions","status-publish","has-post-thumbnail","hentry"],"acf":[],"yoast_head":"<!-- This site is optimized with the Yoast SEO plugin v27.3 - https:\/\/yoast.com\/product\/yoast-seo-wordpress\/ -->\n<title>El Latido de la Selva - Escola Tra\u00e7<\/title>\n<meta name=\"robots\" content=\"index, follow, max-snippet:-1, max-image-preview:large, max-video-preview:-1\" \/>\n<link rel=\"canonical\" href=\"https:\/\/www.escolatrac.com\/es\/exposicions\/el-batec-de-la-selva\/\" \/>\n<meta property=\"og:locale\" content=\"es_ES\" \/>\n<meta property=\"og:type\" content=\"article\" \/>\n<meta property=\"og:title\" content=\"El Latido de la Selva - Escola Tra\u00e7\" \/>\n<meta property=\"og:description\" content=\"La selva est\u00e1 llena de vida, donde los \u00e1rboles altos forman un techo verde que s\u00f3lo deja pasar peque\u00f1os rayos de la luz. El aire es h\u00famedo y caliente, y todo est\u00e1 rodeado de sonidos: el canto de los p\u00e1jaros, el zumbido de los insectos y el movimiento suave de las hojas. Entre las plantas &hellip; Continued\" \/>\n<meta property=\"og:url\" content=\"https:\/\/www.escolatrac.com\/es\/exposicions\/el-batec-de-la-selva\/\" \/>\n<meta property=\"og:site_name\" content=\"Escola Tra\u00e7\" \/>\n<meta property=\"article:modified_time\" content=\"2026-03-17T08:44:22+00:00\" \/>\n<meta property=\"og:image\" content=\"https:\/\/www.escolatrac.com\/wp-content\/uploads\/2026\/03\/SELVA_web.jpg\" \/>\n\t<meta property=\"og:image:width\" content=\"1200\" \/>\n\t<meta property=\"og:image:height\" content=\"667\" \/>\n\t<meta property=\"og:image:type\" content=\"image\/jpeg\" \/>\n<meta name=\"twitter:card\" content=\"summary_large_image\" \/>\n<meta name=\"twitter:label1\" content=\"Tiempo de lectura\" \/>\n\t<meta name=\"twitter:data1\" content=\"1 minuto\" \/>\n<script type=\"application\/ld+json\" class=\"yoast-schema-graph\">{\"@context\":\"https:\\\/\\\/schema.org\",\"@graph\":[{\"@type\":\"WebPage\",\"@id\":\"https:\\\/\\\/www.escolatrac.com\\\/es\\\/exposicions\\\/el-batec-de-la-selva\\\/\",\"url\":\"https:\\\/\\\/www.escolatrac.com\\\/es\\\/exposicions\\\/el-batec-de-la-selva\\\/\",\"name\":\"El Latido de la Selva - Escola Tra\u00e7\",\"isPartOf\":{\"@id\":\"https:\\\/\\\/www.escolatrac.com\\\/#website\"},\"primaryImageOfPage\":{\"@id\":\"https:\\\/\\\/www.escolatrac.com\\\/es\\\/exposicions\\\/el-batec-de-la-selva\\\/#primaryimage\"},\"image\":{\"@id\":\"https:\\\/\\\/www.escolatrac.com\\\/es\\\/exposicions\\\/el-batec-de-la-selva\\\/#primaryimage\"},\"thumbnailUrl\":\"https:\\\/\\\/www.escolatrac.com\\\/wp-content\\\/uploads\\\/2026\\\/03\\\/SELVA_web.jpg\",\"datePublished\":\"2026-03-17T08:38:58+00:00\",\"dateModified\":\"2026-03-17T08:44:22+00:00\",\"breadcrumb\":{\"@id\":\"https:\\\/\\\/www.escolatrac.com\\\/es\\\/exposicions\\\/el-batec-de-la-selva\\\/#breadcrumb\"},\"inLanguage\":\"es\",\"potentialAction\":[{\"@type\":\"ReadAction\",\"target\":[\"https:\\\/\\\/www.escolatrac.com\\\/es\\\/exposicions\\\/el-batec-de-la-selva\\\/\"]}]},{\"@type\":\"ImageObject\",\"inLanguage\":\"es\",\"@id\":\"https:\\\/\\\/www.escolatrac.com\\\/es\\\/exposicions\\\/el-batec-de-la-selva\\\/#primaryimage\",\"url\":\"https:\\\/\\\/www.escolatrac.com\\\/wp-content\\\/uploads\\\/2026\\\/03\\\/SELVA_web.jpg\",\"contentUrl\":\"https:\\\/\\\/www.escolatrac.com\\\/wp-content\\\/uploads\\\/2026\\\/03\\\/SELVA_web.jpg\",\"width\":1200,\"height\":667},{\"@type\":\"BreadcrumbList\",\"@id\":\"https:\\\/\\\/www.escolatrac.com\\\/es\\\/exposicions\\\/el-batec-de-la-selva\\\/#breadcrumb\",\"itemListElement\":[{\"@type\":\"ListItem\",\"position\":1,\"name\":\"Inici\",\"item\":\"https:\\\/\\\/www.escolatrac.com\\\/es\\\/\"},{\"@type\":\"ListItem\",\"position\":2,\"name\":\"Exposicions\",\"item\":\"https:\\\/\\\/www.escolatrac.com\\\/en\\\/exposicions\\\/\"},{\"@type\":\"ListItem\",\"position\":3,\"name\":\"El Latido de la Selva\"}]},{\"@type\":\"WebSite\",\"@id\":\"https:\\\/\\\/www.escolatrac.com\\\/#website\",\"url\":\"https:\\\/\\\/www.escolatrac.com\\\/\",\"name\":\"Escola Tra\u00e7\",\"description\":\"\",\"potentialAction\":[{\"@type\":\"SearchAction\",\"target\":{\"@type\":\"EntryPoint\",\"urlTemplate\":\"https:\\\/\\\/www.escolatrac.com\\\/?s={search_term_string}\"},\"query-input\":{\"@type\":\"PropertyValueSpecification\",\"valueRequired\":true,\"valueName\":\"search_term_string\"}}],\"inLanguage\":\"es\"}]}<\/script>\n<!-- \/ Yoast SEO plugin. -->","yoast_head_json":{"title":"El Latido de la Selva - Escola Tra\u00e7","robots":{"index":"index","follow":"follow","max-snippet":"max-snippet:-1","max-image-preview":"max-image-preview:large","max-video-preview":"max-video-preview:-1"},"canonical":"https:\/\/www.escolatrac.com\/es\/exposicions\/el-batec-de-la-selva\/","og_locale":"es_ES","og_type":"article","og_title":"El Latido de la Selva - Escola Tra\u00e7","og_description":"La selva est\u00e1 llena de vida, donde los \u00e1rboles altos forman un techo verde que s\u00f3lo deja pasar peque\u00f1os rayos de la luz. El aire es h\u00famedo y caliente, y todo est\u00e1 rodeado de sonidos: el canto de los p\u00e1jaros, el zumbido de los insectos y el movimiento suave de las hojas. Entre las plantas &hellip; Continued","og_url":"https:\/\/www.escolatrac.com\/es\/exposicions\/el-batec-de-la-selva\/","og_site_name":"Escola Tra\u00e7","article_modified_time":"2026-03-17T08:44:22+00:00","og_image":[{"width":1200,"height":667,"url":"https:\/\/www.escolatrac.com\/wp-content\/uploads\/2026\/03\/SELVA_web.jpg","type":"image\/jpeg"}],"twitter_card":"summary_large_image","twitter_misc":{"Tiempo de lectura":"1 minuto"},"schema":{"@context":"https:\/\/schema.org","@graph":[{"@type":"WebPage","@id":"https:\/\/www.escolatrac.com\/es\/exposicions\/el-batec-de-la-selva\/","url":"https:\/\/www.escolatrac.com\/es\/exposicions\/el-batec-de-la-selva\/","name":"El Latido de la Selva - Escola Tra\u00e7","isPartOf":{"@id":"https:\/\/www.escolatrac.com\/#website"},"primaryImageOfPage":{"@id":"https:\/\/www.escolatrac.com\/es\/exposicions\/el-batec-de-la-selva\/#primaryimage"},"image":{"@id":"https:\/\/www.escolatrac.com\/es\/exposicions\/el-batec-de-la-selva\/#primaryimage"},"thumbnailUrl":"https:\/\/www.escolatrac.com\/wp-content\/uploads\/2026\/03\/SELVA_web.jpg","datePublished":"2026-03-17T08:38:58+00:00","dateModified":"2026-03-17T08:44:22+00:00","breadcrumb":{"@id":"https:\/\/www.escolatrac.com\/es\/exposicions\/el-batec-de-la-selva\/#breadcrumb"},"inLanguage":"es","potentialAction":[{"@type":"ReadAction","target":["https:\/\/www.escolatrac.com\/es\/exposicions\/el-batec-de-la-selva\/"]}]},{"@type":"ImageObject","inLanguage":"es","@id":"https:\/\/www.escolatrac.com\/es\/exposicions\/el-batec-de-la-selva\/#primaryimage","url":"https:\/\/www.escolatrac.com\/wp-content\/uploads\/2026\/03\/SELVA_web.jpg","contentUrl":"https:\/\/www.escolatrac.com\/wp-content\/uploads\/2026\/03\/SELVA_web.jpg","width":1200,"height":667},{"@type":"BreadcrumbList","@id":"https:\/\/www.escolatrac.com\/es\/exposicions\/el-batec-de-la-selva\/#breadcrumb","itemListElement":[{"@type":"ListItem","position":1,"name":"Inici","item":"https:\/\/www.escolatrac.com\/es\/"},{"@type":"ListItem","position":2,"name":"Exposicions","item":"https:\/\/www.escolatrac.com\/en\/exposicions\/"},{"@type":"ListItem","position":3,"name":"El Latido de la Selva"}]},{"@type":"WebSite","@id":"https:\/\/www.escolatrac.com\/#website","url":"https:\/\/www.escolatrac.com\/","name":"Escola Tra\u00e7","description":"","potentialAction":[{"@type":"SearchAction","target":{"@type":"EntryPoint","urlTemplate":"https:\/\/www.escolatrac.com\/?s={search_term_string}"},"query-input":{"@type":"PropertyValueSpecification","valueRequired":true,"valueName":"search_term_string"}}],"inLanguage":"es"}]}},"_links":{"self":[{"href":"https:\/\/www.escolatrac.com\/es\/wp-json\/wp\/v2\/exposicions\/39136","targetHints":{"allow":["GET"]}}],"collection":[{"href":"https:\/\/www.escolatrac.com\/es\/wp-json\/wp\/v2\/exposicions"}],"about":[{"href":"https:\/\/www.escolatrac.com\/es\/wp-json\/wp\/v2\/types\/exposicions"}],"version-history":[{"count":1,"href":"https:\/\/www.escolatrac.com\/es\/wp-json\/wp\/v2\/exposicions\/39136\/revisions"}],"predecessor-version":[{"id":39138,"href":"https:\/\/www.escolatrac.com\/es\/wp-json\/wp\/v2\/exposicions\/39136\/revisions\/39138"}],"wp:featuredmedia":[{"embeddable":true,"href":"https:\/\/www.escolatrac.com\/es\/wp-json\/wp\/v2\/media\/39134"}],"wp:attachment":[{"href":"https:\/\/www.escolatrac.com\/es\/wp-json\/wp\/v2\/media?parent=39136"}],"wp:term":[{"taxonomy":"exposicions_status","embeddable":true,"href":"https:\/\/www.escolatrac.com\/es\/wp-json\/wp\/v2\/exposicions_status?post=39136"}],"curies":[{"name":"wp","href":"https:\/\/api.w.org\/{rel}","templated":true}]}}