{"id":38895,"date":"2026-01-08T11:21:01","date_gmt":"2026-01-08T10:21:01","guid":{"rendered":"https:\/\/www.escolatrac.com\/exposicions\/gravat-i-edicio-de-la-matriu-al-paper\/"},"modified":"2026-01-22T11:41:48","modified_gmt":"2026-01-22T10:41:48","slug":"gravat-i-edicio-de-la-matriu-al-paper","status":"publish","type":"exposicions","link":"https:\/\/www.escolatrac.com\/es\/exposicions\/gravat-i-edicio-de-la-matriu-al-paper\/","title":{"rendered":"GRABADO Y EDICI\u00d3N \/ De la matriz al papel"},"content":{"rendered":"\n<div class=\"wp-block-columns is-layout-flex wp-container-core-columns-is-layout-9d6595d7 wp-block-columns-is-layout-flex\">\n<div class=\"wp-block-column is-layout-flow wp-block-column-is-layout-flow\">\n<p>Las alumnas del taller de grabado muestran sus creaciones in\u00e9ditas en t\u00e9cnica calcogr\u00e1fica y de relieve.<\/p>\n\n\n\n<p>Podemos ver las posibilidades que tiene el grabado en la abstracci\u00f3n y la figuraci\u00f3n, con un lenguaje muy personal y donde cada una de ellas representa con su estilo, la pureza de la libertad creativa.<\/p>\n\n\n\n<p>Al mismo tiempo, la muestra nos permite apreciar el aprendizaje de la gran variedad de t\u00e9cnicas propias de esta disciplina art\u00edstica.<\/p>\n\n\n\n<p>Carla Armengol Torm<br>Cigdem Aydin<br>Nuria Delgado<br>Helena Quintela<br>Ekin Yagman<\/p>\n\n\n\n<p><\/p>\n<\/div>\n\n\n\n<div class=\"wp-block-column is-layout-flow wp-block-column-is-layout-flow\">\n  <h3 class=\"uk-margin-remove-bottom\">Inauguraci\u00f3n<\/h3>\n  <ul class=\"uk-list uk-margin-remove-top\">\n      <li class=\"uk-margin-remove-top\">Dijous 15 de gener a les 19.30h.<\/li>  <\/ul>\n\n\n  <h3 class=\"uk-margin-remove-bottom\">Duraci\u00f3n<\/h3>\n  <ul class=\"uk-list uk-margin-remove-top\">\n      <li class=\"uk-margin-remove-bottom\">Del 8 al 23 de gener del 2026.<\/li>  <\/ul>\n\n\n  <div id=\"sharer\" data-url=\"https:\/\/www.escolatrac.com\/es\/exposicions\/gravat-i-edicio-de-la-matriu-al-paper\/\"><\/div>\n<\/div>\n<\/div>\n\n\n\n\n\n      <section id=\"gallery-images-block_02cc0984b681eed4c0f1e043d11ca9d4\" class=\"uk-margin-large-bottom\">\n      <div class=\"uk-container\">\n        <h3 class=\"uk-h4 uk-text-uppercase\"><\/h3>\n\n        <div class=\"uk-grid-collapse uk-child-width-1-3@s\" uk-lightbox uk-grid=\"margin: uk-margin-top\">\n                            <div>\n                    <a href=\"https:\/\/www.escolatrac.com\/wp-content\/uploads\/2026\/01\/IMG_4370.jpg\" class=\"uk-position-relative\">\n                        <img decoding=\"async\" width=\"768\" height=\"432\" src=\"https:\/\/www.escolatrac.com\/wp-content\/uploads\/2026\/01\/IMG_4370-300x168.jpg\" class=\"attachment-medium_large size-medium_large lazyload\" alt=\"\" srcset=\"\" sizes=\"(max-width: 768px) 100vw, 768px\" data-size=\"auto\" data-src=\"https:\/\/www.escolatrac.com\/wp-content\/uploads\/2026\/01\/IMG_4370-768x432.jpg\" data-srcset=\"https:\/\/www.escolatrac.com\/wp-content\/uploads\/2026\/01\/IMG_4370-768x432.jpg 768w, https:\/\/www.escolatrac.com\/wp-content\/uploads\/2026\/01\/IMG_4370-300x168.jpg 300w, https:\/\/www.escolatrac.com\/wp-content\/uploads\/2026\/01\/IMG_4370-1024x576.jpg 1024w, https:\/\/www.escolatrac.com\/wp-content\/uploads\/2026\/01\/IMG_4370-453x255.jpg 453w, https:\/\/www.escolatrac.com\/wp-content\/uploads\/2026\/01\/IMG_4370-600x338.jpg 600w, https:\/\/www.escolatrac.com\/wp-content\/uploads\/2026\/01\/IMG_4370.jpg 1200w\" \/>\n                                            <\/a>\n                <\/div>\n                            <div>\n                    <a href=\"https:\/\/www.escolatrac.com\/wp-content\/uploads\/2026\/01\/IMG_4375.jpg\" class=\"uk-position-relative\">\n                        <img decoding=\"async\" width=\"768\" height=\"432\" src=\"https:\/\/www.escolatrac.com\/wp-content\/uploads\/2026\/01\/IMG_4375-300x168.jpg\" class=\"attachment-medium_large size-medium_large lazyload\" alt=\"\" srcset=\"\" sizes=\"(max-width: 768px) 100vw, 768px\" data-size=\"auto\" data-src=\"https:\/\/www.escolatrac.com\/wp-content\/uploads\/2026\/01\/IMG_4375-768x432.jpg\" data-srcset=\"https:\/\/www.escolatrac.com\/wp-content\/uploads\/2026\/01\/IMG_4375-768x432.jpg 768w, https:\/\/www.escolatrac.com\/wp-content\/uploads\/2026\/01\/IMG_4375-300x168.jpg 300w, https:\/\/www.escolatrac.com\/wp-content\/uploads\/2026\/01\/IMG_4375-1024x576.jpg 1024w, https:\/\/www.escolatrac.com\/wp-content\/uploads\/2026\/01\/IMG_4375-453x255.jpg 453w, https:\/\/www.escolatrac.com\/wp-content\/uploads\/2026\/01\/IMG_4375-600x338.jpg 600w, https:\/\/www.escolatrac.com\/wp-content\/uploads\/2026\/01\/IMG_4375.jpg 1200w\" \/>\n                                            <\/a>\n                <\/div>\n                            <div>\n                    <a href=\"https:\/\/www.escolatrac.com\/wp-content\/uploads\/2026\/01\/IMG_4374.jpg\" class=\"uk-position-relative\">\n                        <img decoding=\"async\" width=\"768\" height=\"432\" src=\"https:\/\/www.escolatrac.com\/wp-content\/uploads\/2026\/01\/IMG_4374-300x168.jpg\" class=\"attachment-medium_large size-medium_large lazyload\" alt=\"\" srcset=\"\" sizes=\"(max-width: 768px) 100vw, 768px\" data-size=\"auto\" data-src=\"https:\/\/www.escolatrac.com\/wp-content\/uploads\/2026\/01\/IMG_4374-768x432.jpg\" data-srcset=\"https:\/\/www.escolatrac.com\/wp-content\/uploads\/2026\/01\/IMG_4374-768x432.jpg 768w, https:\/\/www.escolatrac.com\/wp-content\/uploads\/2026\/01\/IMG_4374-300x168.jpg 300w, https:\/\/www.escolatrac.com\/wp-content\/uploads\/2026\/01\/IMG_4374-1024x576.jpg 1024w, https:\/\/www.escolatrac.com\/wp-content\/uploads\/2026\/01\/IMG_4374-453x255.jpg 453w, https:\/\/www.escolatrac.com\/wp-content\/uploads\/2026\/01\/IMG_4374-600x338.jpg 600w, https:\/\/www.escolatrac.com\/wp-content\/uploads\/2026\/01\/IMG_4374.jpg 1200w\" \/>\n                                            <\/a>\n                <\/div>\n                            <div>\n                    <a href=\"https:\/\/www.escolatrac.com\/wp-content\/uploads\/2026\/01\/IMG_4373.jpg\" class=\"uk-position-relative\">\n                        <img decoding=\"async\" width=\"768\" height=\"432\" src=\"https:\/\/www.escolatrac.com\/wp-content\/uploads\/2026\/01\/IMG_4373-300x168.jpg\" class=\"attachment-medium_large size-medium_large lazyload\" alt=\"\" srcset=\"\" sizes=\"(max-width: 768px) 100vw, 768px\" data-size=\"auto\" data-src=\"https:\/\/www.escolatrac.com\/wp-content\/uploads\/2026\/01\/IMG_4373-768x432.jpg\" data-srcset=\"https:\/\/www.escolatrac.com\/wp-content\/uploads\/2026\/01\/IMG_4373-768x432.jpg 768w, https:\/\/www.escolatrac.com\/wp-content\/uploads\/2026\/01\/IMG_4373-300x168.jpg 300w, https:\/\/www.escolatrac.com\/wp-content\/uploads\/2026\/01\/IMG_4373-1024x576.jpg 1024w, https:\/\/www.escolatrac.com\/wp-content\/uploads\/2026\/01\/IMG_4373-453x255.jpg 453w, https:\/\/www.escolatrac.com\/wp-content\/uploads\/2026\/01\/IMG_4373-600x338.jpg 600w, https:\/\/www.escolatrac.com\/wp-content\/uploads\/2026\/01\/IMG_4373.jpg 1200w\" \/>\n                                            <\/a>\n                <\/div>\n                            <div>\n                    <a href=\"https:\/\/www.escolatrac.com\/wp-content\/uploads\/2026\/01\/IMG_4372.jpg\" class=\"uk-position-relative\">\n                        <img decoding=\"async\" width=\"768\" height=\"432\" src=\"https:\/\/www.escolatrac.com\/wp-content\/uploads\/2026\/01\/IMG_4372-300x168.jpg\" class=\"attachment-medium_large size-medium_large lazyload\" alt=\"\" srcset=\"\" sizes=\"(max-width: 768px) 100vw, 768px\" data-size=\"auto\" data-src=\"https:\/\/www.escolatrac.com\/wp-content\/uploads\/2026\/01\/IMG_4372-768x432.jpg\" data-srcset=\"https:\/\/www.escolatrac.com\/wp-content\/uploads\/2026\/01\/IMG_4372-768x432.jpg 768w, https:\/\/www.escolatrac.com\/wp-content\/uploads\/2026\/01\/IMG_4372-300x168.jpg 300w, https:\/\/www.escolatrac.com\/wp-content\/uploads\/2026\/01\/IMG_4372-1024x576.jpg 1024w, https:\/\/www.escolatrac.com\/wp-content\/uploads\/2026\/01\/IMG_4372-453x255.jpg 453w, https:\/\/www.escolatrac.com\/wp-content\/uploads\/2026\/01\/IMG_4372-600x338.jpg 600w, https:\/\/www.escolatrac.com\/wp-content\/uploads\/2026\/01\/IMG_4372.jpg 1200w\" \/>\n                                            <\/a>\n                <\/div>\n                            <div>\n                    <a href=\"https:\/\/www.escolatrac.com\/wp-content\/uploads\/2026\/01\/IMG_4371.jpg\" class=\"uk-position-relative\">\n                        <img decoding=\"async\" width=\"768\" height=\"432\" src=\"https:\/\/www.escolatrac.com\/wp-content\/uploads\/2026\/01\/IMG_4371-300x168.jpg\" class=\"attachment-medium_large size-medium_large lazyload\" alt=\"\" srcset=\"\" sizes=\"(max-width: 768px) 100vw, 768px\" data-size=\"auto\" data-src=\"https:\/\/www.escolatrac.com\/wp-content\/uploads\/2026\/01\/IMG_4371-768x432.jpg\" data-srcset=\"https:\/\/www.escolatrac.com\/wp-content\/uploads\/2026\/01\/IMG_4371-768x432.jpg 768w, https:\/\/www.escolatrac.com\/wp-content\/uploads\/2026\/01\/IMG_4371-300x168.jpg 300w, https:\/\/www.escolatrac.com\/wp-content\/uploads\/2026\/01\/IMG_4371-1024x576.jpg 1024w, https:\/\/www.escolatrac.com\/wp-content\/uploads\/2026\/01\/IMG_4371-453x255.jpg 453w, https:\/\/www.escolatrac.com\/wp-content\/uploads\/2026\/01\/IMG_4371-600x338.jpg 600w, https:\/\/www.escolatrac.com\/wp-content\/uploads\/2026\/01\/IMG_4371.jpg 1200w\" \/>\n                                            <\/a>\n                <\/div>\n                    <\/div>\n\n                <\/div>\n    <\/section>\n\n\n\n\n","protected":false},"featured_media":38870,"template":"","exposicions_status":[],"class_list":["post-38895","exposicions","type-exposicions","status-publish","has-post-thumbnail","hentry"],"acf":[],"yoast_head":"<!-- This site is optimized with the Yoast SEO plugin v27.3 - https:\/\/yoast.com\/product\/yoast-seo-wordpress\/ -->\n<title>GRABADO Y EDICI\u00d3N \/ De la matriz al papel - Escola Tra\u00e7<\/title>\n<meta name=\"robots\" content=\"index, follow, max-snippet:-1, max-image-preview:large, max-video-preview:-1\" \/>\n<link rel=\"canonical\" href=\"https:\/\/www.escolatrac.com\/es\/exposicions\/gravat-i-edicio-de-la-matriu-al-paper\/\" \/>\n<meta property=\"og:locale\" content=\"es_ES\" \/>\n<meta property=\"og:type\" content=\"article\" \/>\n<meta property=\"og:title\" content=\"GRABADO Y EDICI\u00d3N \/ De la matriz al papel - Escola Tra\u00e7\" \/>\n<meta property=\"og:description\" content=\"Las alumnas del taller de grabado muestran sus creaciones in\u00e9ditas en t\u00e9cnica calcogr\u00e1fica y de relieve. Podemos ver las posibilidades que tiene el grabado en la abstracci\u00f3n y la figuraci\u00f3n, con un lenguaje muy personal y donde cada una de ellas representa con su estilo, la pureza de la libertad creativa. Al mismo tiempo, la &hellip; Continued\" \/>\n<meta property=\"og:url\" content=\"https:\/\/www.escolatrac.com\/es\/exposicions\/gravat-i-edicio-de-la-matriu-al-paper\/\" \/>\n<meta property=\"og:site_name\" content=\"Escola Tra\u00e7\" \/>\n<meta property=\"article:modified_time\" content=\"2026-01-22T10:41:48+00:00\" \/>\n<meta property=\"og:image\" content=\"https:\/\/www.escolatrac.com\/wp-content\/uploads\/2025\/12\/GRAVAT_web.jpg\" \/>\n\t<meta property=\"og:image:width\" content=\"709\" \/>\n\t<meta property=\"og:image:height\" content=\"354\" \/>\n\t<meta property=\"og:image:type\" content=\"image\/jpeg\" \/>\n<meta name=\"twitter:card\" content=\"summary_large_image\" \/>\n<meta name=\"twitter:label1\" content=\"Tiempo de lectura\" \/>\n\t<meta name=\"twitter:data1\" content=\"1 minuto\" \/>\n<script type=\"application\/ld+json\" class=\"yoast-schema-graph\">{\"@context\":\"https:\\\/\\\/schema.org\",\"@graph\":[{\"@type\":\"WebPage\",\"@id\":\"https:\\\/\\\/www.escolatrac.com\\\/es\\\/exposicions\\\/gravat-i-edicio-de-la-matriu-al-paper\\\/\",\"url\":\"https:\\\/\\\/www.escolatrac.com\\\/es\\\/exposicions\\\/gravat-i-edicio-de-la-matriu-al-paper\\\/\",\"name\":\"GRABADO Y EDICI\u00d3N \\\/ De la matriz al papel - Escola Tra\u00e7\",\"isPartOf\":{\"@id\":\"https:\\\/\\\/www.escolatrac.com\\\/#website\"},\"primaryImageOfPage\":{\"@id\":\"https:\\\/\\\/www.escolatrac.com\\\/es\\\/exposicions\\\/gravat-i-edicio-de-la-matriu-al-paper\\\/#primaryimage\"},\"image\":{\"@id\":\"https:\\\/\\\/www.escolatrac.com\\\/es\\\/exposicions\\\/gravat-i-edicio-de-la-matriu-al-paper\\\/#primaryimage\"},\"thumbnailUrl\":\"https:\\\/\\\/www.escolatrac.com\\\/wp-content\\\/uploads\\\/2025\\\/12\\\/GRAVAT_web.jpg\",\"datePublished\":\"2026-01-08T10:21:01+00:00\",\"dateModified\":\"2026-01-22T10:41:48+00:00\",\"breadcrumb\":{\"@id\":\"https:\\\/\\\/www.escolatrac.com\\\/es\\\/exposicions\\\/gravat-i-edicio-de-la-matriu-al-paper\\\/#breadcrumb\"},\"inLanguage\":\"es\",\"potentialAction\":[{\"@type\":\"ReadAction\",\"target\":[\"https:\\\/\\\/www.escolatrac.com\\\/es\\\/exposicions\\\/gravat-i-edicio-de-la-matriu-al-paper\\\/\"]}]},{\"@type\":\"ImageObject\",\"inLanguage\":\"es\",\"@id\":\"https:\\\/\\\/www.escolatrac.com\\\/es\\\/exposicions\\\/gravat-i-edicio-de-la-matriu-al-paper\\\/#primaryimage\",\"url\":\"https:\\\/\\\/www.escolatrac.com\\\/wp-content\\\/uploads\\\/2025\\\/12\\\/GRAVAT_web.jpg\",\"contentUrl\":\"https:\\\/\\\/www.escolatrac.com\\\/wp-content\\\/uploads\\\/2025\\\/12\\\/GRAVAT_web.jpg\",\"width\":709,\"height\":354},{\"@type\":\"BreadcrumbList\",\"@id\":\"https:\\\/\\\/www.escolatrac.com\\\/es\\\/exposicions\\\/gravat-i-edicio-de-la-matriu-al-paper\\\/#breadcrumb\",\"itemListElement\":[{\"@type\":\"ListItem\",\"position\":1,\"name\":\"Inici\",\"item\":\"https:\\\/\\\/www.escolatrac.com\\\/es\\\/\"},{\"@type\":\"ListItem\",\"position\":2,\"name\":\"Exposicions\",\"item\":\"https:\\\/\\\/www.escolatrac.com\\\/en\\\/exposicions\\\/\"},{\"@type\":\"ListItem\",\"position\":3,\"name\":\"GRABADO Y EDICI\u00d3N \\\/ De la matriz al papel\"}]},{\"@type\":\"WebSite\",\"@id\":\"https:\\\/\\\/www.escolatrac.com\\\/#website\",\"url\":\"https:\\\/\\\/www.escolatrac.com\\\/\",\"name\":\"Escola Tra\u00e7\",\"description\":\"\",\"potentialAction\":[{\"@type\":\"SearchAction\",\"target\":{\"@type\":\"EntryPoint\",\"urlTemplate\":\"https:\\\/\\\/www.escolatrac.com\\\/?s={search_term_string}\"},\"query-input\":{\"@type\":\"PropertyValueSpecification\",\"valueRequired\":true,\"valueName\":\"search_term_string\"}}],\"inLanguage\":\"es\"}]}<\/script>\n<!-- \/ Yoast SEO plugin. -->","yoast_head_json":{"title":"GRABADO Y EDICI\u00d3N \/ De la matriz al papel - Escola Tra\u00e7","robots":{"index":"index","follow":"follow","max-snippet":"max-snippet:-1","max-image-preview":"max-image-preview:large","max-video-preview":"max-video-preview:-1"},"canonical":"https:\/\/www.escolatrac.com\/es\/exposicions\/gravat-i-edicio-de-la-matriu-al-paper\/","og_locale":"es_ES","og_type":"article","og_title":"GRABADO Y EDICI\u00d3N \/ De la matriz al papel - Escola Tra\u00e7","og_description":"Las alumnas del taller de grabado muestran sus creaciones in\u00e9ditas en t\u00e9cnica calcogr\u00e1fica y de relieve. Podemos ver las posibilidades que tiene el grabado en la abstracci\u00f3n y la figuraci\u00f3n, con un lenguaje muy personal y donde cada una de ellas representa con su estilo, la pureza de la libertad creativa. Al mismo tiempo, la &hellip; Continued","og_url":"https:\/\/www.escolatrac.com\/es\/exposicions\/gravat-i-edicio-de-la-matriu-al-paper\/","og_site_name":"Escola Tra\u00e7","article_modified_time":"2026-01-22T10:41:48+00:00","og_image":[{"width":709,"height":354,"url":"https:\/\/www.escolatrac.com\/wp-content\/uploads\/2025\/12\/GRAVAT_web.jpg","type":"image\/jpeg"}],"twitter_card":"summary_large_image","twitter_misc":{"Tiempo de lectura":"1 minuto"},"schema":{"@context":"https:\/\/schema.org","@graph":[{"@type":"WebPage","@id":"https:\/\/www.escolatrac.com\/es\/exposicions\/gravat-i-edicio-de-la-matriu-al-paper\/","url":"https:\/\/www.escolatrac.com\/es\/exposicions\/gravat-i-edicio-de-la-matriu-al-paper\/","name":"GRABADO Y EDICI\u00d3N \/ De la matriz al papel - Escola Tra\u00e7","isPartOf":{"@id":"https:\/\/www.escolatrac.com\/#website"},"primaryImageOfPage":{"@id":"https:\/\/www.escolatrac.com\/es\/exposicions\/gravat-i-edicio-de-la-matriu-al-paper\/#primaryimage"},"image":{"@id":"https:\/\/www.escolatrac.com\/es\/exposicions\/gravat-i-edicio-de-la-matriu-al-paper\/#primaryimage"},"thumbnailUrl":"https:\/\/www.escolatrac.com\/wp-content\/uploads\/2025\/12\/GRAVAT_web.jpg","datePublished":"2026-01-08T10:21:01+00:00","dateModified":"2026-01-22T10:41:48+00:00","breadcrumb":{"@id":"https:\/\/www.escolatrac.com\/es\/exposicions\/gravat-i-edicio-de-la-matriu-al-paper\/#breadcrumb"},"inLanguage":"es","potentialAction":[{"@type":"ReadAction","target":["https:\/\/www.escolatrac.com\/es\/exposicions\/gravat-i-edicio-de-la-matriu-al-paper\/"]}]},{"@type":"ImageObject","inLanguage":"es","@id":"https:\/\/www.escolatrac.com\/es\/exposicions\/gravat-i-edicio-de-la-matriu-al-paper\/#primaryimage","url":"https:\/\/www.escolatrac.com\/wp-content\/uploads\/2025\/12\/GRAVAT_web.jpg","contentUrl":"https:\/\/www.escolatrac.com\/wp-content\/uploads\/2025\/12\/GRAVAT_web.jpg","width":709,"height":354},{"@type":"BreadcrumbList","@id":"https:\/\/www.escolatrac.com\/es\/exposicions\/gravat-i-edicio-de-la-matriu-al-paper\/#breadcrumb","itemListElement":[{"@type":"ListItem","position":1,"name":"Inici","item":"https:\/\/www.escolatrac.com\/es\/"},{"@type":"ListItem","position":2,"name":"Exposicions","item":"https:\/\/www.escolatrac.com\/en\/exposicions\/"},{"@type":"ListItem","position":3,"name":"GRABADO Y EDICI\u00d3N \/ De la matriz al papel"}]},{"@type":"WebSite","@id":"https:\/\/www.escolatrac.com\/#website","url":"https:\/\/www.escolatrac.com\/","name":"Escola Tra\u00e7","description":"","potentialAction":[{"@type":"SearchAction","target":{"@type":"EntryPoint","urlTemplate":"https:\/\/www.escolatrac.com\/?s={search_term_string}"},"query-input":{"@type":"PropertyValueSpecification","valueRequired":true,"valueName":"search_term_string"}}],"inLanguage":"es"}]}},"_links":{"self":[{"href":"https:\/\/www.escolatrac.com\/es\/wp-json\/wp\/v2\/exposicions\/38895","targetHints":{"allow":["GET"]}}],"collection":[{"href":"https:\/\/www.escolatrac.com\/es\/wp-json\/wp\/v2\/exposicions"}],"about":[{"href":"https:\/\/www.escolatrac.com\/es\/wp-json\/wp\/v2\/types\/exposicions"}],"version-history":[{"count":1,"href":"https:\/\/www.escolatrac.com\/es\/wp-json\/wp\/v2\/exposicions\/38895\/revisions"}],"predecessor-version":[{"id":38898,"href":"https:\/\/www.escolatrac.com\/es\/wp-json\/wp\/v2\/exposicions\/38895\/revisions\/38898"}],"wp:featuredmedia":[{"embeddable":true,"href":"https:\/\/www.escolatrac.com\/es\/wp-json\/wp\/v2\/media\/38870"}],"wp:attachment":[{"href":"https:\/\/www.escolatrac.com\/es\/wp-json\/wp\/v2\/media?parent=38895"}],"wp:term":[{"taxonomy":"exposicions_status","embeddable":true,"href":"https:\/\/www.escolatrac.com\/es\/wp-json\/wp\/v2\/exposicions_status?post=38895"}],"curies":[{"name":"wp","href":"https:\/\/api.w.org\/{rel}","templated":true}]}}