{"id":21250,"date":"2025-09-25T11:51:55","date_gmt":"2025-09-25T09:51:55","guid":{"rendered":"https:\/\/www.escolatrac.com\/exposicions\/finalistes-premi-pintura-tat-vila-2025\/"},"modified":"2025-10-07T10:48:34","modified_gmt":"2025-10-07T08:48:34","slug":"finalistes-premi-pintura-tat-vila-2025","status":"publish","type":"exposicions","link":"https:\/\/www.escolatrac.com\/es\/exposicions\/finalistes-premi-pintura-tat-vila-2025\/","title":{"rendered":"FINALISTAS PREMIO PINTURA TAT VIL\u00c0 2025"},"content":{"rendered":"\n<div class=\"wp-block-columns is-layout-flex wp-container-core-columns-is-layout-9d6595d7 wp-block-columns-is-layout-flex\">\n<div class=\"wp-block-column is-layout-flow wp-block-column-is-layout-flow\">\n<p>Exposici\u00f3n de las obras finalistas del 22 septiembre al 10 de octubre de 2025.<\/p>\n\n\n\n<p><strong>El s\u00e1bado 4 de octubre a partir de las 13h le invitamos a la inauguraci\u00f3n y entrega del premio del certamen.<\/strong><\/p>\n\n\n\n<p>Este premio de pintura naci\u00f3 en 2018 como iniciativa de la escuela Tra\u00e7 Centro de Expresi\u00f3n Pl\u00e1stica en homenaje a Tat Vil\u00e0, que dej\u00f3 su huella como artista y maestra en la escuela durante m\u00e1s de 25 a\u00f1os.<\/p>\n\n\n\n<p>El objetivo del premio es promocionar creadoras y creadores contempor\u00e1neos y hacer difusi\u00f3n de su obra, dando continuidad al empuje y entusiasmo de Tat Vil\u00e0 y generando un espacio de relaci\u00f3n, de aprendizaje, creaci\u00f3n y difusi\u00f3n art\u00edstica.<\/p>\n\n\n\n<p>Las 9 obras expuestas son las finalistas del Premio de Pintura Tat Vil\u00e0 de esta \u00faltima edici\u00f3n.<\/p>\n\n\n\n<p><strong>FINALISTAS 2025<\/strong><\/p>\n\n\n\n<p>Emma Andr\u00e9s, Ana de Sentmenat, \u00c0ngels Estella Pont, Maria Jos\u00e9 Pascual, \u00c1ngeles Rey Bordas, Carmen Ros\u00e9s, Lu\u00eds Alberto Romero Monasterio, Enric Servera Carreras i Susana Uriach Masana.<\/p>\n\n\n\n<p><strong>GANADOR PREMIO PINTURA TAT VIL\u00c0 2025<\/strong><br>Enric Servera Carreras<br><\/p>\n<\/div>\n\n\n\n<div class=\"wp-block-column is-layout-flow wp-block-column-is-layout-flow\">\n  <h3 class=\"uk-margin-remove-bottom\">Inauguraci\u00f3n<\/h3>\n  <ul class=\"uk-list uk-margin-remove-top\">\n      <li class=\"uk-margin-remove-top\">Sabado 4 de octubre del 2025<\/li>  <\/ul>\n\n\n  <h3 class=\"uk-margin-remove-bottom\">Duraci\u00f3n<\/h3>\n  <ul class=\"uk-list uk-margin-remove-top\">\n      <li class=\"uk-margin-remove-bottom\">Del 22 de septiembre al 10 de octubre del 2025<\/li>  <\/ul>\n\n\n  <div id=\"sharer\" data-url=\"https:\/\/www.escolatrac.com\/es\/exposicions\/finalistes-premi-pintura-tat-vila-2025\/\"><\/div>\n<\/div>\n<\/div>\n\n\n\n\n\n      <section id=\"gallery-images-block_932d07ee1a7e0d514a760402777e2f85\" class=\"uk-margin-large-bottom\">\n      <div class=\"uk-container\">\n        <h3 class=\"uk-h4 uk-text-uppercase\"><\/h3>\n\n        <div class=\"uk-grid-collapse uk-child-width-1-3@s\" uk-lightbox uk-grid=\"margin: uk-margin-top\">\n                            <div>\n                    <a href=\"https:\/\/www.escolatrac.com\/wp-content\/uploads\/2025\/09\/CONTEMPORANI_Angels-Estella-Pont.jpg\" class=\"uk-position-relative\">\n                        <img decoding=\"async\" width=\"768\" height=\"432\" src=\"https:\/\/www.escolatrac.com\/wp-content\/uploads\/2025\/09\/CONTEMPORANI_Angels-Estella-Pont-300x168.jpg\" class=\"attachment-medium_large size-medium_large lazyload\" alt=\"\" srcset=\"\" sizes=\"(max-width: 768px) 100vw, 768px\" data-size=\"auto\" data-src=\"https:\/\/www.escolatrac.com\/wp-content\/uploads\/2025\/09\/CONTEMPORANI_Angels-Estella-Pont-768x432.jpg\" data-srcset=\"https:\/\/www.escolatrac.com\/wp-content\/uploads\/2025\/09\/CONTEMPORANI_Angels-Estella-Pont-768x432.jpg 768w, https:\/\/www.escolatrac.com\/wp-content\/uploads\/2025\/09\/CONTEMPORANI_Angels-Estella-Pont-300x168.jpg 300w, https:\/\/www.escolatrac.com\/wp-content\/uploads\/2025\/09\/CONTEMPORANI_Angels-Estella-Pont-1024x576.jpg 1024w, https:\/\/www.escolatrac.com\/wp-content\/uploads\/2025\/09\/CONTEMPORANI_Angels-Estella-Pont-453x255.jpg 453w\" \/>\n                                            <\/a>\n                <\/div>\n                            <div>\n                    <a href=\"https:\/\/www.escolatrac.com\/wp-content\/uploads\/2025\/09\/FIGURAS-EN-MOVIMIENTO_Maria-Jose-Pascual.jpg\" class=\"uk-position-relative\">\n                        <img decoding=\"async\" width=\"768\" height=\"432\" src=\"https:\/\/www.escolatrac.com\/wp-content\/uploads\/2025\/09\/FIGURAS-EN-MOVIMIENTO_Maria-Jose-Pascual-300x168.jpg\" class=\"attachment-medium_large size-medium_large lazyload\" alt=\"\" srcset=\"\" sizes=\"(max-width: 768px) 100vw, 768px\" data-size=\"auto\" data-src=\"https:\/\/www.escolatrac.com\/wp-content\/uploads\/2025\/09\/FIGURAS-EN-MOVIMIENTO_Maria-Jose-Pascual-768x432.jpg\" data-srcset=\"https:\/\/www.escolatrac.com\/wp-content\/uploads\/2025\/09\/FIGURAS-EN-MOVIMIENTO_Maria-Jose-Pascual-768x432.jpg 768w, https:\/\/www.escolatrac.com\/wp-content\/uploads\/2025\/09\/FIGURAS-EN-MOVIMIENTO_Maria-Jose-Pascual-300x168.jpg 300w, https:\/\/www.escolatrac.com\/wp-content\/uploads\/2025\/09\/FIGURAS-EN-MOVIMIENTO_Maria-Jose-Pascual-1024x576.jpg 1024w, https:\/\/www.escolatrac.com\/wp-content\/uploads\/2025\/09\/FIGURAS-EN-MOVIMIENTO_Maria-Jose-Pascual-453x255.jpg 453w\" \/>\n                                            <\/a>\n                <\/div>\n                            <div>\n                    <a href=\"https:\/\/www.escolatrac.com\/wp-content\/uploads\/2025\/09\/DEJANDO-SALIR-AL-CORAZON-QUE-LLEVA-DENTRO_Ana-de-Sentmenat.jpeg\" class=\"uk-position-relative\">\n                        <img decoding=\"async\" width=\"768\" height=\"432\" src=\"https:\/\/www.escolatrac.com\/wp-content\/uploads\/2025\/09\/DEJANDO-SALIR-AL-CORAZON-QUE-LLEVA-DENTRO_Ana-de-Sentmenat-300x168.jpeg\" class=\"attachment-medium_large size-medium_large lazyload\" alt=\"\" srcset=\"\" sizes=\"(max-width: 768px) 100vw, 768px\" data-size=\"auto\" data-src=\"https:\/\/www.escolatrac.com\/wp-content\/uploads\/2025\/09\/DEJANDO-SALIR-AL-CORAZON-QUE-LLEVA-DENTRO_Ana-de-Sentmenat-768x432.jpeg\" data-srcset=\"https:\/\/www.escolatrac.com\/wp-content\/uploads\/2025\/09\/DEJANDO-SALIR-AL-CORAZON-QUE-LLEVA-DENTRO_Ana-de-Sentmenat-768x432.jpeg 768w, https:\/\/www.escolatrac.com\/wp-content\/uploads\/2025\/09\/DEJANDO-SALIR-AL-CORAZON-QUE-LLEVA-DENTRO_Ana-de-Sentmenat-300x168.jpeg 300w, https:\/\/www.escolatrac.com\/wp-content\/uploads\/2025\/09\/DEJANDO-SALIR-AL-CORAZON-QUE-LLEVA-DENTRO_Ana-de-Sentmenat-1024x576.jpeg 1024w, https:\/\/www.escolatrac.com\/wp-content\/uploads\/2025\/09\/DEJANDO-SALIR-AL-CORAZON-QUE-LLEVA-DENTRO_Ana-de-Sentmenat-453x255.jpeg 453w\" \/>\n                                            <\/a>\n                <\/div>\n                            <div>\n                    <a href=\"https:\/\/www.escolatrac.com\/wp-content\/uploads\/2025\/09\/UN-MISSATGE-DE-LA-MAR_Enric-Servera-Carreras.jpg\" class=\"uk-position-relative\">\n                        <img decoding=\"async\" width=\"768\" height=\"432\" src=\"https:\/\/www.escolatrac.com\/wp-content\/uploads\/2025\/09\/UN-MISSATGE-DE-LA-MAR_Enric-Servera-Carreras-300x168.jpg\" class=\"attachment-medium_large size-medium_large lazyload\" alt=\"\" srcset=\"\" sizes=\"(max-width: 768px) 100vw, 768px\" data-size=\"auto\" data-src=\"https:\/\/www.escolatrac.com\/wp-content\/uploads\/2025\/09\/UN-MISSATGE-DE-LA-MAR_Enric-Servera-Carreras-768x432.jpg\" data-srcset=\"https:\/\/www.escolatrac.com\/wp-content\/uploads\/2025\/09\/UN-MISSATGE-DE-LA-MAR_Enric-Servera-Carreras-768x432.jpg 768w, https:\/\/www.escolatrac.com\/wp-content\/uploads\/2025\/09\/UN-MISSATGE-DE-LA-MAR_Enric-Servera-Carreras-300x168.jpg 300w, https:\/\/www.escolatrac.com\/wp-content\/uploads\/2025\/09\/UN-MISSATGE-DE-LA-MAR_Enric-Servera-Carreras-1024x576.jpg 1024w, https:\/\/www.escolatrac.com\/wp-content\/uploads\/2025\/09\/UN-MISSATGE-DE-LA-MAR_Enric-Servera-Carreras-453x255.jpg 453w\" \/>\n                                            <\/a>\n                <\/div>\n                            <div>\n                    <a href=\"https:\/\/www.escolatrac.com\/wp-content\/uploads\/2025\/09\/HESTIA_Angeles-Rey-Bordas.jpg\" class=\"uk-position-relative\">\n                        <img decoding=\"async\" width=\"768\" height=\"432\" src=\"https:\/\/www.escolatrac.com\/wp-content\/uploads\/2025\/09\/HESTIA_Angeles-Rey-Bordas-300x168.jpg\" class=\"attachment-medium_large size-medium_large lazyload\" alt=\"\" srcset=\"\" sizes=\"(max-width: 768px) 100vw, 768px\" data-size=\"auto\" data-src=\"https:\/\/www.escolatrac.com\/wp-content\/uploads\/2025\/09\/HESTIA_Angeles-Rey-Bordas-768x432.jpg\" data-srcset=\"https:\/\/www.escolatrac.com\/wp-content\/uploads\/2025\/09\/HESTIA_Angeles-Rey-Bordas-768x432.jpg 768w, https:\/\/www.escolatrac.com\/wp-content\/uploads\/2025\/09\/HESTIA_Angeles-Rey-Bordas-300x168.jpg 300w, https:\/\/www.escolatrac.com\/wp-content\/uploads\/2025\/09\/HESTIA_Angeles-Rey-Bordas-453x255.jpg 453w\" \/>\n                                            <\/a>\n                <\/div>\n                            <div>\n                    <a href=\"https:\/\/www.escolatrac.com\/wp-content\/uploads\/2025\/09\/GRISOS_Emma-Andres.jpg\" class=\"uk-position-relative\">\n                        <img decoding=\"async\" width=\"768\" height=\"432\" src=\"https:\/\/www.escolatrac.com\/wp-content\/uploads\/2025\/09\/GRISOS_Emma-Andres-300x168.jpg\" class=\"attachment-medium_large size-medium_large lazyload\" alt=\"\" srcset=\"\" sizes=\"(max-width: 768px) 100vw, 768px\" data-size=\"auto\" data-src=\"https:\/\/www.escolatrac.com\/wp-content\/uploads\/2025\/09\/GRISOS_Emma-Andres-768x432.jpg\" data-srcset=\"https:\/\/www.escolatrac.com\/wp-content\/uploads\/2025\/09\/GRISOS_Emma-Andres-768x432.jpg 768w, https:\/\/www.escolatrac.com\/wp-content\/uploads\/2025\/09\/GRISOS_Emma-Andres-300x168.jpg 300w, https:\/\/www.escolatrac.com\/wp-content\/uploads\/2025\/09\/GRISOS_Emma-Andres-453x255.jpg 453w\" \/>\n                                            <\/a>\n                <\/div>\n                            <div>\n                    <a href=\"https:\/\/www.escolatrac.com\/wp-content\/uploads\/2025\/09\/LA-HISTORIA-SIN-HISTORIA_Luis-Alberto-Romero-Monasterio.jpg\" class=\"uk-position-relative\">\n                        <img decoding=\"async\" width=\"768\" height=\"432\" src=\"https:\/\/www.escolatrac.com\/wp-content\/uploads\/2025\/09\/LA-HISTORIA-SIN-HISTORIA_Luis-Alberto-Romero-Monasterio-300x168.jpg\" class=\"attachment-medium_large size-medium_large lazyload\" alt=\"\" srcset=\"\" sizes=\"(max-width: 768px) 100vw, 768px\" data-size=\"auto\" data-src=\"https:\/\/www.escolatrac.com\/wp-content\/uploads\/2025\/09\/LA-HISTORIA-SIN-HISTORIA_Luis-Alberto-Romero-Monasterio-768x432.jpg\" data-srcset=\"https:\/\/www.escolatrac.com\/wp-content\/uploads\/2025\/09\/LA-HISTORIA-SIN-HISTORIA_Luis-Alberto-Romero-Monasterio-768x432.jpg 768w, https:\/\/www.escolatrac.com\/wp-content\/uploads\/2025\/09\/LA-HISTORIA-SIN-HISTORIA_Luis-Alberto-Romero-Monasterio-300x168.jpg 300w, https:\/\/www.escolatrac.com\/wp-content\/uploads\/2025\/09\/LA-HISTORIA-SIN-HISTORIA_Luis-Alberto-Romero-Monasterio-1024x576.jpg 1024w, https:\/\/www.escolatrac.com\/wp-content\/uploads\/2025\/09\/LA-HISTORIA-SIN-HISTORIA_Luis-Alberto-Romero-Monasterio-453x255.jpg 453w\" \/>\n                                            <\/a>\n                <\/div>\n                            <div>\n                    <a href=\"https:\/\/www.escolatrac.com\/wp-content\/uploads\/2025\/09\/SENSE-TITOL_Carmen-Roses.jpg\" class=\"uk-position-relative\">\n                        <img decoding=\"async\" width=\"768\" height=\"432\" src=\"https:\/\/www.escolatrac.com\/wp-content\/uploads\/2025\/09\/SENSE-TITOL_Carmen-Roses-300x168.jpg\" class=\"attachment-medium_large size-medium_large lazyload\" alt=\"\" srcset=\"\" sizes=\"(max-width: 768px) 100vw, 768px\" data-size=\"auto\" data-src=\"https:\/\/www.escolatrac.com\/wp-content\/uploads\/2025\/09\/SENSE-TITOL_Carmen-Roses-768x432.jpg\" data-srcset=\"https:\/\/www.escolatrac.com\/wp-content\/uploads\/2025\/09\/SENSE-TITOL_Carmen-Roses-768x432.jpg 768w, https:\/\/www.escolatrac.com\/wp-content\/uploads\/2025\/09\/SENSE-TITOL_Carmen-Roses-300x168.jpg 300w, https:\/\/www.escolatrac.com\/wp-content\/uploads\/2025\/09\/SENSE-TITOL_Carmen-Roses-453x255.jpg 453w\" \/>\n                                            <\/a>\n                <\/div>\n                            <div>\n                    <a href=\"https:\/\/www.escolatrac.com\/wp-content\/uploads\/2025\/09\/FESTA-GOTICA_Susana-Uriach-Masana.jpg\" class=\"uk-position-relative\">\n                        <img decoding=\"async\" width=\"768\" height=\"432\" src=\"https:\/\/www.escolatrac.com\/wp-content\/uploads\/2025\/09\/FESTA-GOTICA_Susana-Uriach-Masana-300x168.jpg\" class=\"attachment-medium_large size-medium_large lazyload\" alt=\"\" srcset=\"\" sizes=\"(max-width: 768px) 100vw, 768px\" data-size=\"auto\" data-src=\"https:\/\/www.escolatrac.com\/wp-content\/uploads\/2025\/09\/FESTA-GOTICA_Susana-Uriach-Masana-768x432.jpg\" data-srcset=\"https:\/\/www.escolatrac.com\/wp-content\/uploads\/2025\/09\/FESTA-GOTICA_Susana-Uriach-Masana-768x432.jpg 768w, https:\/\/www.escolatrac.com\/wp-content\/uploads\/2025\/09\/FESTA-GOTICA_Susana-Uriach-Masana-300x168.jpg 300w, https:\/\/www.escolatrac.com\/wp-content\/uploads\/2025\/09\/FESTA-GOTICA_Susana-Uriach-Masana-453x255.jpg 453w\" \/>\n                                            <\/a>\n                <\/div>\n                    <\/div>\n\n                <\/div>\n    <\/section>\n\n\n\n\n","protected":false},"featured_media":21231,"template":"","exposicions_status":[],"class_list":["post-21250","exposicions","type-exposicions","status-publish","has-post-thumbnail","hentry"],"acf":[],"yoast_head":"<!-- This site is optimized with the Yoast SEO plugin v27.3 - https:\/\/yoast.com\/product\/yoast-seo-wordpress\/ -->\n<title>FINALISTAS PREMIO PINTURA TAT VIL\u00c0 2025 - Escola Tra\u00e7<\/title>\n<meta name=\"robots\" content=\"index, follow, max-snippet:-1, max-image-preview:large, max-video-preview:-1\" \/>\n<link rel=\"canonical\" href=\"https:\/\/www.escolatrac.com\/es\/exposicions\/finalistes-premi-pintura-tat-vila-2025\/\" \/>\n<meta property=\"og:locale\" content=\"es_ES\" \/>\n<meta property=\"og:type\" content=\"article\" \/>\n<meta property=\"og:title\" content=\"FINALISTAS PREMIO PINTURA TAT VIL\u00c0 2025 - Escola Tra\u00e7\" \/>\n<meta property=\"og:description\" content=\"Exposici\u00f3n de las obras finalistas del 22 septiembre al 10 de octubre de 2025. El s\u00e1bado 4 de octubre a partir de las 13h le invitamos a la inauguraci\u00f3n y entrega del premio del certamen. Este premio de pintura naci\u00f3 en 2018 como iniciativa de la escuela Tra\u00e7 Centro de Expresi\u00f3n Pl\u00e1stica en homenaje a &hellip; Continued\" \/>\n<meta property=\"og:url\" content=\"https:\/\/www.escolatrac.com\/es\/exposicions\/finalistes-premi-pintura-tat-vila-2025\/\" \/>\n<meta property=\"og:site_name\" content=\"Escola Tra\u00e7\" \/>\n<meta property=\"article:modified_time\" content=\"2025-10-07T08:48:34+00:00\" \/>\n<meta property=\"og:image\" content=\"https:\/\/www.escolatrac.com\/wp-content\/uploads\/2025\/09\/TAT2025_finalistesWEB-1.jpg\" \/>\n\t<meta property=\"og:image:width\" content=\"1200\" \/>\n\t<meta property=\"og:image:height\" content=\"661\" \/>\n\t<meta property=\"og:image:type\" content=\"image\/jpeg\" \/>\n<meta name=\"twitter:card\" content=\"summary_large_image\" \/>\n<meta name=\"twitter:label1\" content=\"Tiempo de lectura\" \/>\n\t<meta name=\"twitter:data1\" content=\"2 minutos\" \/>\n<script type=\"application\/ld+json\" class=\"yoast-schema-graph\">{\"@context\":\"https:\\\/\\\/schema.org\",\"@graph\":[{\"@type\":\"WebPage\",\"@id\":\"https:\\\/\\\/www.escolatrac.com\\\/es\\\/exposicions\\\/finalistes-premi-pintura-tat-vila-2025\\\/\",\"url\":\"https:\\\/\\\/www.escolatrac.com\\\/es\\\/exposicions\\\/finalistes-premi-pintura-tat-vila-2025\\\/\",\"name\":\"FINALISTAS PREMIO PINTURA TAT VIL\u00c0 2025 - Escola Tra\u00e7\",\"isPartOf\":{\"@id\":\"https:\\\/\\\/www.escolatrac.com\\\/#website\"},\"primaryImageOfPage\":{\"@id\":\"https:\\\/\\\/www.escolatrac.com\\\/es\\\/exposicions\\\/finalistes-premi-pintura-tat-vila-2025\\\/#primaryimage\"},\"image\":{\"@id\":\"https:\\\/\\\/www.escolatrac.com\\\/es\\\/exposicions\\\/finalistes-premi-pintura-tat-vila-2025\\\/#primaryimage\"},\"thumbnailUrl\":\"https:\\\/\\\/www.escolatrac.com\\\/wp-content\\\/uploads\\\/2025\\\/09\\\/TAT2025_finalistesWEB-1.jpg\",\"datePublished\":\"2025-09-25T09:51:55+00:00\",\"dateModified\":\"2025-10-07T08:48:34+00:00\",\"breadcrumb\":{\"@id\":\"https:\\\/\\\/www.escolatrac.com\\\/es\\\/exposicions\\\/finalistes-premi-pintura-tat-vila-2025\\\/#breadcrumb\"},\"inLanguage\":\"es\",\"potentialAction\":[{\"@type\":\"ReadAction\",\"target\":[\"https:\\\/\\\/www.escolatrac.com\\\/es\\\/exposicions\\\/finalistes-premi-pintura-tat-vila-2025\\\/\"]}]},{\"@type\":\"ImageObject\",\"inLanguage\":\"es\",\"@id\":\"https:\\\/\\\/www.escolatrac.com\\\/es\\\/exposicions\\\/finalistes-premi-pintura-tat-vila-2025\\\/#primaryimage\",\"url\":\"https:\\\/\\\/www.escolatrac.com\\\/wp-content\\\/uploads\\\/2025\\\/09\\\/TAT2025_finalistesWEB-1.jpg\",\"contentUrl\":\"https:\\\/\\\/www.escolatrac.com\\\/wp-content\\\/uploads\\\/2025\\\/09\\\/TAT2025_finalistesWEB-1.jpg\",\"width\":1200,\"height\":661},{\"@type\":\"BreadcrumbList\",\"@id\":\"https:\\\/\\\/www.escolatrac.com\\\/es\\\/exposicions\\\/finalistes-premi-pintura-tat-vila-2025\\\/#breadcrumb\",\"itemListElement\":[{\"@type\":\"ListItem\",\"position\":1,\"name\":\"Inici\",\"item\":\"https:\\\/\\\/www.escolatrac.com\\\/es\\\/\"},{\"@type\":\"ListItem\",\"position\":2,\"name\":\"Exposicions\",\"item\":\"https:\\\/\\\/www.escolatrac.com\\\/en\\\/exposicions\\\/\"},{\"@type\":\"ListItem\",\"position\":3,\"name\":\"FINALISTAS PREMIO PINTURA TAT VIL\u00c0 2025\"}]},{\"@type\":\"WebSite\",\"@id\":\"https:\\\/\\\/www.escolatrac.com\\\/#website\",\"url\":\"https:\\\/\\\/www.escolatrac.com\\\/\",\"name\":\"Escola Tra\u00e7\",\"description\":\"\",\"potentialAction\":[{\"@type\":\"SearchAction\",\"target\":{\"@type\":\"EntryPoint\",\"urlTemplate\":\"https:\\\/\\\/www.escolatrac.com\\\/?s={search_term_string}\"},\"query-input\":{\"@type\":\"PropertyValueSpecification\",\"valueRequired\":true,\"valueName\":\"search_term_string\"}}],\"inLanguage\":\"es\"}]}<\/script>\n<!-- \/ Yoast SEO plugin. -->","yoast_head_json":{"title":"FINALISTAS PREMIO PINTURA TAT VIL\u00c0 2025 - Escola Tra\u00e7","robots":{"index":"index","follow":"follow","max-snippet":"max-snippet:-1","max-image-preview":"max-image-preview:large","max-video-preview":"max-video-preview:-1"},"canonical":"https:\/\/www.escolatrac.com\/es\/exposicions\/finalistes-premi-pintura-tat-vila-2025\/","og_locale":"es_ES","og_type":"article","og_title":"FINALISTAS PREMIO PINTURA TAT VIL\u00c0 2025 - Escola Tra\u00e7","og_description":"Exposici\u00f3n de las obras finalistas del 22 septiembre al 10 de octubre de 2025. El s\u00e1bado 4 de octubre a partir de las 13h le invitamos a la inauguraci\u00f3n y entrega del premio del certamen. Este premio de pintura naci\u00f3 en 2018 como iniciativa de la escuela Tra\u00e7 Centro de Expresi\u00f3n Pl\u00e1stica en homenaje a &hellip; Continued","og_url":"https:\/\/www.escolatrac.com\/es\/exposicions\/finalistes-premi-pintura-tat-vila-2025\/","og_site_name":"Escola Tra\u00e7","article_modified_time":"2025-10-07T08:48:34+00:00","og_image":[{"width":1200,"height":661,"url":"https:\/\/www.escolatrac.com\/wp-content\/uploads\/2025\/09\/TAT2025_finalistesWEB-1.jpg","type":"image\/jpeg"}],"twitter_card":"summary_large_image","twitter_misc":{"Tiempo de lectura":"2 minutos"},"schema":{"@context":"https:\/\/schema.org","@graph":[{"@type":"WebPage","@id":"https:\/\/www.escolatrac.com\/es\/exposicions\/finalistes-premi-pintura-tat-vila-2025\/","url":"https:\/\/www.escolatrac.com\/es\/exposicions\/finalistes-premi-pintura-tat-vila-2025\/","name":"FINALISTAS PREMIO PINTURA TAT VIL\u00c0 2025 - Escola Tra\u00e7","isPartOf":{"@id":"https:\/\/www.escolatrac.com\/#website"},"primaryImageOfPage":{"@id":"https:\/\/www.escolatrac.com\/es\/exposicions\/finalistes-premi-pintura-tat-vila-2025\/#primaryimage"},"image":{"@id":"https:\/\/www.escolatrac.com\/es\/exposicions\/finalistes-premi-pintura-tat-vila-2025\/#primaryimage"},"thumbnailUrl":"https:\/\/www.escolatrac.com\/wp-content\/uploads\/2025\/09\/TAT2025_finalistesWEB-1.jpg","datePublished":"2025-09-25T09:51:55+00:00","dateModified":"2025-10-07T08:48:34+00:00","breadcrumb":{"@id":"https:\/\/www.escolatrac.com\/es\/exposicions\/finalistes-premi-pintura-tat-vila-2025\/#breadcrumb"},"inLanguage":"es","potentialAction":[{"@type":"ReadAction","target":["https:\/\/www.escolatrac.com\/es\/exposicions\/finalistes-premi-pintura-tat-vila-2025\/"]}]},{"@type":"ImageObject","inLanguage":"es","@id":"https:\/\/www.escolatrac.com\/es\/exposicions\/finalistes-premi-pintura-tat-vila-2025\/#primaryimage","url":"https:\/\/www.escolatrac.com\/wp-content\/uploads\/2025\/09\/TAT2025_finalistesWEB-1.jpg","contentUrl":"https:\/\/www.escolatrac.com\/wp-content\/uploads\/2025\/09\/TAT2025_finalistesWEB-1.jpg","width":1200,"height":661},{"@type":"BreadcrumbList","@id":"https:\/\/www.escolatrac.com\/es\/exposicions\/finalistes-premi-pintura-tat-vila-2025\/#breadcrumb","itemListElement":[{"@type":"ListItem","position":1,"name":"Inici","item":"https:\/\/www.escolatrac.com\/es\/"},{"@type":"ListItem","position":2,"name":"Exposicions","item":"https:\/\/www.escolatrac.com\/en\/exposicions\/"},{"@type":"ListItem","position":3,"name":"FINALISTAS PREMIO PINTURA TAT VIL\u00c0 2025"}]},{"@type":"WebSite","@id":"https:\/\/www.escolatrac.com\/#website","url":"https:\/\/www.escolatrac.com\/","name":"Escola Tra\u00e7","description":"","potentialAction":[{"@type":"SearchAction","target":{"@type":"EntryPoint","urlTemplate":"https:\/\/www.escolatrac.com\/?s={search_term_string}"},"query-input":{"@type":"PropertyValueSpecification","valueRequired":true,"valueName":"search_term_string"}}],"inLanguage":"es"}]}},"_links":{"self":[{"href":"https:\/\/www.escolatrac.com\/es\/wp-json\/wp\/v2\/exposicions\/21250","targetHints":{"allow":["GET"]}}],"collection":[{"href":"https:\/\/www.escolatrac.com\/es\/wp-json\/wp\/v2\/exposicions"}],"about":[{"href":"https:\/\/www.escolatrac.com\/es\/wp-json\/wp\/v2\/types\/exposicions"}],"version-history":[{"count":3,"href":"https:\/\/www.escolatrac.com\/es\/wp-json\/wp\/v2\/exposicions\/21250\/revisions"}],"predecessor-version":[{"id":21306,"href":"https:\/\/www.escolatrac.com\/es\/wp-json\/wp\/v2\/exposicions\/21250\/revisions\/21306"}],"wp:featuredmedia":[{"embeddable":true,"href":"https:\/\/www.escolatrac.com\/es\/wp-json\/wp\/v2\/media\/21231"}],"wp:attachment":[{"href":"https:\/\/www.escolatrac.com\/es\/wp-json\/wp\/v2\/media?parent=21250"}],"wp:term":[{"taxonomy":"exposicions_status","embeddable":true,"href":"https:\/\/www.escolatrac.com\/es\/wp-json\/wp\/v2\/exposicions_status?post=21250"}],"curies":[{"name":"wp","href":"https:\/\/api.w.org\/{rel}","templated":true}]}}