{"id":20675,"date":"2025-05-19T13:37:05","date_gmt":"2025-05-19T11:37:05","guid":{"rendered":"https:\/\/www.escolatrac.com\/exposicions\/el-cel-dibuixat-constellacions-imaginaries\/"},"modified":"2025-06-03T11:30:22","modified_gmt":"2025-06-03T09:30:22","slug":"el-cel-dibuixat-constellacions-imaginaries","status":"publish","type":"exposicions","link":"https:\/\/www.escolatrac.com\/es\/exposicions\/el-cel-dibuixat-constellacions-imaginaries\/","title":{"rendered":"EL CIELO DIBUJADO constelaciones imaginarias"},"content":{"rendered":"\n<div class=\"wp-block-columns is-layout-flex wp-container-core-columns-is-layout-9d6595d7 wp-block-columns-is-layout-flex\">\n<div class=\"wp-block-column is-layout-flow wp-block-column-is-layout-flow\">\n<p>El cielo nocturno, con su multitud de estrellas, ha sido desde siempre un elemento misterioso y fascinante. Desde la larga noche de la prehistoria hasta los tiempos actuales, los humanos han trazado l\u00edneas imaginarias entre las estrellas, creando as\u00ed figuras simb\u00f3licas en las alturas de la b\u00f3veda celeste. Estas formas, que llamamos constelaciones, var\u00edan seg\u00fan las culturas, pero todas comparten una funci\u00f3n com\u00fan: contar historias, orientar a los navegantes y ayudar a medir el paso del tiempo y las estaciones del a\u00f1o.<\/p>\n\n\n\n<p>Los alumnos de dibujo y pintura (grandes) han afrontado el reto de crear sus propias constelaciones a partir de un cielo estrellado inventado. El proceso ha comenzado con la observaci\u00f3n y conexi\u00f3n de puntos aleatorios sobre un lienzo negro, generando una constelaci\u00f3n abstracta. A partir de ese trazado inicial, cada alumno ha desarrollado una imagen figurativa, dando forma visual a su constelaci\u00f3n personal. El resultado es una galer\u00eda de universos imaginarios que nos invita a mirar al cielo con ojos nuevos.<\/p>\n\n\n\n<p><strong>Profesorado del taller de Dibujo y Pintura grandes<\/strong><br>Jesica \u00c1lvarez, Isabel Cerd\u00e1, Ingrid Garcia-Moya, Mariona Mas, Gerard Nel.lo y Gemma Tauler.<\/p>\n<\/div>\n\n\n\n<div class=\"wp-block-column is-layout-flow wp-block-column-is-layout-flow\">\n\n\n  <h3 class=\"uk-margin-remove-bottom\">Duraci\u00f3n<\/h3>\n  <ul class=\"uk-list uk-margin-remove-top\">\n      <li class=\"uk-margin-remove-bottom\">Del 19 al 30 de maig del 2025 <\/li>  <\/ul>\n\n\n  <div id=\"sharer\" data-url=\"https:\/\/www.escolatrac.com\/es\/exposicions\/el-cel-dibuixat-constellacions-imaginaries\/\"><\/div>\n<\/div>\n<\/div>\n\n\n\n\n\n      <section id=\"gallery-images-block_9ceb0d01af2195dd99ee31417c821274\" class=\"uk-margin-large-bottom\">\n      <div class=\"uk-container\">\n        <h3 class=\"uk-h4 uk-text-uppercase\"><\/h3>\n\n        <div class=\"uk-grid-collapse uk-child-width-1-3@s\" uk-lightbox uk-grid=\"margin: uk-margin-top\">\n                            <div>\n                    <a href=\"https:\/\/www.escolatrac.com\/wp-content\/uploads\/2025\/05\/IMG_0815.jpg\" class=\"uk-position-relative\">\n                        <img decoding=\"async\" width=\"768\" height=\"432\" src=\"https:\/\/www.escolatrac.com\/wp-content\/uploads\/2025\/05\/IMG_0815-300x168.jpg\" class=\"attachment-medium_large size-medium_large lazyload\" alt=\"\" srcset=\"\" sizes=\"(max-width: 768px) 100vw, 768px\" data-size=\"auto\" data-src=\"https:\/\/www.escolatrac.com\/wp-content\/uploads\/2025\/05\/IMG_0815-768x432.jpg\" data-srcset=\"https:\/\/www.escolatrac.com\/wp-content\/uploads\/2025\/05\/IMG_0815-768x432.jpg 768w, https:\/\/www.escolatrac.com\/wp-content\/uploads\/2025\/05\/IMG_0815-300x168.jpg 300w, https:\/\/www.escolatrac.com\/wp-content\/uploads\/2025\/05\/IMG_0815-1024x576.jpg 1024w, https:\/\/www.escolatrac.com\/wp-content\/uploads\/2025\/05\/IMG_0815-453x255.jpg 453w\" \/>\n                                            <\/a>\n                <\/div>\n                            <div>\n                    <a href=\"https:\/\/www.escolatrac.com\/wp-content\/uploads\/2025\/05\/IMG_0814.jpg\" class=\"uk-position-relative\">\n                        <img decoding=\"async\" width=\"768\" height=\"432\" src=\"https:\/\/www.escolatrac.com\/wp-content\/uploads\/2025\/05\/IMG_0814-300x168.jpg\" class=\"attachment-medium_large size-medium_large lazyload\" alt=\"\" srcset=\"\" sizes=\"(max-width: 768px) 100vw, 768px\" data-size=\"auto\" data-src=\"https:\/\/www.escolatrac.com\/wp-content\/uploads\/2025\/05\/IMG_0814-768x432.jpg\" data-srcset=\"https:\/\/www.escolatrac.com\/wp-content\/uploads\/2025\/05\/IMG_0814-768x432.jpg 768w, https:\/\/www.escolatrac.com\/wp-content\/uploads\/2025\/05\/IMG_0814-300x168.jpg 300w, https:\/\/www.escolatrac.com\/wp-content\/uploads\/2025\/05\/IMG_0814-1024x576.jpg 1024w, https:\/\/www.escolatrac.com\/wp-content\/uploads\/2025\/05\/IMG_0814-453x255.jpg 453w\" \/>\n                                            <\/a>\n                <\/div>\n                            <div>\n                    <a href=\"https:\/\/www.escolatrac.com\/wp-content\/uploads\/2025\/05\/IMG_0813.jpg\" class=\"uk-position-relative\">\n                        <img decoding=\"async\" width=\"768\" height=\"432\" src=\"https:\/\/www.escolatrac.com\/wp-content\/uploads\/2025\/05\/IMG_0813-300x168.jpg\" class=\"attachment-medium_large size-medium_large lazyload\" alt=\"\" srcset=\"\" sizes=\"(max-width: 768px) 100vw, 768px\" data-size=\"auto\" data-src=\"https:\/\/www.escolatrac.com\/wp-content\/uploads\/2025\/05\/IMG_0813-768x432.jpg\" data-srcset=\"https:\/\/www.escolatrac.com\/wp-content\/uploads\/2025\/05\/IMG_0813-768x432.jpg 768w, https:\/\/www.escolatrac.com\/wp-content\/uploads\/2025\/05\/IMG_0813-300x168.jpg 300w, https:\/\/www.escolatrac.com\/wp-content\/uploads\/2025\/05\/IMG_0813-1024x576.jpg 1024w, https:\/\/www.escolatrac.com\/wp-content\/uploads\/2025\/05\/IMG_0813-453x255.jpg 453w\" \/>\n                                            <\/a>\n                <\/div>\n                            <div>\n                    <a href=\"https:\/\/www.escolatrac.com\/wp-content\/uploads\/2025\/05\/IMG_0812.jpg\" class=\"uk-position-relative\">\n                        <img decoding=\"async\" width=\"768\" height=\"432\" src=\"https:\/\/www.escolatrac.com\/wp-content\/uploads\/2025\/05\/IMG_0812-300x168.jpg\" class=\"attachment-medium_large size-medium_large lazyload\" alt=\"\" srcset=\"\" sizes=\"(max-width: 768px) 100vw, 768px\" data-size=\"auto\" data-src=\"https:\/\/www.escolatrac.com\/wp-content\/uploads\/2025\/05\/IMG_0812-768x432.jpg\" data-srcset=\"https:\/\/www.escolatrac.com\/wp-content\/uploads\/2025\/05\/IMG_0812-768x432.jpg 768w, https:\/\/www.escolatrac.com\/wp-content\/uploads\/2025\/05\/IMG_0812-300x168.jpg 300w, https:\/\/www.escolatrac.com\/wp-content\/uploads\/2025\/05\/IMG_0812-1024x576.jpg 1024w, https:\/\/www.escolatrac.com\/wp-content\/uploads\/2025\/05\/IMG_0812-453x255.jpg 453w\" \/>\n                                            <\/a>\n                <\/div>\n                            <div>\n                    <a href=\"https:\/\/www.escolatrac.com\/wp-content\/uploads\/2025\/05\/IMG_0811.jpg\" class=\"uk-position-relative\">\n                        <img decoding=\"async\" width=\"768\" height=\"432\" src=\"https:\/\/www.escolatrac.com\/wp-content\/uploads\/2025\/05\/IMG_0811-300x168.jpg\" class=\"attachment-medium_large size-medium_large lazyload\" alt=\"\" srcset=\"\" sizes=\"(max-width: 768px) 100vw, 768px\" data-size=\"auto\" data-src=\"https:\/\/www.escolatrac.com\/wp-content\/uploads\/2025\/05\/IMG_0811-768x432.jpg\" data-srcset=\"https:\/\/www.escolatrac.com\/wp-content\/uploads\/2025\/05\/IMG_0811-768x432.jpg 768w, https:\/\/www.escolatrac.com\/wp-content\/uploads\/2025\/05\/IMG_0811-300x168.jpg 300w, https:\/\/www.escolatrac.com\/wp-content\/uploads\/2025\/05\/IMG_0811-1024x576.jpg 1024w, https:\/\/www.escolatrac.com\/wp-content\/uploads\/2025\/05\/IMG_0811-453x255.jpg 453w\" \/>\n                                            <\/a>\n                <\/div>\n                            <div>\n                    <a href=\"https:\/\/www.escolatrac.com\/wp-content\/uploads\/2025\/05\/IMG_0810.jpg\" class=\"uk-position-relative\">\n                        <img decoding=\"async\" width=\"768\" height=\"432\" src=\"https:\/\/www.escolatrac.com\/wp-content\/uploads\/2025\/05\/IMG_0810-300x168.jpg\" class=\"attachment-medium_large size-medium_large lazyload\" alt=\"\" srcset=\"\" sizes=\"(max-width: 768px) 100vw, 768px\" data-size=\"auto\" data-src=\"https:\/\/www.escolatrac.com\/wp-content\/uploads\/2025\/05\/IMG_0810-768x432.jpg\" data-srcset=\"https:\/\/www.escolatrac.com\/wp-content\/uploads\/2025\/05\/IMG_0810-768x432.jpg 768w, https:\/\/www.escolatrac.com\/wp-content\/uploads\/2025\/05\/IMG_0810-300x168.jpg 300w, https:\/\/www.escolatrac.com\/wp-content\/uploads\/2025\/05\/IMG_0810-1024x576.jpg 1024w, https:\/\/www.escolatrac.com\/wp-content\/uploads\/2025\/05\/IMG_0810-453x255.jpg 453w\" \/>\n                                            <\/a>\n                <\/div>\n                    <\/div>\n\n                <\/div>\n    <\/section>\n\n\n\n\n","protected":false},"featured_media":20647,"template":"","exposicions_status":[],"class_list":["post-20675","exposicions","type-exposicions","status-publish","has-post-thumbnail","hentry"],"acf":[],"yoast_head":"<!-- This site is optimized with the Yoast SEO plugin v27.3 - https:\/\/yoast.com\/product\/yoast-seo-wordpress\/ -->\n<title>EL CIELO DIBUJADO constelaciones imaginarias - Escola Tra\u00e7<\/title>\n<meta name=\"robots\" content=\"index, follow, max-snippet:-1, max-image-preview:large, max-video-preview:-1\" \/>\n<link rel=\"canonical\" href=\"https:\/\/www.escolatrac.com\/exposicions\/el-cel-dibuixat-constellacions-imaginaries\/\" \/>\n<meta property=\"og:locale\" content=\"es_ES\" \/>\n<meta property=\"og:type\" content=\"article\" \/>\n<meta property=\"og:title\" content=\"EL CIELO DIBUJADO constelaciones imaginarias - Escola Tra\u00e7\" \/>\n<meta property=\"og:description\" content=\"El cielo nocturno, con su multitud de estrellas, ha sido desde siempre un elemento misterioso y fascinante. Desde la larga noche de la prehistoria hasta los tiempos actuales, los humanos han trazado l\u00edneas imaginarias entre las estrellas, creando as\u00ed figuras simb\u00f3licas en las alturas de la b\u00f3veda celeste. Estas formas, que llamamos constelaciones, var\u00edan seg\u00fan &hellip; Continued\" \/>\n<meta property=\"og:url\" content=\"https:\/\/www.escolatrac.com\/exposicions\/el-cel-dibuixat-constellacions-imaginaries\/\" \/>\n<meta property=\"og:site_name\" content=\"Escola Tra\u00e7\" \/>\n<meta property=\"article:modified_time\" content=\"2025-06-03T09:30:22+00:00\" \/>\n<meta property=\"og:image\" content=\"https:\/\/www.escolatrac.com\/wp-content\/uploads\/2025\/05\/CELDIBUIXAT_web.jpg\" \/>\n\t<meta property=\"og:image:width\" content=\"1063\" \/>\n\t<meta property=\"og:image:height\" content=\"573\" \/>\n\t<meta property=\"og:image:type\" content=\"image\/jpeg\" \/>\n<meta name=\"twitter:card\" content=\"summary_large_image\" \/>\n<meta name=\"twitter:label1\" content=\"Tiempo de lectura\" \/>\n\t<meta name=\"twitter:data1\" content=\"1 minuto\" \/>\n<script type=\"application\/ld+json\" class=\"yoast-schema-graph\">{\"@context\":\"https:\\\/\\\/schema.org\",\"@graph\":[{\"@type\":\"WebPage\",\"@id\":\"https:\\\/\\\/www.escolatrac.com\\\/exposicions\\\/el-cel-dibuixat-constellacions-imaginaries\\\/\",\"url\":\"https:\\\/\\\/www.escolatrac.com\\\/exposicions\\\/el-cel-dibuixat-constellacions-imaginaries\\\/\",\"name\":\"EL CIELO DIBUJADO constelaciones imaginarias - Escola Tra\u00e7\",\"isPartOf\":{\"@id\":\"https:\\\/\\\/www.escolatrac.com\\\/#website\"},\"primaryImageOfPage\":{\"@id\":\"https:\\\/\\\/www.escolatrac.com\\\/exposicions\\\/el-cel-dibuixat-constellacions-imaginaries\\\/#primaryimage\"},\"image\":{\"@id\":\"https:\\\/\\\/www.escolatrac.com\\\/exposicions\\\/el-cel-dibuixat-constellacions-imaginaries\\\/#primaryimage\"},\"thumbnailUrl\":\"https:\\\/\\\/www.escolatrac.com\\\/wp-content\\\/uploads\\\/2025\\\/05\\\/CELDIBUIXAT_web.jpg\",\"datePublished\":\"2025-05-19T11:37:05+00:00\",\"dateModified\":\"2025-06-03T09:30:22+00:00\",\"breadcrumb\":{\"@id\":\"https:\\\/\\\/www.escolatrac.com\\\/exposicions\\\/el-cel-dibuixat-constellacions-imaginaries\\\/#breadcrumb\"},\"inLanguage\":\"es\",\"potentialAction\":[{\"@type\":\"ReadAction\",\"target\":[\"https:\\\/\\\/www.escolatrac.com\\\/exposicions\\\/el-cel-dibuixat-constellacions-imaginaries\\\/\"]}]},{\"@type\":\"ImageObject\",\"inLanguage\":\"es\",\"@id\":\"https:\\\/\\\/www.escolatrac.com\\\/exposicions\\\/el-cel-dibuixat-constellacions-imaginaries\\\/#primaryimage\",\"url\":\"https:\\\/\\\/www.escolatrac.com\\\/wp-content\\\/uploads\\\/2025\\\/05\\\/CELDIBUIXAT_web.jpg\",\"contentUrl\":\"https:\\\/\\\/www.escolatrac.com\\\/wp-content\\\/uploads\\\/2025\\\/05\\\/CELDIBUIXAT_web.jpg\",\"width\":1063,\"height\":573},{\"@type\":\"BreadcrumbList\",\"@id\":\"https:\\\/\\\/www.escolatrac.com\\\/exposicions\\\/el-cel-dibuixat-constellacions-imaginaries\\\/#breadcrumb\",\"itemListElement\":[{\"@type\":\"ListItem\",\"position\":1,\"name\":\"Inici\",\"item\":\"https:\\\/\\\/www.escolatrac.com\\\/es\\\/\"},{\"@type\":\"ListItem\",\"position\":2,\"name\":\"Exposicions\",\"item\":\"https:\\\/\\\/www.escolatrac.com\\\/en\\\/exposicions\\\/\"},{\"@type\":\"ListItem\",\"position\":3,\"name\":\"EL CIELO DIBUJADO constelaciones imaginarias\"}]},{\"@type\":\"WebSite\",\"@id\":\"https:\\\/\\\/www.escolatrac.com\\\/#website\",\"url\":\"https:\\\/\\\/www.escolatrac.com\\\/\",\"name\":\"Escola Tra\u00e7\",\"description\":\"\",\"potentialAction\":[{\"@type\":\"SearchAction\",\"target\":{\"@type\":\"EntryPoint\",\"urlTemplate\":\"https:\\\/\\\/www.escolatrac.com\\\/?s={search_term_string}\"},\"query-input\":{\"@type\":\"PropertyValueSpecification\",\"valueRequired\":true,\"valueName\":\"search_term_string\"}}],\"inLanguage\":\"es\"}]}<\/script>\n<!-- \/ Yoast SEO plugin. -->","yoast_head_json":{"title":"EL CIELO DIBUJADO constelaciones imaginarias - Escola Tra\u00e7","robots":{"index":"index","follow":"follow","max-snippet":"max-snippet:-1","max-image-preview":"max-image-preview:large","max-video-preview":"max-video-preview:-1"},"canonical":"https:\/\/www.escolatrac.com\/exposicions\/el-cel-dibuixat-constellacions-imaginaries\/","og_locale":"es_ES","og_type":"article","og_title":"EL CIELO DIBUJADO constelaciones imaginarias - Escola Tra\u00e7","og_description":"El cielo nocturno, con su multitud de estrellas, ha sido desde siempre un elemento misterioso y fascinante. Desde la larga noche de la prehistoria hasta los tiempos actuales, los humanos han trazado l\u00edneas imaginarias entre las estrellas, creando as\u00ed figuras simb\u00f3licas en las alturas de la b\u00f3veda celeste. Estas formas, que llamamos constelaciones, var\u00edan seg\u00fan &hellip; Continued","og_url":"https:\/\/www.escolatrac.com\/exposicions\/el-cel-dibuixat-constellacions-imaginaries\/","og_site_name":"Escola Tra\u00e7","article_modified_time":"2025-06-03T09:30:22+00:00","og_image":[{"width":1063,"height":573,"url":"https:\/\/www.escolatrac.com\/wp-content\/uploads\/2025\/05\/CELDIBUIXAT_web.jpg","type":"image\/jpeg"}],"twitter_card":"summary_large_image","twitter_misc":{"Tiempo de lectura":"1 minuto"},"schema":{"@context":"https:\/\/schema.org","@graph":[{"@type":"WebPage","@id":"https:\/\/www.escolatrac.com\/exposicions\/el-cel-dibuixat-constellacions-imaginaries\/","url":"https:\/\/www.escolatrac.com\/exposicions\/el-cel-dibuixat-constellacions-imaginaries\/","name":"EL CIELO DIBUJADO constelaciones imaginarias - Escola Tra\u00e7","isPartOf":{"@id":"https:\/\/www.escolatrac.com\/#website"},"primaryImageOfPage":{"@id":"https:\/\/www.escolatrac.com\/exposicions\/el-cel-dibuixat-constellacions-imaginaries\/#primaryimage"},"image":{"@id":"https:\/\/www.escolatrac.com\/exposicions\/el-cel-dibuixat-constellacions-imaginaries\/#primaryimage"},"thumbnailUrl":"https:\/\/www.escolatrac.com\/wp-content\/uploads\/2025\/05\/CELDIBUIXAT_web.jpg","datePublished":"2025-05-19T11:37:05+00:00","dateModified":"2025-06-03T09:30:22+00:00","breadcrumb":{"@id":"https:\/\/www.escolatrac.com\/exposicions\/el-cel-dibuixat-constellacions-imaginaries\/#breadcrumb"},"inLanguage":"es","potentialAction":[{"@type":"ReadAction","target":["https:\/\/www.escolatrac.com\/exposicions\/el-cel-dibuixat-constellacions-imaginaries\/"]}]},{"@type":"ImageObject","inLanguage":"es","@id":"https:\/\/www.escolatrac.com\/exposicions\/el-cel-dibuixat-constellacions-imaginaries\/#primaryimage","url":"https:\/\/www.escolatrac.com\/wp-content\/uploads\/2025\/05\/CELDIBUIXAT_web.jpg","contentUrl":"https:\/\/www.escolatrac.com\/wp-content\/uploads\/2025\/05\/CELDIBUIXAT_web.jpg","width":1063,"height":573},{"@type":"BreadcrumbList","@id":"https:\/\/www.escolatrac.com\/exposicions\/el-cel-dibuixat-constellacions-imaginaries\/#breadcrumb","itemListElement":[{"@type":"ListItem","position":1,"name":"Inici","item":"https:\/\/www.escolatrac.com\/es\/"},{"@type":"ListItem","position":2,"name":"Exposicions","item":"https:\/\/www.escolatrac.com\/en\/exposicions\/"},{"@type":"ListItem","position":3,"name":"EL CIELO DIBUJADO constelaciones imaginarias"}]},{"@type":"WebSite","@id":"https:\/\/www.escolatrac.com\/#website","url":"https:\/\/www.escolatrac.com\/","name":"Escola Tra\u00e7","description":"","potentialAction":[{"@type":"SearchAction","target":{"@type":"EntryPoint","urlTemplate":"https:\/\/www.escolatrac.com\/?s={search_term_string}"},"query-input":{"@type":"PropertyValueSpecification","valueRequired":true,"valueName":"search_term_string"}}],"inLanguage":"es"}]}},"_links":{"self":[{"href":"https:\/\/www.escolatrac.com\/es\/wp-json\/wp\/v2\/exposicions\/20675","targetHints":{"allow":["GET"]}}],"collection":[{"href":"https:\/\/www.escolatrac.com\/es\/wp-json\/wp\/v2\/exposicions"}],"about":[{"href":"https:\/\/www.escolatrac.com\/es\/wp-json\/wp\/v2\/types\/exposicions"}],"version-history":[{"count":1,"href":"https:\/\/www.escolatrac.com\/es\/wp-json\/wp\/v2\/exposicions\/20675\/revisions"}],"predecessor-version":[{"id":20677,"href":"https:\/\/www.escolatrac.com\/es\/wp-json\/wp\/v2\/exposicions\/20675\/revisions\/20677"}],"wp:featuredmedia":[{"embeddable":true,"href":"https:\/\/www.escolatrac.com\/es\/wp-json\/wp\/v2\/media\/20647"}],"wp:attachment":[{"href":"https:\/\/www.escolatrac.com\/es\/wp-json\/wp\/v2\/media?parent=20675"}],"wp:term":[{"taxonomy":"exposicions_status","embeddable":true,"href":"https:\/\/www.escolatrac.com\/es\/wp-json\/wp\/v2\/exposicions_status?post=20675"}],"curies":[{"name":"wp","href":"https:\/\/api.w.org\/{rel}","templated":true}]}}