{"id":3650,"date":"2019-03-25T09:07:03","date_gmt":"2019-03-25T08:07:03","guid":{"rendered":"http:\/\/www.escolatrac.com\/curso-infant\/creacio-plastica-mitjans-2\/"},"modified":"2025-05-27T18:24:40","modified_gmt":"2025-05-27T16:24:40","slug":"creacion-plastica-mayores","status":"publish","type":"curso_infant","link":"https:\/\/www.escolatrac.com\/es\/curs-infant\/creacion-plastica-mayores\/","title":{"rendered":"Creaci\u00f3n pl\u00e1stica (mayores)"},"content":{"rendered":"\n<div class=\"wp-block-columns has-2-columns is-layout-flex wp-container-core-columns-is-layout-9d6595d7 wp-block-columns-is-layout-flex\">\n<div class=\"wp-block-column is-layout-flow wp-block-column-is-layout-flow\">\n<p>Este taller se dirige a ni\u00f1os y j\u00f3venes a partir de 5\u00ba de Primaria.<br>En este <strong>curso <\/strong>los ni\u00f1os y j\u00f3venes pueden desarrollar y <strong>potenciar su creatividad<\/strong> a partir de gran diversidad de t\u00e9cnicas y materiales. Reforzaremos el aprendizaje y la consolidaci\u00f3n del conocimiento de las distintas t\u00e9cnicas y materiales, siempre al servicio de un proyecto personal y creativo. Tambi\u00e9n trabajaremos con proyectos colectivos para potenciar el trabajo en equipo. El profesorado acompa\u00f1a al alumno cuando este lo necesita, pero siempre respetando al m\u00e1ximo su idea creativa y su autonom\u00eda. Se potencia <strong>la capacidad creativa <\/strong>enriqueciendo los lenguajes creativos. <\/p>\n\n\n\n  <div data-read-more id=\"read-more-block_f0e4b7a39f7cfb153d35240bb4982436\">\n    <p><strong>Objetivos del curso<\/strong><\/p>\n<ul>\n<li>Adquirir una visi\u00f3n global de les artes pl\u00e1sticas a partir del conocimiento y la experimentaci\u00f3n de diferentes t\u00e9cnicas art\u00edsticas.<\/li>\n<li>Desarrollar la sensibilidad y la percepci\u00f3n est\u00e9ticas, as\u00ed como el inter\u00e9s por la interpretaci\u00f3n y el sentido cr\u00edtico para disfrutar de las manifestaciones art\u00edsticas.<\/li>\n<li>Desarrollar la creatividad y el gusto por expresar y plasmar, a trav\u00e9s del lenguaje pl\u00e1stico, ideas, hechos, experiencias, vivencias, etc.<\/li>\n<li>Aprender a pensar, a imaginar, a compartir y a comunicar.<\/li>\n<li>Conocer y aprender a respetar herramientas, materiales y m\u00e1quinas.<\/li>\n<li>Fomentar la capacidad de disfrutar de las diferentes posibilidades creativas, reforzar la personalidad y la autoestima.<\/li>\n<li>Potenciar la relaci\u00f3n con los compa\u00f1eros\/as de clase creando un ambiente de colaboraci\u00f3n entre todos.<\/li>\n<\/ul>\n  <\/div>\n<\/div>\n\n\n\n<div class=\"wp-block-column is-layout-flow wp-block-column-is-layout-flow\">\n<p><strong>Horarios<\/strong><br>De lunes a viernes &nbsp;<br>16.00 h &#8211; 17.30 h \/ 16.30 h \u2013 17.30 h <br>17.30 h \u2013 19.00 h<\/p>\n\n\n\n<p>Martes (para jovenes y adultos): 19.15 h -20.45 h<br>Viernes (para jovenes y adultos) 18.00 h \u2013 20.00 h<\/p>\n\n\n\n<p><strong>Precios <\/strong><br> 50 \u20ac Matr\u00edcula anual <br> 62 \u20ac al mes (1 turno semanal de 1 hora)<br> 97 \u20ac al mes (1 turno semanal de 1 h 30 min.)<br> 116 \u20ac al mes (1 turno semanal de 2 horas)<br><em> Material incluido<\/em><\/p>\n\n\n\n<p>contacta <a href=\"https:\/\/www.escolatrac.com\/es\/contacte\/\">aqu\u00ed<\/a><\/p>\n\n\n  <div id=\"sharer\" data-url=\"https:\/\/www.escolatrac.com\/es\/curs-infant\/creacion-plastica-mayores\/\"><\/div>\n\n\n\n<p><\/p>\n<\/div>\n<\/div>\n\n\n\n\n\n<section id=\"gallery-videos-block_ff45a4929a93bbce185623bd1a3fb3a7\" class=\"uk-margin-large-bottom c-gallery-videos\">\n    <div class=\"uk-container\">\n        <h3 class=\"uk-h4 uk-text-uppercase\"><\/h3>\n\n        <div class=\"uk-grid-collapse uk-child-width-1-3@s\" uk-lightbox uk-grid>\n                            <div>\n                    <div class=\"uk-position-relative\">\n                        <img decoding=\"async\" width=\"453\" height=\"253\" src=\"https:\/\/www.escolatrac.com\/wp-content\/uploads\/2019\/03\/creaci\u00f3-plastica-grans-3.png\" class=\"uk-width-1-1 lazyload\" alt=\"\" data-size=\"auto\" data-src=\"https:\/\/www.escolatrac.com\/wp-content\/uploads\/2019\/03\/creaci\u00f3-plastica-grans-3.png\" \/>                                                <a href=\"https:\/\/www.escolatrac.com\/wp-content\/uploads\/2019\/03\/PlasticaGrans_GIF.mp4\" data-alt=\"\" data-poster=\"https:\/\/www.escolatrac.com\/wp-content\/uploads\/2019\/03\/creaci\u00f3-plastica-grans-3.png\" class=\"uk-overlay uk-position-cover uk-flex uk-flex-center uk-flex-middle uk-light\">\n                            <img decoding=\"async\" src=\"https:\/\/www.escolatrac.com\/wp-content\/themes\/escola-trac\/dist\/images\/play_a352011f.svg\" uk-icon width=\"70\" height=\"70\" \/>\n                        <\/a>\n                    <\/div>\n                                    <\/div>\n                            <div>\n                    <div class=\"uk-position-relative\">\n                        <img decoding=\"async\" width=\"453\" height=\"255\" src=\"https:\/\/www.escolatrac.com\/wp-content\/uploads\/2019\/03\/creacio-plastica-grans1.png\" class=\"uk-width-1-1 lazyload\" alt=\"\" data-size=\"auto\" data-src=\"https:\/\/www.escolatrac.com\/wp-content\/uploads\/2019\/03\/creacio-plastica-grans1.png\" \/>                                                <a href=\"https:\/\/youtu.be\/_kdZs5Ckb9w\" data-alt=\"\" data-poster=\"https:\/\/www.escolatrac.com\/wp-content\/uploads\/2019\/03\/creacio-plastica-grans1.png\" class=\"uk-overlay uk-position-cover uk-flex uk-flex-center uk-flex-middle uk-light\">\n                            <img decoding=\"async\" src=\"https:\/\/www.escolatrac.com\/wp-content\/themes\/escola-trac\/dist\/images\/play_a352011f.svg\" uk-icon width=\"70\" height=\"70\" \/>\n                        <\/a>\n                    <\/div>\n                                    <\/div>\n                            <div>\n                    <div class=\"uk-position-relative\">\n                        <img decoding=\"async\" width=\"453\" height=\"255\" src=\"https:\/\/www.escolatrac.com\/wp-content\/uploads\/2019\/03\/creacio-plastica-grans-2.png\" class=\"uk-width-1-1 lazyload\" alt=\"\" data-size=\"auto\" data-src=\"https:\/\/www.escolatrac.com\/wp-content\/uploads\/2019\/03\/creacio-plastica-grans-2.png\" \/>                                                <a href=\"https:\/\/www.youtube.com\/watch?v=3mZVl3Jna48\" data-alt=\"\" data-poster=\"https:\/\/www.escolatrac.com\/wp-content\/uploads\/2019\/03\/creacio-plastica-grans-2.png\" class=\"uk-overlay uk-position-cover uk-flex uk-flex-center uk-flex-middle uk-light\">\n                            <img decoding=\"async\" src=\"https:\/\/www.escolatrac.com\/wp-content\/themes\/escola-trac\/dist\/images\/play_a352011f.svg\" uk-icon width=\"70\" height=\"70\" \/>\n                        <\/a>\n                    <\/div>\n                                    <\/div>\n                    <\/div>\n\n        <div class=\"uk-text-center uk-width-1-1 uk-margin-top\">\n            <a class=\"uk-text-uppercase uk-text-small\" href=\"https:\/\/www.youtube.com\/channel\/UCW14-GzzS1OU7OKYtD1-ynw\" target=\"_blank\">M\u00c1S V\u00cdDEOS<span uk-icon=\"icon:  chevron-right;\"><\/span><\/a>\n        <\/div>\n    <\/div>\n<\/section>\n\n\n      <section id=\"gallery-images-block_7bf1715d02ac005665c38be3a49e87f5\" class=\"uk-margin-large-bottom\">\n      <div class=\"uk-container\">\n        <h3 class=\"uk-h4 uk-text-uppercase\"><\/h3>\n\n        <div class=\"uk-grid-collapse uk-child-width-1-3@s\" uk-lightbox uk-grid=\"margin: uk-margin-top\">\n                            <div>\n                    <a href=\"https:\/\/www.escolatrac.com\/wp-content\/uploads\/2019\/03\/IMG_4932-e1599590373673.jpg\" class=\"uk-position-relative\">\n                        <img decoding=\"async\" width=\"576\" height=\"432\" src=\"https:\/\/www.escolatrac.com\/wp-content\/uploads\/2019\/03\/IMG_4932-e1599590373673.jpg\" class=\"attachment-medium_large size-medium_large lazyload\" alt=\"escuela de arte barcelona\" srcset=\"\" sizes=\"(max-width: 576px) 100vw, 576px\" data-size=\"auto\" data-src=\"https:\/\/www.escolatrac.com\/wp-content\/uploads\/2019\/03\/IMG_4932-e1599590373673.jpg\" data-srcset=\"https:\/\/www.escolatrac.com\/wp-content\/uploads\/2019\/03\/IMG_4932-e1599590373673.jpg 1500w, https:\/\/www.escolatrac.com\/wp-content\/uploads\/2019\/03\/IMG_4932-e1599590373673-600x450.jpg 600w\" \/>\n                                            <\/a>\n                <\/div>\n                            <div>\n                    <a href=\"https:\/\/www.escolatrac.com\/wp-content\/uploads\/2019\/03\/Foto-de-Rosa-Martino-12.jpg\" class=\"uk-position-relative\">\n                        <img decoding=\"async\" width=\"576\" height=\"432\" src=\"https:\/\/www.escolatrac.com\/wp-content\/uploads\/2019\/03\/Foto-de-Rosa-Martino-12.jpg\" class=\"attachment-medium_large size-medium_large lazyload\" alt=\"escola art\" srcset=\"\" sizes=\"(max-width: 576px) 100vw, 576px\" data-size=\"auto\" data-src=\"https:\/\/www.escolatrac.com\/wp-content\/uploads\/2019\/03\/Foto-de-Rosa-Martino-12.jpg\" data-srcset=\"https:\/\/www.escolatrac.com\/wp-content\/uploads\/2019\/03\/Foto-de-Rosa-Martino-12.jpg 1600w, https:\/\/www.escolatrac.com\/wp-content\/uploads\/2019\/03\/Foto-de-Rosa-Martino-12-600x450.jpg 600w\" \/>\n                                            <\/a>\n                <\/div>\n                            <div>\n                    <a href=\"https:\/\/www.escolatrac.com\/wp-content\/uploads\/2019\/03\/IMG_9923-e1599590137609.jpg\" class=\"uk-position-relative\">\n                        <img decoding=\"async\" width=\"576\" height=\"432\" src=\"https:\/\/www.escolatrac.com\/wp-content\/uploads\/2019\/03\/IMG_9923-e1599590137609.jpg\" class=\"attachment-medium_large size-medium_large lazyload\" alt=\"escola art sarria\" srcset=\"\" sizes=\"(max-width: 576px) 100vw, 576px\" data-size=\"auto\" data-src=\"https:\/\/www.escolatrac.com\/wp-content\/uploads\/2019\/03\/IMG_9923-e1599590137609.jpg\" data-srcset=\"https:\/\/www.escolatrac.com\/wp-content\/uploads\/2019\/03\/IMG_9923-e1599590137609.jpg 1500w, https:\/\/www.escolatrac.com\/wp-content\/uploads\/2019\/03\/IMG_9923-e1599590137609-600x450.jpg 600w\" \/>\n                                            <\/a>\n                <\/div>\n                            <div>\n                    <a href=\"https:\/\/www.escolatrac.com\/wp-content\/uploads\/2019\/03\/IMG_7360-e1599590166822.jpg\" class=\"uk-position-relative\">\n                        <img decoding=\"async\" width=\"432\" height=\"432\" src=\"https:\/\/www.escolatrac.com\/wp-content\/uploads\/2019\/03\/IMG_7360-e1599590166822.jpg\" class=\"attachment-medium_large size-medium_large lazyload\" alt=\"\" srcset=\"\" sizes=\"(max-width: 432px) 100vw, 432px\" data-size=\"auto\" data-src=\"https:\/\/www.escolatrac.com\/wp-content\/uploads\/2019\/03\/IMG_7360-e1599590166822.jpg\" data-srcset=\"https:\/\/www.escolatrac.com\/wp-content\/uploads\/2019\/03\/IMG_7360-e1599590166822.jpg 1500w, https:\/\/www.escolatrac.com\/wp-content\/uploads\/2019\/03\/IMG_7360-e1599590166822-300x300.jpg 300w, https:\/\/www.escolatrac.com\/wp-content\/uploads\/2019\/03\/IMG_7360-e1599590166822-100x100.jpg 100w, https:\/\/www.escolatrac.com\/wp-content\/uploads\/2019\/03\/IMG_7360-e1599590166822-600x600.jpg 600w\" \/>\n                                            <\/a>\n                <\/div>\n                            <div>\n                    <a href=\"https:\/\/www.escolatrac.com\/wp-content\/uploads\/2019\/03\/IMG_7156-e1599590193415.jpg\" class=\"uk-position-relative\">\n                        <img decoding=\"async\" width=\"768\" height=\"432\" src=\"https:\/\/www.escolatrac.com\/wp-content\/uploads\/2019\/03\/IMG_7156-300x168.jpg\" class=\"attachment-medium_large size-medium_large lazyload\" alt=\"escola art sarria\" srcset=\"\" sizes=\"(max-width: 768px) 100vw, 768px\" data-size=\"auto\" data-src=\"https:\/\/www.escolatrac.com\/wp-content\/uploads\/2019\/03\/IMG_7156-768x432.jpg\" data-srcset=\"https:\/\/www.escolatrac.com\/wp-content\/uploads\/2019\/03\/IMG_7156-768x432.jpg 768w, https:\/\/www.escolatrac.com\/wp-content\/uploads\/2019\/03\/IMG_7156-300x168.jpg 300w, https:\/\/www.escolatrac.com\/wp-content\/uploads\/2019\/03\/IMG_7156-1024x576.jpg 1024w, https:\/\/www.escolatrac.com\/wp-content\/uploads\/2019\/03\/IMG_7156-453x255.jpg 453w\" \/>\n                                            <\/a>\n                <\/div>\n                            <div>\n                    <a href=\"https:\/\/www.escolatrac.com\/wp-content\/uploads\/2019\/03\/IMG_6916-e1599590231530.jpg\" class=\"uk-position-relative\">\n                        <img decoding=\"async\" width=\"768\" height=\"432\" src=\"https:\/\/www.escolatrac.com\/wp-content\/uploads\/2019\/03\/IMG_6916-300x168.jpg\" class=\"attachment-medium_large size-medium_large lazyload\" alt=\"escuela arte barcelona\" srcset=\"\" sizes=\"(max-width: 768px) 100vw, 768px\" data-size=\"auto\" data-src=\"https:\/\/www.escolatrac.com\/wp-content\/uploads\/2019\/03\/IMG_6916-768x432.jpg\" data-srcset=\"https:\/\/www.escolatrac.com\/wp-content\/uploads\/2019\/03\/IMG_6916-768x432.jpg 768w, https:\/\/www.escolatrac.com\/wp-content\/uploads\/2019\/03\/IMG_6916-300x168.jpg 300w, https:\/\/www.escolatrac.com\/wp-content\/uploads\/2019\/03\/IMG_6916-1024x576.jpg 1024w, https:\/\/www.escolatrac.com\/wp-content\/uploads\/2019\/03\/IMG_6916-453x255.jpg 453w\" \/>\n                                            <\/a>\n                <\/div>\n                            <div>\n                    <a href=\"https:\/\/www.escolatrac.com\/wp-content\/uploads\/2019\/03\/IMG_7362-e1599590480171.jpg\" class=\"uk-position-relative\">\n                        <img decoding=\"async\" width=\"484\" height=\"432\" src=\"https:\/\/www.escolatrac.com\/wp-content\/uploads\/2019\/03\/IMG_7362-e1599590480171.jpg\" class=\"attachment-medium_large size-medium_large lazyload\" alt=\"escuela de arte barcelona\" srcset=\"\" sizes=\"(max-width: 484px) 100vw, 484px\" data-size=\"auto\" data-src=\"https:\/\/www.escolatrac.com\/wp-content\/uploads\/2019\/03\/IMG_7362-e1599590480171.jpg\" data-srcset=\"https:\/\/www.escolatrac.com\/wp-content\/uploads\/2019\/03\/IMG_7362-e1599590480171.jpg 1500w, https:\/\/www.escolatrac.com\/wp-content\/uploads\/2019\/03\/IMG_7362-e1599590480171-600x536.jpg 600w\" \/>\n                                            <\/a>\n                <\/div>\n                            <div>\n                    <a href=\"https:\/\/www.escolatrac.com\/wp-content\/uploads\/2019\/03\/20190115_174725.jpg\" class=\"uk-position-relative\">\n                        <img decoding=\"async\" width=\"768\" height=\"373\" src=\"https:\/\/www.escolatrac.com\/wp-content\/uploads\/2019\/03\/20190115_174725.jpg\" class=\"attachment-medium_large size-medium_large lazyload\" alt=\"\" data-size=\"auto\" data-src=\"https:\/\/www.escolatrac.com\/wp-content\/uploads\/2019\/03\/20190115_174725.jpg\" \/>\n                                            <\/a>\n                <\/div>\n                            <div>\n                    <a href=\"https:\/\/www.escolatrac.com\/wp-content\/uploads\/2019\/03\/CLASES-NI\u00d1OS-MANUALIDADES-BARCELONA-1.jpg\" class=\"uk-position-relative\">\n                        <img decoding=\"async\" width=\"648\" height=\"432\" src=\"https:\/\/www.escolatrac.com\/wp-content\/uploads\/2019\/03\/CLASES-NI\u00d1OS-MANUALIDADES-BARCELONA-1.jpg\" class=\"attachment-medium_large size-medium_large lazyload\" alt=\"\" data-size=\"auto\" data-src=\"https:\/\/www.escolatrac.com\/wp-content\/uploads\/2019\/03\/CLASES-NI\u00d1OS-MANUALIDADES-BARCELONA-1.jpg\" \/>\n                                            <\/a>\n                <\/div>\n                            <div>\n                    <a href=\"https:\/\/www.escolatrac.com\/wp-content\/uploads\/2019\/03\/CLASSES-MANUALITATS-NENS-BARCELONA.jpg\" class=\"uk-position-relative\">\n                        <img decoding=\"async\" width=\"648\" height=\"432\" src=\"https:\/\/www.escolatrac.com\/wp-content\/uploads\/2019\/03\/CLASSES-MANUALITATS-NENS-BARCELONA.jpg\" class=\"attachment-medium_large size-medium_large lazyload\" alt=\"\" data-size=\"auto\" data-src=\"https:\/\/www.escolatrac.com\/wp-content\/uploads\/2019\/03\/CLASSES-MANUALITATS-NENS-BARCELONA.jpg\" \/>\n                                            <\/a>\n                <\/div>\n                            <div>\n                    <a href=\"https:\/\/www.escolatrac.com\/wp-content\/uploads\/2019\/03\/CURS-MANUALITATS-NENS-BARCELONA.jpg\" class=\"uk-position-relative\">\n                        <img decoding=\"async\" width=\"648\" height=\"432\" src=\"https:\/\/www.escolatrac.com\/wp-content\/uploads\/2019\/03\/CURS-MANUALITATS-NENS-BARCELONA.jpg\" class=\"attachment-medium_large size-medium_large lazyload\" alt=\"\" data-size=\"auto\" data-src=\"https:\/\/www.escolatrac.com\/wp-content\/uploads\/2019\/03\/CURS-MANUALITATS-NENS-BARCELONA.jpg\" \/>\n                                            <\/a>\n                <\/div>\n                            <div>\n                    <a href=\"https:\/\/www.escolatrac.com\/wp-content\/uploads\/2019\/03\/CURSO-NI\u00d1OS-MANUALIDADES-BARCELONA.jpg\" class=\"uk-position-relative\">\n                        <img decoding=\"async\" width=\"648\" height=\"432\" src=\"https:\/\/www.escolatrac.com\/wp-content\/uploads\/2019\/03\/CURSO-NI\u00d1OS-MANUALIDADES-BARCELONA.jpg\" class=\"attachment-medium_large size-medium_large lazyload\" alt=\"\" data-size=\"auto\" data-src=\"https:\/\/www.escolatrac.com\/wp-content\/uploads\/2019\/03\/CURSO-NI\u00d1OS-MANUALIDADES-BARCELONA.jpg\" \/>\n                                            <\/a>\n                <\/div>\n                            <div>\n                    <a href=\"https:\/\/www.escolatrac.com\/wp-content\/uploads\/2019\/03\/TALLER-NENS-MANUALITATS-BARCELONA-1.jpg\" class=\"uk-position-relative\">\n                        <img decoding=\"async\" width=\"648\" height=\"432\" src=\"https:\/\/www.escolatrac.com\/wp-content\/uploads\/2019\/03\/TALLER-NENS-MANUALITATS-BARCELONA-1.jpg\" class=\"attachment-medium_large size-medium_large lazyload\" alt=\"\" data-size=\"auto\" data-src=\"https:\/\/www.escolatrac.com\/wp-content\/uploads\/2019\/03\/TALLER-NENS-MANUALITATS-BARCELONA-1.jpg\" \/>\n                                            <\/a>\n                <\/div>\n                            <div>\n                    <a href=\"https:\/\/www.escolatrac.com\/wp-content\/uploads\/2019\/03\/TALLER-NI\u00d1OS-MANUALIDADES-BARCELONA-1.jpg\" class=\"uk-position-relative\">\n                        <img decoding=\"async\" width=\"648\" height=\"432\" src=\"https:\/\/www.escolatrac.com\/wp-content\/uploads\/2019\/03\/TALLER-NI\u00d1OS-MANUALIDADES-BARCELONA-1.jpg\" class=\"attachment-medium_large size-medium_large lazyload\" alt=\"\" data-size=\"auto\" data-src=\"https:\/\/www.escolatrac.com\/wp-content\/uploads\/2019\/03\/TALLER-NI\u00d1OS-MANUALIDADES-BARCELONA-1.jpg\" \/>\n                                            <\/a>\n                <\/div>\n                            <div>\n                    <a href=\"https:\/\/www.escolatrac.com\/wp-content\/uploads\/2019\/03\/TOTORO.jpg\" class=\"uk-position-relative\">\n                        <img decoding=\"async\" width=\"760\" height=\"432\" src=\"https:\/\/www.escolatrac.com\/wp-content\/uploads\/2019\/03\/TOTORO.jpg\" class=\"attachment-medium_large size-medium_large lazyload\" alt=\"\" data-size=\"auto\" data-src=\"https:\/\/www.escolatrac.com\/wp-content\/uploads\/2019\/03\/TOTORO.jpg\" \/>\n                                            <\/a>\n                <\/div>\n                            <div>\n                    <a href=\"\" class=\"uk-position-relative\">\n                        \n                                            <\/a>\n                <\/div>\n                            <div>\n                    <a href=\"\" class=\"uk-position-relative\">\n                        \n                                            <\/a>\n                <\/div>\n                            <div>\n                    <a href=\"\" class=\"uk-position-relative\">\n                        \n                                            <\/a>\n                <\/div>\n                            <div>\n                    <a href=\"\" class=\"uk-position-relative\">\n                        \n                                            <\/a>\n                <\/div>\n                            <div>\n                    <a href=\"\" class=\"uk-position-relative\">\n                        \n                                            <\/a>\n                <\/div>\n                            <div>\n                    <a href=\"\" class=\"uk-position-relative\">\n                        \n                                            <\/a>\n                <\/div>\n                            <div>\n                    <a href=\"\" class=\"uk-position-relative\">\n                        \n                                            <\/a>\n                <\/div>\n                            <div>\n                    <a href=\"\" class=\"uk-position-relative\">\n                        \n                                            <\/a>\n                <\/div>\n                            <div>\n                    <a href=\"\" class=\"uk-position-relative\">\n                        \n                                            <\/a>\n                <\/div>\n                    <\/div>\n\n                <\/div>\n    <\/section>\n\n\n\n<p><\/p>\n","protected":false},"featured_media":3451,"template":"","infant_types":[25],"class_list":["post-3650","curso_infant","type-curso_infant","status-publish","has-post-thumbnail","hentry","infant_types-cursos-regulares"],"acf":[],"yoast_head":"<!-- This site is optimized with the Yoast SEO plugin v27.3 - https:\/\/yoast.com\/product\/yoast-seo-wordpress\/ -->\n<title>Creaci\u00f3n pl\u00e1stica (mayores) - Escola Tra\u00e7<\/title>\n<meta name=\"robots\" content=\"index, follow, max-snippet:-1, max-image-preview:large, max-video-preview:-1\" \/>\n<link rel=\"canonical\" href=\"https:\/\/www.escolatrac.com\/es\/curs-infant\/creacion-plastica-mayores\/\" \/>\n<meta property=\"og:locale\" content=\"es_ES\" \/>\n<meta property=\"og:type\" content=\"article\" \/>\n<meta property=\"og:title\" content=\"Creaci\u00f3n pl\u00e1stica (mayores) - Escola Tra\u00e7\" \/>\n<meta property=\"og:description\" content=\"Este taller se dirige a ni\u00f1os y j\u00f3venes a partir de 5\u00ba de Primaria.En este curso los ni\u00f1os y j\u00f3venes pueden desarrollar y potenciar su creatividad a partir de gran diversidad de t\u00e9cnicas y materiales. Reforzaremos el aprendizaje y la consolidaci\u00f3n del conocimiento de las distintas t\u00e9cnicas y materiales, siempre al servicio de un proyecto &hellip; Continued\" \/>\n<meta property=\"og:url\" content=\"https:\/\/www.escolatrac.com\/es\/curs-infant\/creacion-plastica-mayores\/\" \/>\n<meta property=\"og:site_name\" content=\"Escola Tra\u00e7\" \/>\n<meta property=\"article:modified_time\" content=\"2025-05-27T16:24:40+00:00\" \/>\n<meta property=\"og:image\" content=\"https:\/\/www.escolatrac.com\/wp-content\/uploads\/2019\/03\/PL\u00c0STICA_GRANS.jpg\" \/>\n\t<meta property=\"og:image:width\" content=\"2509\" \/>\n\t<meta property=\"og:image:height\" content=\"694\" \/>\n\t<meta property=\"og:image:type\" content=\"image\/jpeg\" \/>\n<meta name=\"twitter:card\" content=\"summary_large_image\" \/>\n<meta name=\"twitter:label1\" content=\"Tiempo de lectura\" \/>\n\t<meta name=\"twitter:data1\" content=\"1 minuto\" \/>\n<script type=\"application\/ld+json\" class=\"yoast-schema-graph\">{\"@context\":\"https:\\\/\\\/schema.org\",\"@graph\":[{\"@type\":\"WebPage\",\"@id\":\"https:\\\/\\\/www.escolatrac.com\\\/es\\\/curs-infant\\\/creacion-plastica-mayores\\\/\",\"url\":\"https:\\\/\\\/www.escolatrac.com\\\/es\\\/curs-infant\\\/creacion-plastica-mayores\\\/\",\"name\":\"Creaci\u00f3n pl\u00e1stica (mayores) - Escola Tra\u00e7\",\"isPartOf\":{\"@id\":\"https:\\\/\\\/www.escolatrac.com\\\/#website\"},\"primaryImageOfPage\":{\"@id\":\"https:\\\/\\\/www.escolatrac.com\\\/es\\\/curs-infant\\\/creacion-plastica-mayores\\\/#primaryimage\"},\"image\":{\"@id\":\"https:\\\/\\\/www.escolatrac.com\\\/es\\\/curs-infant\\\/creacion-plastica-mayores\\\/#primaryimage\"},\"thumbnailUrl\":\"https:\\\/\\\/www.escolatrac.com\\\/wp-content\\\/uploads\\\/2019\\\/03\\\/PL\u00c0STICA_GRANS.jpg\",\"datePublished\":\"2019-03-25T08:07:03+00:00\",\"dateModified\":\"2025-05-27T16:24:40+00:00\",\"breadcrumb\":{\"@id\":\"https:\\\/\\\/www.escolatrac.com\\\/es\\\/curs-infant\\\/creacion-plastica-mayores\\\/#breadcrumb\"},\"inLanguage\":\"es\",\"potentialAction\":[{\"@type\":\"ReadAction\",\"target\":[\"https:\\\/\\\/www.escolatrac.com\\\/es\\\/curs-infant\\\/creacion-plastica-mayores\\\/\"]}]},{\"@type\":\"ImageObject\",\"inLanguage\":\"es\",\"@id\":\"https:\\\/\\\/www.escolatrac.com\\\/es\\\/curs-infant\\\/creacion-plastica-mayores\\\/#primaryimage\",\"url\":\"https:\\\/\\\/www.escolatrac.com\\\/wp-content\\\/uploads\\\/2019\\\/03\\\/PL\u00c0STICA_GRANS.jpg\",\"contentUrl\":\"https:\\\/\\\/www.escolatrac.com\\\/wp-content\\\/uploads\\\/2019\\\/03\\\/PL\u00c0STICA_GRANS.jpg\",\"width\":2509,\"height\":694},{\"@type\":\"BreadcrumbList\",\"@id\":\"https:\\\/\\\/www.escolatrac.com\\\/es\\\/curs-infant\\\/creacion-plastica-mayores\\\/#breadcrumb\",\"itemListElement\":[{\"@type\":\"ListItem\",\"position\":1,\"name\":\"Inici\",\"item\":\"https:\\\/\\\/www.escolatrac.com\\\/es\\\/\"},{\"@type\":\"ListItem\",\"position\":2,\"name\":\"Cursos regulars\",\"item\":\"https:\\\/\\\/www.escolatrac.com\\\/cursos-per-infants\\\/cursos-regulars-infants\\\/\"},{\"@type\":\"ListItem\",\"position\":3,\"name\":\"Creaci\u00f3n pl\u00e1stica (mayores)\"}]},{\"@type\":\"WebSite\",\"@id\":\"https:\\\/\\\/www.escolatrac.com\\\/#website\",\"url\":\"https:\\\/\\\/www.escolatrac.com\\\/\",\"name\":\"Escola Tra\u00e7\",\"description\":\"\",\"potentialAction\":[{\"@type\":\"SearchAction\",\"target\":{\"@type\":\"EntryPoint\",\"urlTemplate\":\"https:\\\/\\\/www.escolatrac.com\\\/?s={search_term_string}\"},\"query-input\":{\"@type\":\"PropertyValueSpecification\",\"valueRequired\":true,\"valueName\":\"search_term_string\"}}],\"inLanguage\":\"es\"}]}<\/script>\n<!-- \/ Yoast SEO plugin. -->","yoast_head_json":{"title":"Creaci\u00f3n pl\u00e1stica (mayores) - Escola Tra\u00e7","robots":{"index":"index","follow":"follow","max-snippet":"max-snippet:-1","max-image-preview":"max-image-preview:large","max-video-preview":"max-video-preview:-1"},"canonical":"https:\/\/www.escolatrac.com\/es\/curs-infant\/creacion-plastica-mayores\/","og_locale":"es_ES","og_type":"article","og_title":"Creaci\u00f3n pl\u00e1stica (mayores) - Escola Tra\u00e7","og_description":"Este taller se dirige a ni\u00f1os y j\u00f3venes a partir de 5\u00ba de Primaria.En este curso los ni\u00f1os y j\u00f3venes pueden desarrollar y potenciar su creatividad a partir de gran diversidad de t\u00e9cnicas y materiales. Reforzaremos el aprendizaje y la consolidaci\u00f3n del conocimiento de las distintas t\u00e9cnicas y materiales, siempre al servicio de un proyecto &hellip; Continued","og_url":"https:\/\/www.escolatrac.com\/es\/curs-infant\/creacion-plastica-mayores\/","og_site_name":"Escola Tra\u00e7","article_modified_time":"2025-05-27T16:24:40+00:00","og_image":[{"width":2509,"height":694,"url":"https:\/\/www.escolatrac.com\/wp-content\/uploads\/2019\/03\/PL\u00c0STICA_GRANS.jpg","type":"image\/jpeg"}],"twitter_card":"summary_large_image","twitter_misc":{"Tiempo de lectura":"1 minuto"},"schema":{"@context":"https:\/\/schema.org","@graph":[{"@type":"WebPage","@id":"https:\/\/www.escolatrac.com\/es\/curs-infant\/creacion-plastica-mayores\/","url":"https:\/\/www.escolatrac.com\/es\/curs-infant\/creacion-plastica-mayores\/","name":"Creaci\u00f3n pl\u00e1stica (mayores) - Escola Tra\u00e7","isPartOf":{"@id":"https:\/\/www.escolatrac.com\/#website"},"primaryImageOfPage":{"@id":"https:\/\/www.escolatrac.com\/es\/curs-infant\/creacion-plastica-mayores\/#primaryimage"},"image":{"@id":"https:\/\/www.escolatrac.com\/es\/curs-infant\/creacion-plastica-mayores\/#primaryimage"},"thumbnailUrl":"https:\/\/www.escolatrac.com\/wp-content\/uploads\/2019\/03\/PL\u00c0STICA_GRANS.jpg","datePublished":"2019-03-25T08:07:03+00:00","dateModified":"2025-05-27T16:24:40+00:00","breadcrumb":{"@id":"https:\/\/www.escolatrac.com\/es\/curs-infant\/creacion-plastica-mayores\/#breadcrumb"},"inLanguage":"es","potentialAction":[{"@type":"ReadAction","target":["https:\/\/www.escolatrac.com\/es\/curs-infant\/creacion-plastica-mayores\/"]}]},{"@type":"ImageObject","inLanguage":"es","@id":"https:\/\/www.escolatrac.com\/es\/curs-infant\/creacion-plastica-mayores\/#primaryimage","url":"https:\/\/www.escolatrac.com\/wp-content\/uploads\/2019\/03\/PL\u00c0STICA_GRANS.jpg","contentUrl":"https:\/\/www.escolatrac.com\/wp-content\/uploads\/2019\/03\/PL\u00c0STICA_GRANS.jpg","width":2509,"height":694},{"@type":"BreadcrumbList","@id":"https:\/\/www.escolatrac.com\/es\/curs-infant\/creacion-plastica-mayores\/#breadcrumb","itemListElement":[{"@type":"ListItem","position":1,"name":"Inici","item":"https:\/\/www.escolatrac.com\/es\/"},{"@type":"ListItem","position":2,"name":"Cursos regulars","item":"https:\/\/www.escolatrac.com\/cursos-per-infants\/cursos-regulars-infants\/"},{"@type":"ListItem","position":3,"name":"Creaci\u00f3n pl\u00e1stica (mayores)"}]},{"@type":"WebSite","@id":"https:\/\/www.escolatrac.com\/#website","url":"https:\/\/www.escolatrac.com\/","name":"Escola Tra\u00e7","description":"","potentialAction":[{"@type":"SearchAction","target":{"@type":"EntryPoint","urlTemplate":"https:\/\/www.escolatrac.com\/?s={search_term_string}"},"query-input":{"@type":"PropertyValueSpecification","valueRequired":true,"valueName":"search_term_string"}}],"inLanguage":"es"}]}},"_links":{"self":[{"href":"https:\/\/www.escolatrac.com\/es\/wp-json\/wp\/v2\/curso_infant\/3650","targetHints":{"allow":["GET"]}}],"collection":[{"href":"https:\/\/www.escolatrac.com\/es\/wp-json\/wp\/v2\/curso_infant"}],"about":[{"href":"https:\/\/www.escolatrac.com\/es\/wp-json\/wp\/v2\/types\/curso_infant"}],"version-history":[{"count":10,"href":"https:\/\/www.escolatrac.com\/es\/wp-json\/wp\/v2\/curso_infant\/3650\/revisions"}],"predecessor-version":[{"id":20712,"href":"https:\/\/www.escolatrac.com\/es\/wp-json\/wp\/v2\/curso_infant\/3650\/revisions\/20712"}],"wp:featuredmedia":[{"embeddable":true,"href":"https:\/\/www.escolatrac.com\/es\/wp-json\/wp\/v2\/media\/3451"}],"wp:attachment":[{"href":"https:\/\/www.escolatrac.com\/es\/wp-json\/wp\/v2\/media?parent=3650"}],"wp:term":[{"taxonomy":"infant_types","embeddable":true,"href":"https:\/\/www.escolatrac.com\/es\/wp-json\/wp\/v2\/infant_types?post=3650"}],"curies":[{"name":"wp","href":"https:\/\/api.w.org\/{rel}","templated":true}]}}