{"id":3605,"date":"2019-04-01T10:08:02","date_gmt":"2019-04-01T10:08:02","guid":{"rendered":"http:\/\/www.escolatrac.com\/curso-infant\/talleres-expres\/"},"modified":"2025-09-26T10:55:35","modified_gmt":"2025-09-26T08:55:35","slug":"talleres-expres","status":"publish","type":"curso_infant","link":"https:\/\/www.escolatrac.com\/es\/curs-infant\/talleres-expres\/","title":{"rendered":"Talleres expr\u00e9s curso 2025\/26"},"content":{"rendered":"\n<div class=\"wp-block-columns has-2-columns is-layout-flex wp-container-core-columns-is-layout-9d6595d7 wp-block-columns-is-layout-flex\">\n<div class=\"wp-block-column is-layout-flow wp-block-column-is-layout-flow\">\n<p>Durante las distintas fiestas de libre disposici\u00f3n, Tra\u00e7 ofrece talleres de pl\u00e1stica para ni\u00f1os a partir de los 5 a\u00f1os<\/p>\n\n\n\n<p>D\u00cdAS:<\/p>\n\n\n\n<p>Viernes 10 de octubre 2025<\/p>\n\n\n\n<p>Lunes 3 de noviembre 2025<\/p>\n\n\n\n<p>Lunes 16 de febrero 2026<\/p>\n\n\n\n<p>Viernes 22 de mayo 2026<\/p>\n\n\n\n<p><br><br><\/p>\n<\/div>\n\n\n\n<div class=\"wp-block-column is-layout-flow wp-block-column-is-layout-flow\">\n<p><strong>Horario<\/strong> 9.00 h &#8211; 13.00 h <br><strong>Precio<\/strong> 40 \u20ac (la sesi\u00f3n de 4 horas) <br><em>Material incluido <\/em><span style=\"font-family: Arial, serif;\"><span style=\"font-size: medium;\"><span lang=\"es-ES\">Las inscripciones pueden realizarse en la secretar\u00eda, o tambi\u00e9n llamando al centro o enviando un e-mail.<\/span><\/span><\/span><\/p>\n\n\n  <div id=\"sharer\" data-url=\"https:\/\/www.escolatrac.com\/es\/curs-infant\/talleres-expres\/\"><\/div>\n<\/div>\n<\/div>\n\n\n      <section id=\"gallery-images-block_28b18db2568753c695ca0e4d616d9043\" class=\"uk-margin-large-bottom\">\n      <div class=\"uk-container\">\n        <h3 class=\"uk-h4 uk-text-uppercase\"><\/h3>\n\n        <div class=\"uk-grid-collapse uk-child-width-1-3@s\" uk-lightbox uk-grid=\"margin: uk-margin-top\">\n                            <div>\n                    <a href=\"https:\/\/www.escolatrac.com\/wp-content\/uploads\/2019\/03\/manualidades-ni\u00f3s-barcelona-1-scaled.jpg\" class=\"uk-position-relative\">\n                        <img decoding=\"async\" width=\"324\" height=\"432\" src=\"https:\/\/www.escolatrac.com\/wp-content\/uploads\/2019\/03\/manualidades-ni\u00f3s-barcelona-1-scaled.jpg\" class=\"attachment-medium_large size-medium_large lazyload\" alt=\"escuela arte barcelona\" srcset=\"\" sizes=\"(max-width: 324px) 100vw, 324px\" data-size=\"auto\" data-src=\"https:\/\/www.escolatrac.com\/wp-content\/uploads\/2019\/03\/manualidades-ni\u00f3s-barcelona-1-scaled.jpg\" data-srcset=\"https:\/\/www.escolatrac.com\/wp-content\/uploads\/2019\/03\/manualidades-ni\u00f3s-barcelona-1-scaled.jpg 1920w, https:\/\/www.escolatrac.com\/wp-content\/uploads\/2019\/03\/manualidades-ni\u00f3s-barcelona-1-scaled-600x800.jpg 600w\" \/>\n                                            <\/a>\n                <\/div>\n                            <div>\n                    <a href=\"https:\/\/www.escolatrac.com\/wp-content\/uploads\/2019\/03\/Foto-de-Rosa-Martino-6.jpg\" class=\"uk-position-relative\">\n                        <img decoding=\"async\" width=\"324\" height=\"432\" src=\"https:\/\/www.escolatrac.com\/wp-content\/uploads\/2019\/03\/Foto-de-Rosa-Martino-6.jpg\" class=\"attachment-medium_large size-medium_large lazyload\" alt=\"escola d&#039;art infants barcelona\" srcset=\"\" sizes=\"(max-width: 324px) 100vw, 324px\" data-size=\"auto\" data-src=\"https:\/\/www.escolatrac.com\/wp-content\/uploads\/2019\/03\/Foto-de-Rosa-Martino-6.jpg\" data-srcset=\"https:\/\/www.escolatrac.com\/wp-content\/uploads\/2019\/03\/Foto-de-Rosa-Martino-6.jpg 1200w, https:\/\/www.escolatrac.com\/wp-content\/uploads\/2019\/03\/Foto-de-Rosa-Martino-6-600x800.jpg 600w\" \/>\n                                            <\/a>\n                <\/div>\n                            <div>\n                    <a href=\"https:\/\/www.escolatrac.com\/wp-content\/uploads\/2019\/03\/Foto-de-Rosa-Martino-4.jpg\" class=\"uk-position-relative\">\n                        <img decoding=\"async\" width=\"576\" height=\"432\" src=\"https:\/\/www.escolatrac.com\/wp-content\/uploads\/2019\/03\/Foto-de-Rosa-Martino-4.jpg\" class=\"attachment-medium_large size-medium_large lazyload\" alt=\"\" srcset=\"\" sizes=\"(max-width: 576px) 100vw, 576px\" data-size=\"auto\" data-src=\"https:\/\/www.escolatrac.com\/wp-content\/uploads\/2019\/03\/Foto-de-Rosa-Martino-4.jpg\" data-srcset=\"https:\/\/www.escolatrac.com\/wp-content\/uploads\/2019\/03\/Foto-de-Rosa-Martino-4.jpg 1600w, https:\/\/www.escolatrac.com\/wp-content\/uploads\/2019\/03\/Foto-de-Rosa-Martino-4-600x450.jpg 600w\" \/>\n                                            <\/a>\n                <\/div>\n                            <div>\n                    <a href=\"https:\/\/www.escolatrac.com\/wp-content\/uploads\/2019\/03\/Foto-de-Rosa-Martino-5.jpg\" class=\"uk-position-relative\">\n                        <img decoding=\"async\" width=\"630\" height=\"432\" src=\"https:\/\/www.escolatrac.com\/wp-content\/uploads\/2019\/03\/Foto-de-Rosa-Martino-5.jpg\" class=\"attachment-medium_large size-medium_large lazyload\" alt=\"art school barcelona\" srcset=\"\" sizes=\"(max-width: 630px) 100vw, 630px\" data-size=\"auto\" data-src=\"https:\/\/www.escolatrac.com\/wp-content\/uploads\/2019\/03\/Foto-de-Rosa-Martino-5.jpg\" data-srcset=\"https:\/\/www.escolatrac.com\/wp-content\/uploads\/2019\/03\/Foto-de-Rosa-Martino-5.jpg 1599w, https:\/\/www.escolatrac.com\/wp-content\/uploads\/2019\/03\/Foto-de-Rosa-Martino-5-600x412.jpg 600w\" \/>\n                                            <\/a>\n                <\/div>\n                            <div>\n                    <a href=\"https:\/\/www.escolatrac.com\/wp-content\/uploads\/2019\/03\/escuela-arte-ni\u00f1os-barcelona-1-scaled.jpg\" class=\"uk-position-relative\">\n                        <img decoding=\"async\" width=\"576\" height=\"432\" src=\"https:\/\/www.escolatrac.com\/wp-content\/uploads\/2019\/03\/escuela-arte-ni\u00f1os-barcelona-1-scaled.jpg\" class=\"attachment-medium_large size-medium_large lazyload\" alt=\"drawing school barcelona\" srcset=\"\" sizes=\"(max-width: 576px) 100vw, 576px\" data-size=\"auto\" data-src=\"https:\/\/www.escolatrac.com\/wp-content\/uploads\/2019\/03\/escuela-arte-ni\u00f1os-barcelona-1-scaled.jpg\" data-srcset=\"https:\/\/www.escolatrac.com\/wp-content\/uploads\/2019\/03\/escuela-arte-ni\u00f1os-barcelona-1-scaled.jpg 2560w, https:\/\/www.escolatrac.com\/wp-content\/uploads\/2019\/03\/escuela-arte-ni\u00f1os-barcelona-1-scaled-600x450.jpg 600w\" \/>\n                                            <\/a>\n                <\/div>\n                            <div>\n                    <a href=\"https:\/\/www.escolatrac.com\/wp-content\/uploads\/2019\/03\/Foto-de-Rosa-Martino.jpg\" class=\"uk-position-relative\">\n                        <img decoding=\"async\" width=\"576\" height=\"432\" src=\"https:\/\/www.escolatrac.com\/wp-content\/uploads\/2019\/03\/Foto-de-Rosa-Martino.jpg\" class=\"attachment-medium_large size-medium_large lazyload\" alt=\"escola d&#039;art sarria\" srcset=\"\" sizes=\"(max-width: 576px) 100vw, 576px\" data-size=\"auto\" data-src=\"https:\/\/www.escolatrac.com\/wp-content\/uploads\/2019\/03\/Foto-de-Rosa-Martino.jpg\" data-srcset=\"https:\/\/www.escolatrac.com\/wp-content\/uploads\/2019\/03\/Foto-de-Rosa-Martino.jpg 1600w, https:\/\/www.escolatrac.com\/wp-content\/uploads\/2019\/03\/Foto-de-Rosa-Martino-600x450.jpg 600w\" \/>\n                                            <\/a>\n                <\/div>\n                            <div>\n                    <a href=\"https:\/\/www.escolatrac.com\/wp-content\/uploads\/2019\/03\/Foto-de-Rosa-Martino-3.jpg\" class=\"uk-position-relative\">\n                        <img decoding=\"async\" width=\"768\" height=\"409\" src=\"https:\/\/www.escolatrac.com\/wp-content\/uploads\/2019\/03\/Foto-de-Rosa-Martino-3.jpg\" class=\"attachment-medium_large size-medium_large lazyload\" alt=\"escola d&#039;art barcelona\" srcset=\"\" sizes=\"(max-width: 768px) 100vw, 768px\" data-size=\"auto\" data-src=\"https:\/\/www.escolatrac.com\/wp-content\/uploads\/2019\/03\/Foto-de-Rosa-Martino-3.jpg\" data-srcset=\"https:\/\/www.escolatrac.com\/wp-content\/uploads\/2019\/03\/Foto-de-Rosa-Martino-3.jpg 1600w, https:\/\/www.escolatrac.com\/wp-content\/uploads\/2019\/03\/Foto-de-Rosa-Martino-3-600x320.jpg 600w\" \/>\n                                            <\/a>\n                <\/div>\n                            <div>\n                    <a href=\"https:\/\/www.escolatrac.com\/wp-content\/uploads\/2019\/03\/Foto-de-Rosa-Martino-2.jpg\" class=\"uk-position-relative\">\n                        <img decoding=\"async\" width=\"324\" height=\"432\" src=\"https:\/\/www.escolatrac.com\/wp-content\/uploads\/2019\/03\/Foto-de-Rosa-Martino-2.jpg\" class=\"attachment-medium_large size-medium_large lazyload\" alt=\"art children barcelona\" srcset=\"\" sizes=\"(max-width: 324px) 100vw, 324px\" data-size=\"auto\" data-src=\"https:\/\/www.escolatrac.com\/wp-content\/uploads\/2019\/03\/Foto-de-Rosa-Martino-2.jpg\" data-srcset=\"https:\/\/www.escolatrac.com\/wp-content\/uploads\/2019\/03\/Foto-de-Rosa-Martino-2.jpg 1200w, https:\/\/www.escolatrac.com\/wp-content\/uploads\/2019\/03\/Foto-de-Rosa-Martino-2-600x800.jpg 600w\" \/>\n                                            <\/a>\n                <\/div>\n                            <div>\n                    <a href=\"https:\/\/www.escolatrac.com\/wp-content\/uploads\/2019\/03\/Foto-de-Rosa-Martino-1.jpg\" class=\"uk-position-relative\">\n                        <img decoding=\"async\" width=\"324\" height=\"432\" src=\"https:\/\/www.escolatrac.com\/wp-content\/uploads\/2019\/03\/Foto-de-Rosa-Martino-1.jpg\" class=\"attachment-medium_large size-medium_large lazyload\" alt=\"Escuela de arte barcelona\" srcset=\"\" sizes=\"(max-width: 324px) 100vw, 324px\" data-size=\"auto\" data-src=\"https:\/\/www.escolatrac.com\/wp-content\/uploads\/2019\/03\/Foto-de-Rosa-Martino-1.jpg\" data-srcset=\"https:\/\/www.escolatrac.com\/wp-content\/uploads\/2019\/03\/Foto-de-Rosa-Martino-1.jpg 1200w, https:\/\/www.escolatrac.com\/wp-content\/uploads\/2019\/03\/Foto-de-Rosa-Martino-1-600x800.jpg 600w\" \/>\n                                            <\/a>\n                <\/div>\n                    <\/div>\n\n                <\/div>\n    <\/section>\n\n\n\n\n\n<section id=\"gallery-videos-block_d613c0939ec9d2b4fea4277874d93911\" class=\"uk-margin-large-bottom c-gallery-videos\">\n    <div class=\"uk-container\">\n        <h3 class=\"uk-h4 uk-text-uppercase\"><\/h3>\n\n        <div class=\"uk-grid-collapse uk-child-width-1-3@s\" uk-lightbox uk-grid>\n                            <div>\n                    <div class=\"uk-position-relative\">\n                        <img decoding=\"async\" width=\"453\" height=\"250\" src=\"https:\/\/www.escolatrac.com\/wp-content\/uploads\/2019\/03\/dibuix-i-pintura-mitjans-3.png\" class=\"uk-width-1-1 lazyload\" alt=\"\" data-size=\"auto\" data-src=\"https:\/\/www.escolatrac.com\/wp-content\/uploads\/2019\/03\/dibuix-i-pintura-mitjans-3.png\" \/>                                                <a href=\"https:\/\/www.escolatrac.com\/wp-content\/uploads\/2019\/03\/DIBUIX_MITJANS_GIF.mp4\" data-alt=\"\" data-poster=\"https:\/\/www.escolatrac.com\/wp-content\/uploads\/2019\/03\/dibuix-i-pintura-mitjans-3.png\" class=\"uk-overlay uk-position-cover uk-flex uk-flex-center uk-flex-middle uk-light\">\n                            <img decoding=\"async\" src=\"https:\/\/www.escolatrac.com\/wp-content\/themes\/escola-trac\/dist\/images\/play_a352011f.svg\" uk-icon width=\"70\" height=\"70\" \/>\n                        <\/a>\n                    <\/div>\n                                    <\/div>\n                    <\/div>\n\n        <div class=\"uk-text-center uk-width-1-1 uk-margin-top\">\n            <a class=\"uk-text-uppercase uk-text-small\" href=\"https:\/\/www.youtube.com\/channel\/UCW14-GzzS1OU7OKYtD1-ynw\" target=\"_blank\">M\u00c1S V\u00cdDEOS<span uk-icon=\"icon:  chevron-right;\"><\/span><\/a>\n        <\/div>\n    <\/div>\n<\/section>\n\n\n      <section id=\"gallery-images-block_db0ec8820f07135e11e180c347403281\" class=\"uk-margin-large-bottom\">\n      <div class=\"uk-container\">\n        <h3 class=\"uk-h4 uk-text-uppercase\"><\/h3>\n\n        <div class=\"uk-grid-collapse uk-child-width-1-3@s\" uk-lightbox uk-grid=\"margin: uk-margin-top\">\n                    <\/div>\n\n                <\/div>\n    <\/section>\n","protected":false},"featured_media":0,"template":"","infant_types":[27],"class_list":["post-3605","curso_infant","type-curso_infant","status-publish","hentry","infant_types-cursos-intensivos"],"acf":[],"yoast_head":"<!-- This site is optimized with the Yoast SEO plugin v27.3 - https:\/\/yoast.com\/product\/yoast-seo-wordpress\/ -->\n<title>Talleres expr\u00e9s curso 2025\/26 - Escola Tra\u00e7<\/title>\n<meta name=\"robots\" content=\"index, follow, max-snippet:-1, max-image-preview:large, max-video-preview:-1\" \/>\n<link rel=\"canonical\" href=\"https:\/\/www.escolatrac.com\/es\/curs-infant\/talleres-expres\/\" \/>\n<meta property=\"og:locale\" content=\"es_ES\" \/>\n<meta property=\"og:type\" content=\"article\" \/>\n<meta property=\"og:title\" content=\"Talleres expr\u00e9s curso 2025\/26 - Escola Tra\u00e7\" \/>\n<meta property=\"og:description\" content=\"Durante las distintas fiestas de libre disposici\u00f3n, Tra\u00e7 ofrece talleres de pl\u00e1stica para ni\u00f1os a partir de los 5 a\u00f1os D\u00cdAS: Viernes 10 de octubre 2025 Lunes 3 de noviembre 2025 Lunes 16 de febrero 2026 Viernes 22 de mayo 2026 Horario 9.00 h &#8211; 13.00 h Precio 40 \u20ac (la sesi\u00f3n de 4 horas) &hellip; Continued\" \/>\n<meta property=\"og:url\" content=\"https:\/\/www.escolatrac.com\/es\/curs-infant\/talleres-expres\/\" \/>\n<meta property=\"og:site_name\" content=\"Escola Tra\u00e7\" \/>\n<meta property=\"article:modified_time\" content=\"2025-09-26T08:55:35+00:00\" \/>\n<meta name=\"twitter:card\" content=\"summary_large_image\" \/>\n<meta name=\"twitter:label1\" content=\"Tiempo de lectura\" \/>\n\t<meta name=\"twitter:data1\" content=\"1 minuto\" \/>\n<script type=\"application\/ld+json\" class=\"yoast-schema-graph\">{\"@context\":\"https:\\\/\\\/schema.org\",\"@graph\":[{\"@type\":\"WebPage\",\"@id\":\"https:\\\/\\\/www.escolatrac.com\\\/es\\\/curs-infant\\\/talleres-expres\\\/\",\"url\":\"https:\\\/\\\/www.escolatrac.com\\\/es\\\/curs-infant\\\/talleres-expres\\\/\",\"name\":\"Talleres expr\u00e9s curso 2025\\\/26 - Escola Tra\u00e7\",\"isPartOf\":{\"@id\":\"https:\\\/\\\/www.escolatrac.com\\\/#website\"},\"datePublished\":\"2019-04-01T10:08:02+00:00\",\"dateModified\":\"2025-09-26T08:55:35+00:00\",\"breadcrumb\":{\"@id\":\"https:\\\/\\\/www.escolatrac.com\\\/es\\\/curs-infant\\\/talleres-expres\\\/#breadcrumb\"},\"inLanguage\":\"es\",\"potentialAction\":[{\"@type\":\"ReadAction\",\"target\":[\"https:\\\/\\\/www.escolatrac.com\\\/es\\\/curs-infant\\\/talleres-expres\\\/\"]}]},{\"@type\":\"BreadcrumbList\",\"@id\":\"https:\\\/\\\/www.escolatrac.com\\\/es\\\/curs-infant\\\/talleres-expres\\\/#breadcrumb\",\"itemListElement\":[{\"@type\":\"ListItem\",\"position\":1,\"name\":\"Inici\",\"item\":\"https:\\\/\\\/www.escolatrac.com\\\/es\\\/\"},{\"@type\":\"ListItem\",\"position\":2,\"name\":\"Cursos intensivos\",\"item\":\"https:\\\/\\\/www.escolatrac.com\\\/es\\\/cursos-para-infantes\\\/cursos-intensivos\\\/\"},{\"@type\":\"ListItem\",\"position\":3,\"name\":\"Talleres expr\u00e9s curso 2025\\\/26\"}]},{\"@type\":\"WebSite\",\"@id\":\"https:\\\/\\\/www.escolatrac.com\\\/#website\",\"url\":\"https:\\\/\\\/www.escolatrac.com\\\/\",\"name\":\"Escola Tra\u00e7\",\"description\":\"\",\"potentialAction\":[{\"@type\":\"SearchAction\",\"target\":{\"@type\":\"EntryPoint\",\"urlTemplate\":\"https:\\\/\\\/www.escolatrac.com\\\/?s={search_term_string}\"},\"query-input\":{\"@type\":\"PropertyValueSpecification\",\"valueRequired\":true,\"valueName\":\"search_term_string\"}}],\"inLanguage\":\"es\"}]}<\/script>\n<!-- \/ Yoast SEO plugin. -->","yoast_head_json":{"title":"Talleres expr\u00e9s curso 2025\/26 - Escola Tra\u00e7","robots":{"index":"index","follow":"follow","max-snippet":"max-snippet:-1","max-image-preview":"max-image-preview:large","max-video-preview":"max-video-preview:-1"},"canonical":"https:\/\/www.escolatrac.com\/es\/curs-infant\/talleres-expres\/","og_locale":"es_ES","og_type":"article","og_title":"Talleres expr\u00e9s curso 2025\/26 - Escola Tra\u00e7","og_description":"Durante las distintas fiestas de libre disposici\u00f3n, Tra\u00e7 ofrece talleres de pl\u00e1stica para ni\u00f1os a partir de los 5 a\u00f1os D\u00cdAS: Viernes 10 de octubre 2025 Lunes 3 de noviembre 2025 Lunes 16 de febrero 2026 Viernes 22 de mayo 2026 Horario 9.00 h &#8211; 13.00 h Precio 40 \u20ac (la sesi\u00f3n de 4 horas) &hellip; Continued","og_url":"https:\/\/www.escolatrac.com\/es\/curs-infant\/talleres-expres\/","og_site_name":"Escola Tra\u00e7","article_modified_time":"2025-09-26T08:55:35+00:00","twitter_card":"summary_large_image","twitter_misc":{"Tiempo de lectura":"1 minuto"},"schema":{"@context":"https:\/\/schema.org","@graph":[{"@type":"WebPage","@id":"https:\/\/www.escolatrac.com\/es\/curs-infant\/talleres-expres\/","url":"https:\/\/www.escolatrac.com\/es\/curs-infant\/talleres-expres\/","name":"Talleres expr\u00e9s curso 2025\/26 - Escola Tra\u00e7","isPartOf":{"@id":"https:\/\/www.escolatrac.com\/#website"},"datePublished":"2019-04-01T10:08:02+00:00","dateModified":"2025-09-26T08:55:35+00:00","breadcrumb":{"@id":"https:\/\/www.escolatrac.com\/es\/curs-infant\/talleres-expres\/#breadcrumb"},"inLanguage":"es","potentialAction":[{"@type":"ReadAction","target":["https:\/\/www.escolatrac.com\/es\/curs-infant\/talleres-expres\/"]}]},{"@type":"BreadcrumbList","@id":"https:\/\/www.escolatrac.com\/es\/curs-infant\/talleres-expres\/#breadcrumb","itemListElement":[{"@type":"ListItem","position":1,"name":"Inici","item":"https:\/\/www.escolatrac.com\/es\/"},{"@type":"ListItem","position":2,"name":"Cursos intensivos","item":"https:\/\/www.escolatrac.com\/es\/cursos-para-infantes\/cursos-intensivos\/"},{"@type":"ListItem","position":3,"name":"Talleres expr\u00e9s curso 2025\/26"}]},{"@type":"WebSite","@id":"https:\/\/www.escolatrac.com\/#website","url":"https:\/\/www.escolatrac.com\/","name":"Escola Tra\u00e7","description":"","potentialAction":[{"@type":"SearchAction","target":{"@type":"EntryPoint","urlTemplate":"https:\/\/www.escolatrac.com\/?s={search_term_string}"},"query-input":{"@type":"PropertyValueSpecification","valueRequired":true,"valueName":"search_term_string"}}],"inLanguage":"es"}]}},"_links":{"self":[{"href":"https:\/\/www.escolatrac.com\/es\/wp-json\/wp\/v2\/curso_infant\/3605","targetHints":{"allow":["GET"]}}],"collection":[{"href":"https:\/\/www.escolatrac.com\/es\/wp-json\/wp\/v2\/curso_infant"}],"about":[{"href":"https:\/\/www.escolatrac.com\/es\/wp-json\/wp\/v2\/types\/curso_infant"}],"version-history":[{"count":13,"href":"https:\/\/www.escolatrac.com\/es\/wp-json\/wp\/v2\/curso_infant\/3605\/revisions"}],"predecessor-version":[{"id":21259,"href":"https:\/\/www.escolatrac.com\/es\/wp-json\/wp\/v2\/curso_infant\/3605\/revisions\/21259"}],"wp:attachment":[{"href":"https:\/\/www.escolatrac.com\/es\/wp-json\/wp\/v2\/media?parent=3605"}],"wp:term":[{"taxonomy":"infant_types","embeddable":true,"href":"https:\/\/www.escolatrac.com\/es\/wp-json\/wp\/v2\/infant_types?post=3605"}],"curies":[{"name":"wp","href":"https:\/\/api.w.org\/{rel}","templated":true}]}}